{"id":727,"date":"2018-12-18T10:18:13","date_gmt":"2018-12-18T09:18:13","guid":{"rendered":"https:\/\/www.campinglesplatanesardeche.com\/camping\/"},"modified":"2026-01-07T13:46:05","modified_gmt":"2026-01-07T12:46:05","slug":"campingplatz","status":"publish","type":"page","link":"https:\/\/www.campinglesplatanesardeche.com\/de\/campingplatz\/","title":{"rendered":"Camping-Stellpl\u00e4tze"},"content":{"rendered":"<p><div class=\"fusion-fullwidth fullwidth-box fusion-builder-row-1 nonhundred-percent-fullwidth non-hundred-percent-height-scrolling\" style=\"--awb-border-radius-top-left:0px;--awb-border-radius-top-right:0px;--awb-border-radius-bottom-right:0px;--awb-border-radius-bottom-left:0px;--awb-flex-wrap:wrap;\" ><div class=\"fusion-builder-row fusion-row\"><div class=\"fusion-layout-column fusion_builder_column fusion-builder-column-0 fusion_builder_column_1_1 1_1 fusion-one-full fusion-column-first fusion-column-last\" style=\"--awb-bg-size:cover;\"><div class=\"fusion-column-wrapper fusion-flex-column-wrapper-legacy\"><div class=\"fusion-title title fusion-title-1 fusion-title-center fusion-title-text fusion-title-size-one\"><div class=\"title-sep-container title-sep-container-left\"><div class=\"title-sep sep-single sep-solid\" style=\"border-color:#e0dede;\"><\/div><\/div><span class=\"awb-title-spacer\"><\/span><h1 class=\"fusion-title-heading title-heading-center\" style=\"margin:0;\"><span class=\"nd\">Famili\u00e4re und gesellige<\/span> Campingplatz Ard\u00e8che: Pr\u00e4sentation<\/h1><span class=\"awb-title-spacer\"><\/span><div class=\"title-sep-container title-sep-container-right\"><div class=\"title-sep sep-single sep-solid\" style=\"border-color:#e0dede;\"><\/div><\/div><\/div><div class=\"fusion-clearfix\"><\/div><\/div><\/div><div class=\"fusion-layout-column fusion_builder_column fusion-builder-column-1 fusion_builder_column_3_5 3_5 fusion-three-fifth fusion-column-first\" style=\"--awb-bg-size:cover;width:60%;width:calc(60% - ( ( 30px ) * 0.6 ) );margin-right: 30px;\"><div class=\"fusion-column-wrapper fusion-flex-column-wrapper-legacy\"><div class=\"fusion-text fusion-text-1\"><p>Unser <strong>Campingplatz in der Ard\u00e8che<\/strong> liegt inmitten der Schluchten <strong>Gorges de \u201eLa Beaume\u201c <\/strong> im S\u00fcden der Region und wird Euch in der Mittagssonne mit dem Gesang der Zikaden empfangen.<br \/>\nW\u00e4hrend Eurer <strong>Ferien in der Ard\u00e8che<\/strong> habt Ihr eine wundersch\u00f6ne Aussicht auf eine fantastische Landschaft: <strong>den Fluss<\/strong>, <strong>Weinberge<\/strong> und 100 Meter hohen <strong>Kalkfelsen<\/strong>.<\/p>\n<p>Vom Campingplatz f\u00fchren viele Zug\u00e4nge zum <strong>Flu\u03b2<\/strong> und zu <strong>Badeecken<\/strong>.<\/p>\n<p>Die <a href=\"https:\/\/www.campinglesplatanesardeche.com\/de\/mobilheime\/\"><strong>Einrichtungen<\/strong><\/a>, die wir Ihnen anbieten, haben eine <strong>\u00fcberdachte Terrasse<\/strong> mit Holztischen f. <strong>Picknicks<\/strong>.<\/p>\n<p>Sie sind ausgestattet mit Sanit\u00e4ranlagen (Dusche, Waschgelegenheit und separatem WC), einer Kochnische mit K\u00fchlschrank, Gaskocher, Mikrowelle und Geschirrsp\u00fcler sowie Kopfkissen, Federbett, Decken, Tisch, St\u00fchle und Elektroheizung.<\/p>\n<\/div><div class=\"fusion-clearfix\"><\/div><\/div><\/div><div class=\"fusion-layout-column fusion_builder_column fusion-builder-column-2 fusion_builder_column_2_5 2_5 fusion-two-fifth fusion-column-last\" style=\"--awb-bg-size:cover;width:40%;width:calc(40% - ( ( 30px ) * 0.4 ) );\"><div class=\"fusion-column-wrapper fusion-flex-column-wrapper-legacy\"><div class=\"fusion-image-element fusion-image-align-center in-legacy-container\" style=\"text-align:center;--awb-caption-title-font-family:var(--h2_typography-font-family);--awb-caption-title-font-weight:var(--h2_typography-font-weight);--awb-caption-title-font-style:var(--h2_typography-font-style);--awb-caption-title-size:var(--h2_typography-font-size);--awb-caption-title-transform:var(--h2_typography-text-transform);--awb-caption-title-line-height:var(--h2_typography-line-height);--awb-caption-title-letter-spacing:var(--h2_typography-letter-spacing);\"><div class=\"imageframe-align-center\"><span class=\" fusion-imageframe imageframe-none imageframe-1 hover-type-none camping\"><a href=\"https:\/\/www.campinglesplatanesardeche.com\/wp-content\/uploads\/Panorama4.jpg\" class=\"fusion-lightbox\" data-rel=\"iLightbox[camping]\" data-title=\"Der Campingplatz\" title=\"Der Campingplatz\"><img decoding=\"async\" width=\"600\" height=\"300\" alt=\"Der Campingplatz\" src=\"data:image\/svg+xml,%3Csvg%20xmlns%3D%27http%3A%2F%2Fwww.w3.org%2F2000%2Fsvg%27%20width%3D%271200%27%20height%3D%27570%27%20viewBox%3D%270%200%201200%20570%27%3E%3Crect%20width%3D%271200%27%20height%3D%27570%27%20fill-opacity%3D%220%22%2F%3E%3C%2Fsvg%3E\" data-orig-src=\"https:\/\/www.campinglesplatanesardeche.com\/wp-content\/uploads\/Panorama4-600x300.jpg\" class=\"lazyload img-responsive wp-image-884\"\/><\/a><\/span><\/div><\/div><div class=\"fusion-clearfix\"><\/div><\/div><\/div><\/div><\/div><div class=\"fusion-fullwidth fullwidth-box fusion-builder-row-2 nonhundred-percent-fullwidth non-hundred-percent-height-scrolling\" style=\"--awb-border-radius-top-left:0px;--awb-border-radius-top-right:0px;--awb-border-radius-bottom-right:0px;--awb-border-radius-bottom-left:0px;--awb-flex-wrap:wrap;\" ><div class=\"fusion-builder-row fusion-row\"><div class=\"fusion-layout-column fusion_builder_column fusion-builder-column-3 fusion_builder_column_1_2 1_2 fusion-one-half fusion-column-first\" style=\"--awb-bg-size:cover;width:50%;width:calc(50% - ( ( 30px ) * 0.5 ) );margin-right: 30px;\"><div class=\"fusion-column-wrapper fusion-flex-column-wrapper-legacy\"><div class=\"fusion-title title fusion-title-2 fusion-title-text fusion-title-size-two\"><h2 class=\"fusion-title-heading title-heading-left\" style=\"margin:0;\">Stellpl\u00e4tze<span class=\"stitle\">f\u00fcr Zelte, Wohnwagen und Wohnmobile (4-Sterne-Bewertung \u2013 C07-018579-004)<\/span><\/h2><span class=\"awb-title-spacer\"><\/span><div class=\"title-sep-container\"><div class=\"title-sep sep-single sep-solid\" style=\"border-color:#e0dede;\"><\/div><\/div><\/div><div class=\"fusion-text fusion-text-2\"><p>Unsere <strong>Stellpl\u00e4tze<\/strong>\u00a0haben eine Gr\u00f6\u03b2e von 100-200qm. Sie k\u00f6nnen Zelte, Caravan und Fahrzeuge ohne Probleme aufstellen.<\/p>\n<p>Eine gesch\u00fctzte Natur und Ferien, die Entspannung und Ruhe entsprechen: <strong>Elektroanschlu\u03b2<\/strong> ist m\u00f6glich (Verl\u00e4ngerungskabel bitte mitbringen). <strong>Teinige Stellpl\u00e4tze haben direkten Zugang zum Flu\u03b2<\/strong>.<\/p>\n<\/div><div class=\"fusion-clearfix\"><\/div><\/div><\/div><div class=\"fusion-layout-column fusion_builder_column fusion-builder-column-4 fusion_builder_column_1_2 1_2 fusion-one-half fusion-column-last\" style=\"--awb-bg-size:cover;width:50%;width:calc(50% - ( ( 30px ) * 0.5 ) );\"><div class=\"fusion-column-wrapper fusion-flex-column-wrapper-legacy\"><div class=\"fusion-title title fusion-title-3 fusion-title-text fusion-title-size-two\"><h2 class=\"fusion-title-heading title-heading-left\" style=\"margin:0;\">Campingplatz Tiere erlaubt<\/h2><span class=\"awb-title-spacer\"><\/span><div class=\"title-sep-container\"><div class=\"title-sep sep-single sep-solid\" style=\"border-color:#e0dede;\"><\/div><\/div><\/div><div class=\"fusion-text fusion-text-3\"><p>Auf den <strong>Stellpl\u00e4tzen der Campingpl\u00e4tze<\/strong> sind Eure Freunde auf vier Pfoten herzlich willkommen\u00a0!<\/p>\n<p>Impf-und Gesundheitsatteste m\u00fcssen bei der Ankunft vorgelegt werden (Erla\u03b2 der Pr\u00e4fektur von 1995).<\/p>\n<p>Auf dem Campingplatz m\u00fcssen Tiere angeleint sein.<\/p>\n<\/div><div class=\"fusion-clearfix\"><\/div><\/div><\/div><div class=\"fusion-layout-column fusion_builder_column fusion-builder-column-5 fusion_builder_column_1_4 1_4 fusion-one-fourth fusion-column-first\" style=\"--awb-bg-size:cover;width:25%;width:calc(25% - ( ( 5px + 5px + 5px ) * 0.25 ) );margin-right: 5px;\"><div class=\"fusion-column-wrapper fusion-flex-column-wrapper-legacy\"><div class=\"fusion-image-element fusion-image-align-center in-legacy-container\" style=\"text-align:center;--awb-caption-title-font-family:var(--h2_typography-font-family);--awb-caption-title-font-weight:var(--h2_typography-font-weight);--awb-caption-title-font-style:var(--h2_typography-font-style);--awb-caption-title-size:var(--h2_typography-font-size);--awb-caption-title-transform:var(--h2_typography-text-transform);--awb-caption-title-line-height:var(--h2_typography-line-height);--awb-caption-title-letter-spacing:var(--h2_typography-letter-spacing);\"><div class=\"imageframe-align-center\"><span class=\" fusion-imageframe imageframe-none imageframe-2 hover-type-none\"><a href=\"https:\/\/www.campinglesplatanesardeche.com\/wp-content\/uploads\/emplacements3.jpg\" class=\"fusion-lightbox\" data-rel=\"iLightbox[camping]\" data-title=\"Stellpl\u00e4tze des Campingplatzes\" title=\"Stellpl\u00e4tze des Campingplatzes\"><img decoding=\"async\" width=\"600\" height=\"400\" alt=\"Stellpl\u00e4tze des Campingplatzes\" src=\"https:\/\/www.campinglesplatanesardeche.com\/wp-content\/uploads\/emplacements3.jpg\" data-orig-src=\"https:\/\/www.campinglesplatanesardeche.com\/wp-content\/uploads\/emplacements3-600x400.jpg\" class=\"lazyload img-responsive wp-image-1155\" srcset=\"data:image\/svg+xml,%3Csvg%20xmlns%3D%27http%3A%2F%2Fwww.w3.org%2F2000%2Fsvg%27%20width%3D%271200%27%20height%3D%27800%27%20viewBox%3D%270%200%201200%20800%27%3E%3Crect%20width%3D%271200%27%20height%3D%27800%27%20fill-opacity%3D%220%22%2F%3E%3C%2Fsvg%3E\" data-srcset=\"https:\/\/www.campinglesplatanesardeche.com\/wp-content\/uploads\/emplacements3-200x133.jpg 200w, https:\/\/www.campinglesplatanesardeche.com\/wp-content\/uploads\/emplacements3-400x267.jpg 400w, https:\/\/www.campinglesplatanesardeche.com\/wp-content\/uploads\/emplacements3-600x400.jpg 600w, https:\/\/www.campinglesplatanesardeche.com\/wp-content\/uploads\/emplacements3-800x533.jpg 800w, https:\/\/www.campinglesplatanesardeche.com\/wp-content\/uploads\/emplacements3.jpg 1200w\" data-sizes=\"auto\" data-orig-sizes=\"(max-width: 900px) 100vw, 400px\" \/><\/a><\/span><\/div><\/div><div class=\"fusion-clearfix\"><\/div><\/div><\/div><div class=\"fusion-layout-column fusion_builder_column fusion-builder-column-6 fusion_builder_column_1_4 1_4 fusion-one-fourth\" style=\"--awb-bg-size:cover;width:25%;width:calc(25% - ( ( 5px + 5px + 5px ) * 0.25 ) );margin-right: 5px;\"><div class=\"fusion-column-wrapper fusion-flex-column-wrapper-legacy\"><div class=\"fusion-image-element fusion-image-align-center in-legacy-container\" style=\"text-align:center;--awb-caption-title-font-family:var(--h2_typography-font-family);--awb-caption-title-font-weight:var(--h2_typography-font-weight);--awb-caption-title-font-style:var(--h2_typography-font-style);--awb-caption-title-size:var(--h2_typography-font-size);--awb-caption-title-transform:var(--h2_typography-text-transform);--awb-caption-title-line-height:var(--h2_typography-line-height);--awb-caption-title-letter-spacing:var(--h2_typography-letter-spacing);\"><div class=\"imageframe-align-center\"><span class=\" fusion-imageframe imageframe-none imageframe-3 hover-type-none\"><a href=\"https:\/\/www.campinglesplatanesardeche.com\/wp-content\/uploads\/emplacements4.jpg\" class=\"fusion-lightbox\" data-rel=\"iLightbox[camping]\" data-title=\"Stellpl\u00e4tze des Campingplatzes\" title=\"Stellpl\u00e4tze des Campingplatzes\"><img decoding=\"async\" width=\"600\" height=\"400\" alt=\"Stellpl\u00e4tze des Campingplatzes\" src=\"https:\/\/www.campinglesplatanesardeche.com\/wp-content\/uploads\/emplacements4.jpg\" data-orig-src=\"https:\/\/www.campinglesplatanesardeche.com\/wp-content\/uploads\/emplacements4-600x400.jpg\" class=\"lazyload img-responsive wp-image-1159\" srcset=\"data:image\/svg+xml,%3Csvg%20xmlns%3D%27http%3A%2F%2Fwww.w3.org%2F2000%2Fsvg%27%20width%3D%271200%27%20height%3D%27800%27%20viewBox%3D%270%200%201200%20800%27%3E%3Crect%20width%3D%271200%27%20height%3D%27800%27%20fill-opacity%3D%220%22%2F%3E%3C%2Fsvg%3E\" data-srcset=\"https:\/\/www.campinglesplatanesardeche.com\/wp-content\/uploads\/emplacements4-200x133.jpg 200w, https:\/\/www.campinglesplatanesardeche.com\/wp-content\/uploads\/emplacements4-400x267.jpg 400w, https:\/\/www.campinglesplatanesardeche.com\/wp-content\/uploads\/emplacements4-600x400.jpg 600w, https:\/\/www.campinglesplatanesardeche.com\/wp-content\/uploads\/emplacements4-800x533.jpg 800w, https:\/\/www.campinglesplatanesardeche.com\/wp-content\/uploads\/emplacements4.jpg 1200w\" data-sizes=\"auto\" data-orig-sizes=\"(max-width: 900px) 100vw, 400px\" \/><\/a><\/span><\/div><\/div><div class=\"fusion-clearfix\"><\/div><\/div><\/div><div class=\"fusion-layout-column fusion_builder_column fusion-builder-column-7 fusion_builder_column_1_4 1_4 fusion-one-fourth\" style=\"--awb-bg-size:cover;width:25%;width:calc(25% - ( ( 5px + 5px + 5px ) * 0.25 ) );margin-right: 5px;\"><div class=\"fusion-column-wrapper fusion-flex-column-wrapper-legacy\"><div class=\"fusion-image-element fusion-image-align-center in-legacy-container\" style=\"text-align:center;--awb-caption-title-font-family:var(--h2_typography-font-family);--awb-caption-title-font-weight:var(--h2_typography-font-weight);--awb-caption-title-font-style:var(--h2_typography-font-style);--awb-caption-title-size:var(--h2_typography-font-size);--awb-caption-title-transform:var(--h2_typography-text-transform);--awb-caption-title-line-height:var(--h2_typography-line-height);--awb-caption-title-letter-spacing:var(--h2_typography-letter-spacing);\"><div class=\"imageframe-align-center\"><span class=\" fusion-imageframe imageframe-none imageframe-4 hover-type-none\"><a href=\"https:\/\/www.campinglesplatanesardeche.com\/wp-content\/uploads\/emplacements5.jpg\" class=\"fusion-lightbox\" data-rel=\"iLightbox[camping]\" data-title=\"Stellpl\u00e4tze des Campingplatzes\" title=\"Stellpl\u00e4tze des Campingplatzes\"><img decoding=\"async\" width=\"600\" height=\"400\" alt=\"Stellpl\u00e4tze des Campingplatzes\" src=\"https:\/\/www.campinglesplatanesardeche.com\/wp-content\/uploads\/emplacements5.jpg\" data-orig-src=\"https:\/\/www.campinglesplatanesardeche.com\/wp-content\/uploads\/emplacements5-600x400.jpg\" class=\"lazyload img-responsive wp-image-1163\" srcset=\"data:image\/svg+xml,%3Csvg%20xmlns%3D%27http%3A%2F%2Fwww.w3.org%2F2000%2Fsvg%27%20width%3D%271200%27%20height%3D%27800%27%20viewBox%3D%270%200%201200%20800%27%3E%3Crect%20width%3D%271200%27%20height%3D%27800%27%20fill-opacity%3D%220%22%2F%3E%3C%2Fsvg%3E\" data-srcset=\"https:\/\/www.campinglesplatanesardeche.com\/wp-content\/uploads\/emplacements5-200x133.jpg 200w, https:\/\/www.campinglesplatanesardeche.com\/wp-content\/uploads\/emplacements5-400x267.jpg 400w, https:\/\/www.campinglesplatanesardeche.com\/wp-content\/uploads\/emplacements5-600x400.jpg 600w, https:\/\/www.campinglesplatanesardeche.com\/wp-content\/uploads\/emplacements5-800x533.jpg 800w, https:\/\/www.campinglesplatanesardeche.com\/wp-content\/uploads\/emplacements5.jpg 1200w\" data-sizes=\"auto\" data-orig-sizes=\"(max-width: 900px) 100vw, 400px\" \/><\/a><\/span><\/div><\/div><div class=\"fusion-clearfix\"><\/div><\/div><\/div><div class=\"fusion-layout-column fusion_builder_column fusion-builder-column-8 fusion_builder_column_1_4 1_4 fusion-one-fourth fusion-column-last\" style=\"--awb-bg-size:cover;width:25%;width:calc(25% - ( ( 5px + 5px + 5px ) * 0.25 ) );\"><div class=\"fusion-column-wrapper fusion-flex-column-wrapper-legacy\"><div class=\"fusion-image-element fusion-image-align-center in-legacy-container\" style=\"text-align:center;--awb-caption-title-font-family:var(--h2_typography-font-family);--awb-caption-title-font-weight:var(--h2_typography-font-weight);--awb-caption-title-font-style:var(--h2_typography-font-style);--awb-caption-title-size:var(--h2_typography-font-size);--awb-caption-title-transform:var(--h2_typography-text-transform);--awb-caption-title-line-height:var(--h2_typography-line-height);--awb-caption-title-letter-spacing:var(--h2_typography-letter-spacing);\"><div class=\"imageframe-align-center\"><span class=\" fusion-imageframe imageframe-none imageframe-5 hover-type-none\"><a href=\"https:\/\/www.campinglesplatanesardeche.com\/wp-content\/uploads\/emplacements6.jpg\" class=\"fusion-lightbox\" data-rel=\"iLightbox[camping]\" data-title=\"Stellpl\u00e4tze des Campingplatzes\" title=\"Stellpl\u00e4tze des Campingplatzes\"><img decoding=\"async\" width=\"600\" height=\"400\" alt=\"Stellpl\u00e4tze des Campingplatzes\" src=\"https:\/\/www.campinglesplatanesardeche.com\/wp-content\/uploads\/emplacements6.jpg\" data-orig-src=\"https:\/\/www.campinglesplatanesardeche.com\/wp-content\/uploads\/emplacements6-600x400.jpg\" class=\"lazyload img-responsive wp-image-1167\" srcset=\"data:image\/svg+xml,%3Csvg%20xmlns%3D%27http%3A%2F%2Fwww.w3.org%2F2000%2Fsvg%27%20width%3D%271200%27%20height%3D%27800%27%20viewBox%3D%270%200%201200%20800%27%3E%3Crect%20width%3D%271200%27%20height%3D%27800%27%20fill-opacity%3D%220%22%2F%3E%3C%2Fsvg%3E\" data-srcset=\"https:\/\/www.campinglesplatanesardeche.com\/wp-content\/uploads\/emplacements6-200x133.jpg 200w, https:\/\/www.campinglesplatanesardeche.com\/wp-content\/uploads\/emplacements6-400x267.jpg 400w, https:\/\/www.campinglesplatanesardeche.com\/wp-content\/uploads\/emplacements6-600x400.jpg 600w, https:\/\/www.campinglesplatanesardeche.com\/wp-content\/uploads\/emplacements6-800x533.jpg 800w, https:\/\/www.campinglesplatanesardeche.com\/wp-content\/uploads\/emplacements6.jpg 1200w\" data-sizes=\"auto\" data-orig-sizes=\"(max-width: 900px) 100vw, 400px\" \/><\/a><\/span><\/div><\/div><div class=\"fusion-clearfix\"><\/div><\/div><\/div><div class=\"fusion-layout-column fusion_builder_column fusion-builder-column-9 fusion_builder_column_1_4 1_4 fusion-one-fourth fusion-column-first\" style=\"--awb-bg-size:cover;width:25%;width:calc(25% - ( ( 5px + 5px + 5px ) * 0.25 ) );margin-right: 5px;\"><div class=\"fusion-column-wrapper fusion-flex-column-wrapper-legacy\"><div class=\"fusion-image-element fusion-image-align-center in-legacy-container\" style=\"text-align:center;--awb-caption-title-font-family:var(--h2_typography-font-family);--awb-caption-title-font-weight:var(--h2_typography-font-weight);--awb-caption-title-font-style:var(--h2_typography-font-style);--awb-caption-title-size:var(--h2_typography-font-size);--awb-caption-title-transform:var(--h2_typography-text-transform);--awb-caption-title-line-height:var(--h2_typography-line-height);--awb-caption-title-letter-spacing:var(--h2_typography-letter-spacing);\"><div class=\"imageframe-align-center\"><span class=\" fusion-imageframe imageframe-none imageframe-6 hover-type-none\"><a href=\"https:\/\/www.campinglesplatanesardeche.com\/wp-content\/uploads\/emplacements7.jpg\" class=\"fusion-lightbox\" data-rel=\"iLightbox[camping]\" data-title=\"Stellpl\u00e4tze des Campingplatzes\" title=\"Stellpl\u00e4tze des Campingplatzes\"><img decoding=\"async\" width=\"600\" height=\"400\" alt=\"Stellpl\u00e4tze des Campingplatzes\" src=\"https:\/\/www.campinglesplatanesardeche.com\/wp-content\/uploads\/emplacements7.jpg\" data-orig-src=\"https:\/\/www.campinglesplatanesardeche.com\/wp-content\/uploads\/emplacements7-600x400.jpg\" class=\"lazyload img-responsive wp-image-1171\" srcset=\"data:image\/svg+xml,%3Csvg%20xmlns%3D%27http%3A%2F%2Fwww.w3.org%2F2000%2Fsvg%27%20width%3D%271200%27%20height%3D%27800%27%20viewBox%3D%270%200%201200%20800%27%3E%3Crect%20width%3D%271200%27%20height%3D%27800%27%20fill-opacity%3D%220%22%2F%3E%3C%2Fsvg%3E\" data-srcset=\"https:\/\/www.campinglesplatanesardeche.com\/wp-content\/uploads\/emplacements7-200x133.jpg 200w, https:\/\/www.campinglesplatanesardeche.com\/wp-content\/uploads\/emplacements7-400x267.jpg 400w, https:\/\/www.campinglesplatanesardeche.com\/wp-content\/uploads\/emplacements7-600x400.jpg 600w, https:\/\/www.campinglesplatanesardeche.com\/wp-content\/uploads\/emplacements7-800x533.jpg 800w, https:\/\/www.campinglesplatanesardeche.com\/wp-content\/uploads\/emplacements7.jpg 1200w\" data-sizes=\"auto\" data-orig-sizes=\"(max-width: 900px) 100vw, 400px\" \/><\/a><\/span><\/div><\/div><div class=\"fusion-clearfix\"><\/div><\/div><\/div><div class=\"fusion-layout-column fusion_builder_column fusion-builder-column-10 fusion_builder_column_1_4 1_4 fusion-one-fourth\" style=\"--awb-bg-size:cover;width:25%;width:calc(25% - ( ( 5px + 5px + 5px ) * 0.25 ) );margin-right: 5px;\"><div class=\"fusion-column-wrapper fusion-flex-column-wrapper-legacy\"><div class=\"fusion-image-element fusion-image-align-center in-legacy-container\" style=\"text-align:center;--awb-caption-title-font-family:var(--h2_typography-font-family);--awb-caption-title-font-weight:var(--h2_typography-font-weight);--awb-caption-title-font-style:var(--h2_typography-font-style);--awb-caption-title-size:var(--h2_typography-font-size);--awb-caption-title-transform:var(--h2_typography-text-transform);--awb-caption-title-line-height:var(--h2_typography-line-height);--awb-caption-title-letter-spacing:var(--h2_typography-letter-spacing);\"><div class=\"imageframe-align-center\"><span class=\" fusion-imageframe imageframe-none imageframe-7 hover-type-none\"><a href=\"https:\/\/www.campinglesplatanesardeche.com\/wp-content\/uploads\/emplacements8.jpg\" class=\"fusion-lightbox\" data-rel=\"iLightbox[camping]\" data-title=\"Stellpl\u00e4tze des Campingplatzes\" title=\"Stellpl\u00e4tze des Campingplatzes\"><img decoding=\"async\" width=\"600\" height=\"400\" alt=\"Stellpl\u00e4tze des Campingplatzes\" src=\"https:\/\/www.campinglesplatanesardeche.com\/wp-content\/uploads\/emplacements8.jpg\" data-orig-src=\"https:\/\/www.campinglesplatanesardeche.com\/wp-content\/uploads\/emplacements8-600x400.jpg\" class=\"lazyload img-responsive wp-image-1175\" srcset=\"data:image\/svg+xml,%3Csvg%20xmlns%3D%27http%3A%2F%2Fwww.w3.org%2F2000%2Fsvg%27%20width%3D%271200%27%20height%3D%27800%27%20viewBox%3D%270%200%201200%20800%27%3E%3Crect%20width%3D%271200%27%20height%3D%27800%27%20fill-opacity%3D%220%22%2F%3E%3C%2Fsvg%3E\" data-srcset=\"https:\/\/www.campinglesplatanesardeche.com\/wp-content\/uploads\/emplacements8-200x133.jpg 200w, https:\/\/www.campinglesplatanesardeche.com\/wp-content\/uploads\/emplacements8-400x267.jpg 400w, https:\/\/www.campinglesplatanesardeche.com\/wp-content\/uploads\/emplacements8-600x400.jpg 600w, https:\/\/www.campinglesplatanesardeche.com\/wp-content\/uploads\/emplacements8-800x533.jpg 800w, https:\/\/www.campinglesplatanesardeche.com\/wp-content\/uploads\/emplacements8.jpg 1200w\" data-sizes=\"auto\" data-orig-sizes=\"(max-width: 900px) 100vw, 400px\" \/><\/a><\/span><\/div><\/div><div class=\"fusion-clearfix\"><\/div><\/div><\/div><div class=\"fusion-layout-column fusion_builder_column fusion-builder-column-11 fusion_builder_column_1_4 1_4 fusion-one-fourth\" style=\"--awb-bg-size:cover;width:25%;width:calc(25% - ( ( 5px + 5px + 5px ) * 0.25 ) );margin-right: 5px;\"><div class=\"fusion-column-wrapper fusion-flex-column-wrapper-legacy\"><div class=\"fusion-image-element fusion-image-align-center in-legacy-container\" style=\"text-align:center;--awb-caption-title-font-family:var(--h2_typography-font-family);--awb-caption-title-font-weight:var(--h2_typography-font-weight);--awb-caption-title-font-style:var(--h2_typography-font-style);--awb-caption-title-size:var(--h2_typography-font-size);--awb-caption-title-transform:var(--h2_typography-text-transform);--awb-caption-title-line-height:var(--h2_typography-line-height);--awb-caption-title-letter-spacing:var(--h2_typography-letter-spacing);\"><div class=\"imageframe-align-center\"><span class=\" fusion-imageframe imageframe-none imageframe-8 hover-type-none\"><a href=\"https:\/\/www.campinglesplatanesardeche.com\/wp-content\/uploads\/emplacements9.jpg\" class=\"fusion-lightbox\" data-rel=\"iLightbox[camping]\" data-title=\"Stellpl\u00e4tze des Campingplatzes\" title=\"Stellpl\u00e4tze des Campingplatzes\"><img decoding=\"async\" width=\"600\" height=\"400\" alt=\"Stellpl\u00e4tze des Campingplatzes\" src=\"https:\/\/www.campinglesplatanesardeche.com\/wp-content\/uploads\/emplacements9.jpg\" data-orig-src=\"https:\/\/www.campinglesplatanesardeche.com\/wp-content\/uploads\/emplacements9-600x400.jpg\" class=\"lazyload img-responsive wp-image-1179\" srcset=\"data:image\/svg+xml,%3Csvg%20xmlns%3D%27http%3A%2F%2Fwww.w3.org%2F2000%2Fsvg%27%20width%3D%271200%27%20height%3D%27800%27%20viewBox%3D%270%200%201200%20800%27%3E%3Crect%20width%3D%271200%27%20height%3D%27800%27%20fill-opacity%3D%220%22%2F%3E%3C%2Fsvg%3E\" data-srcset=\"https:\/\/www.campinglesplatanesardeche.com\/wp-content\/uploads\/emplacements9-200x133.jpg 200w, https:\/\/www.campinglesplatanesardeche.com\/wp-content\/uploads\/emplacements9-400x267.jpg 400w, https:\/\/www.campinglesplatanesardeche.com\/wp-content\/uploads\/emplacements9-600x400.jpg 600w, https:\/\/www.campinglesplatanesardeche.com\/wp-content\/uploads\/emplacements9-800x533.jpg 800w, https:\/\/www.campinglesplatanesardeche.com\/wp-content\/uploads\/emplacements9.jpg 1200w\" data-sizes=\"auto\" data-orig-sizes=\"(max-width: 900px) 100vw, 400px\" \/><\/a><\/span><\/div><\/div><div class=\"fusion-clearfix\"><\/div><\/div><\/div><div class=\"fusion-layout-column fusion_builder_column fusion-builder-column-12 fusion_builder_column_1_4 1_4 fusion-one-fourth fusion-column-last\" style=\"--awb-bg-size:cover;width:25%;width:calc(25% - ( ( 5px + 5px + 5px ) * 0.25 ) );\"><div class=\"fusion-column-wrapper fusion-flex-column-wrapper-legacy\"><div class=\"fusion-image-element fusion-image-align-center in-legacy-container\" style=\"text-align:center;--awb-caption-title-font-family:var(--h2_typography-font-family);--awb-caption-title-font-weight:var(--h2_typography-font-weight);--awb-caption-title-font-style:var(--h2_typography-font-style);--awb-caption-title-size:var(--h2_typography-font-size);--awb-caption-title-transform:var(--h2_typography-text-transform);--awb-caption-title-line-height:var(--h2_typography-line-height);--awb-caption-title-letter-spacing:var(--h2_typography-letter-spacing);\"><div class=\"imageframe-align-center\"><span class=\" fusion-imageframe imageframe-none imageframe-9 hover-type-none\"><a href=\"https:\/\/www.campinglesplatanesardeche.com\/wp-content\/uploads\/emplacements10.jpg\" class=\"fusion-lightbox\" data-rel=\"iLightbox[camping]\" data-title=\"Stellpl\u00e4tze des Campingplatzes\" title=\"Stellpl\u00e4tze des Campingplatzes\"><img decoding=\"async\" width=\"600\" height=\"400\" alt=\"Stellpl\u00e4tze des Campingplatzes\" src=\"https:\/\/www.campinglesplatanesardeche.com\/wp-content\/uploads\/emplacements10.jpg\" data-orig-src=\"https:\/\/www.campinglesplatanesardeche.com\/wp-content\/uploads\/emplacements10-600x400.jpg\" class=\"lazyload img-responsive wp-image-1183\" srcset=\"data:image\/svg+xml,%3Csvg%20xmlns%3D%27http%3A%2F%2Fwww.w3.org%2F2000%2Fsvg%27%20width%3D%271200%27%20height%3D%27800%27%20viewBox%3D%270%200%201200%20800%27%3E%3Crect%20width%3D%271200%27%20height%3D%27800%27%20fill-opacity%3D%220%22%2F%3E%3C%2Fsvg%3E\" data-srcset=\"https:\/\/www.campinglesplatanesardeche.com\/wp-content\/uploads\/emplacements10-200x133.jpg 200w, https:\/\/www.campinglesplatanesardeche.com\/wp-content\/uploads\/emplacements10-400x267.jpg 400w, https:\/\/www.campinglesplatanesardeche.com\/wp-content\/uploads\/emplacements10-600x400.jpg 600w, https:\/\/www.campinglesplatanesardeche.com\/wp-content\/uploads\/emplacements10-800x533.jpg 800w, https:\/\/www.campinglesplatanesardeche.com\/wp-content\/uploads\/emplacements10.jpg 1200w\" data-sizes=\"auto\" data-orig-sizes=\"(max-width: 900px) 100vw, 400px\" \/><\/a><\/span><\/div><\/div><div class=\"fusion-clearfix\"><\/div><\/div><\/div><div class=\"fusion-layout-column fusion_builder_column fusion-builder-column-13 fusion_builder_column_1_1 1_1 fusion-one-full fusion-column-first fusion-column-last\" style=\"--awb-bg-size:cover;\"><div class=\"fusion-column-wrapper fusion-column-has-shadow fusion-flex-column-wrapper-legacy\">\t\t\t<style>\n            .tresa { color: var(--cl-pistache); font-weight: bold; margin: 15px 0 15px 0 !important; font-size: 20px; border-bottom: 1px solid var(--cl-pistache); background: #899f6a2e; padding: 2px; text-align: center; }\n            <\/style>\n\t\t\t        <div style=\"margin:0 auto; max-width:1200px\">\n        \t<p class=\"tresa\">Ich buche online<\/p>\n\t\t\t<ctv-product-search data-product-id='64306' ><\/ctv-product-search>\t\t<\/div>\n\t\t<div class=\"fusion-clearfix\"><\/div><\/div><\/div><\/div><\/div><\/p>\n","protected":false},"excerpt":{"rendered":"","protected":false},"author":1,"featured_media":1175,"parent":0,"menu_order":0,"comment_status":"closed","ping_status":"closed","template":"","meta":{"footnotes":""},"class_list":["post-727","page","type-page","status-publish","has-post-thumbnail","hentry"],"_links":{"self":[{"href":"https:\/\/www.campinglesplatanesardeche.com\/de\/wp-json\/wp\/v2\/pages\/727","targetHints":{"allow":["GET"]}}],"collection":[{"href":"https:\/\/www.campinglesplatanesardeche.com\/de\/wp-json\/wp\/v2\/pages"}],"about":[{"href":"https:\/\/www.campinglesplatanesardeche.com\/de\/wp-json\/wp\/v2\/types\/page"}],"author":[{"embeddable":true,"href":"https:\/\/www.campinglesplatanesardeche.com\/de\/wp-json\/wp\/v2\/users\/1"}],"replies":[{"embeddable":true,"href":"https:\/\/www.campinglesplatanesardeche.com\/de\/wp-json\/wp\/v2\/comments?post=727"}],"version-history":[{"count":14,"href":"https:\/\/www.campinglesplatanesardeche.com\/de\/wp-json\/wp\/v2\/pages\/727\/revisions"}],"predecessor-version":[{"id":2649,"href":"https:\/\/www.campinglesplatanesardeche.com\/de\/wp-json\/wp\/v2\/pages\/727\/revisions\/2649"}],"wp:featuredmedia":[{"embeddable":true,"href":"https:\/\/www.campinglesplatanesardeche.com\/de\/wp-json\/wp\/v2\/media\/1175"}],"wp:attachment":[{"href":"https:\/\/www.campinglesplatanesardeche.com\/de\/wp-json\/wp\/v2\/media?parent=727"}],"curies":[{"name":"wp","href":"https:\/\/api.w.org\/{rel}","templated":true}]}}