{"id":729,"date":"2018-12-18T10:18:01","date_gmt":"2018-12-18T09:18:01","guid":{"rendered":"https:\/\/www.campinglesplatanesardeche.com\/mobil-homes\/"},"modified":"2025-11-20T16:15:46","modified_gmt":"2025-11-20T15:15:46","slug":"mobilheime","status":"publish","type":"page","link":"https:\/\/www.campinglesplatanesardeche.com\/de\/mobilheime\/","title":{"rendered":"Mobilheime"},"content":{"rendered":"<p><div class=\"fusion-fullwidth fullwidth-box fusion-builder-row-1 nonhundred-percent-fullwidth non-hundred-percent-height-scrolling\" style=\"--awb-border-radius-top-left:0px;--awb-border-radius-top-right:0px;--awb-border-radius-bottom-right:0px;--awb-border-radius-bottom-left:0px;--awb-margin-bottom:30px;--awb-flex-wrap:wrap;\" ><div class=\"fusion-builder-row fusion-row\"><div class=\"fusion-layout-column fusion_builder_column fusion-builder-column-0 fusion_builder_column_1_1 1_1 fusion-one-full fusion-column-first fusion-column-last\" style=\"--awb-bg-size:cover;\"><div class=\"fusion-column-wrapper fusion-flex-column-wrapper-legacy\"><div class=\"fusion-title title fusion-title-1 fusion-title-center fusion-title-text fusion-title-size-one\"><div class=\"title-sep-container title-sep-container-left\"><div class=\"title-sep sep-single sep-solid\" style=\"border-color:#e0dede;\"><\/div><\/div><span class=\"awb-title-spacer\"><\/span><h1 class=\"fusion-title-heading title-heading-center\" style=\"margin:0;\">Vermietung von <span class=\"nd\">klimatisierten Mobilheimen<\/span> in der s\u00fcdlichen Ard\u00e8che<\/h1><span class=\"awb-title-spacer\"><\/span><div class=\"title-sep-container title-sep-container-right\"><div class=\"title-sep sep-single sep-solid\" style=\"border-color:#e0dede;\"><\/div><\/div><\/div><div class=\"fusion-title title fusion-title-2 fusion-title-text fusion-title-size-two\"><h2 class=\"fusion-title-heading title-heading-left\" style=\"margin:0;\">Vermietung von Mobilheimen in der Ard\u00e8che<\/h2><span class=\"awb-title-spacer\"><\/span><div class=\"title-sep-container\"><div class=\"title-sep sep-single sep-solid\" style=\"border-color:#e0dede;\"><\/div><\/div><\/div><div class=\"fusion-clearfix\"><\/div><\/div><\/div><div class=\"fusion-layout-column fusion_builder_column fusion-builder-column-1 fusion_builder_column_3_5 3_5 fusion-three-fifth fusion-column-first\" style=\"--awb-bg-size:cover;width:60%;width:calc(60% - ( ( 30px ) * 0.6 ) );margin-right: 30px;\"><div class=\"fusion-column-wrapper fusion-flex-column-wrapper-legacy\"><div class=\"fusion-text fusion-text-1\"><p>Alle Einrichtungen sind so aufgebaut, dass Sie vom Ausblick auf die Umgebung profitieren. Die Mobilhomes sind mit ihren Terrassen auf die Felsw\u00e4nde der \u201eBEAUME\u201c ausgerichtet.<\/p>\n<p>Der Mietbereich f\u00fcr Mobilheime hat eine 4-Sterne-Klassifizierung <small>(C07-041915-004)<\/small> und ist identisch mit dem Rest des Campingplatzes mit Ger\u00e4tepool.<\/p>\n<p>Die Parzellen sind gro\u03b2er als 100 m\u00b2.<\/p>\n<p>Wir stellen Ihnen mehr Typen der <strong>Mobilheim<\/strong>.<\/p>\n<\/div><div class=\"fusion-clearfix\"><\/div><\/div><\/div><div class=\"fusion-layout-column fusion_builder_column fusion-builder-column-2 fusion_builder_column_2_5 2_5 fusion-two-fifth fusion-column-last\" style=\"--awb-bg-size:cover;width:40%;width:calc(40% - ( ( 30px ) * 0.4 ) );\"><div class=\"fusion-column-wrapper fusion-flex-column-wrapper-legacy\"><div class=\"fusion-image-element fusion-image-align-center in-legacy-container\" style=\"text-align:center;--awb-caption-title-font-family:var(--h2_typography-font-family);--awb-caption-title-font-weight:var(--h2_typography-font-weight);--awb-caption-title-font-style:var(--h2_typography-font-style);--awb-caption-title-size:var(--h2_typography-font-size);--awb-caption-title-transform:var(--h2_typography-text-transform);--awb-caption-title-line-height:var(--h2_typography-line-height);--awb-caption-title-letter-spacing:var(--h2_typography-letter-spacing);\"><div class=\"imageframe-align-center\"><span class=\" fusion-imageframe imageframe-none imageframe-1 hover-type-none\"><a href=\"https:\/\/www.campinglesplatanesardeche.com\/wp-content\/uploads\/mobil-home02.jpg\" class=\"fusion-lightbox\" data-rel=\"iLightbox[4067e4e934d422a4156]\" data-title=\"Mobilheim Ard\u00e8che\" title=\"Mobilheim Ard\u00e8che\"><img decoding=\"async\" width=\"600\" height=\"300\" alt=\"Mobilheim Ard\u00e8che\" src=\"data:image\/svg+xml,%3Csvg%20xmlns%3D%27http%3A%2F%2Fwww.w3.org%2F2000%2Fsvg%27%20width%3D%271200%27%20height%3D%27800%27%20viewBox%3D%270%200%201200%20800%27%3E%3Crect%20width%3D%271200%27%20height%3D%27800%27%20fill-opacity%3D%220%22%2F%3E%3C%2Fsvg%3E\" data-orig-src=\"https:\/\/www.campinglesplatanesardeche.com\/wp-content\/uploads\/mobil-home02-600x300.jpg\" class=\"lazyload img-responsive wp-image-1233\"\/><\/a><\/span><\/div><\/div><div class=\"fusion-clearfix\"><\/div><\/div><\/div><\/div><\/div><div class=\"fusion-fullwidth fullwidth-box fusion-builder-row-2 nonhundred-percent-fullwidth non-hundred-percent-height-scrolling mh-content mh-content-v2\" style=\"--awb-border-radius-top-left:0px;--awb-border-radius-top-right:0px;--awb-border-radius-bottom-right:0px;--awb-border-radius-bottom-left:0px;--awb-margin-bottom:50px;--awb-flex-wrap:wrap;\" ><div class=\"fusion-builder-row fusion-row\"><div class=\"fusion-layout-column fusion_builder_column fusion-builder-column-3 fusion_builder_column_1_1 1_1 fusion-one-full fusion-column-first fusion-column-last\" style=\"--awb-bg-size:cover;--awb-margin-bottom:0px;\"><div class=\"fusion-column-wrapper fusion-flex-column-wrapper-legacy\"><div class=\"fusion-title title fusion-title-3 fusion-title-text fusion-title-size-two\"><h2 class=\"fusion-title-heading title-heading-left\" style=\"margin:0;\">Unsere Mobilheimangebote<\/h2><span class=\"awb-title-spacer\"><\/span><div class=\"title-sep-container\"><div class=\"title-sep sep-single sep-solid\" style=\"border-color:#e0dede;\"><\/div><\/div><\/div><div class=\"fusion-clearfix\"><\/div><\/div><\/div><div class=\"fusion-layout-column fusion_builder_column fusion-builder-column-4 fusion_builder_column_1_4 1_4 fusion-one-fourth fusion-column-first fusion-column-inner-bg-wrapper bloc-mh match-mh page-mh\" style=\"--awb-inner-bg-size:cover;width:25%;width:calc(25% - ( ( 5px + 5px + 5px ) * 0.25 ) );margin-right: 5px;\"><span class=\"fusion-column-inner-bg hover-type-none\"><a class=\"fusion-column-anchor\" href=\"https:\/\/www.campinglesplatanesardeche.com\/de\/mobilheime\/nest-38-2-panorama\/\"><span class=\"fusion-column-inner-bg-image\"><\/span><\/a><\/span><div class=\"fusion-column-wrapper fusion-column-has-shadow fusion-flex-column-wrapper-legacy\"><div class=\"fusion-title title fusion-title-4 fusion-sep-none fusion-title-center fusion-title-text fusion-title-size-three\"><h3 class=\"fusion-title-heading title-heading-center\" style=\"margin:0;\">Nest 38-2 Panoramic <span class=\"nd\">4p.<\/span><\/h3><\/div><div class=\"fusion-image-element fusion-image-align-center in-legacy-container\" style=\"text-align:center;--awb-caption-title-font-family:var(--h2_typography-font-family);--awb-caption-title-font-weight:var(--h2_typography-font-weight);--awb-caption-title-font-style:var(--h2_typography-font-style);--awb-caption-title-size:var(--h2_typography-font-size);--awb-caption-title-transform:var(--h2_typography-text-transform);--awb-caption-title-line-height:var(--h2_typography-line-height);--awb-caption-title-letter-spacing:var(--h2_typography-letter-spacing);\"><div class=\"imageframe-align-center\"><span class=\" fusion-imageframe imageframe-none imageframe-2 hover-type-none\"><img decoding=\"async\" width=\"390\" height=\"162\" alt=\"Mobil-home Nest-38\" title=\"Mobil-home Nest-38\" src=\"https:\/\/www.campinglesplatanesardeche.com\/wp-content\/uploads\/mh-nest-38.jpg\" data-orig-src=\"https:\/\/www.campinglesplatanesardeche.com\/wp-content\/uploads\/mh-nest-38.jpg\" class=\"lazyload img-responsive wp-image-2066\" srcset=\"data:image\/svg+xml,%3Csvg%20xmlns%3D%27http%3A%2F%2Fwww.w3.org%2F2000%2Fsvg%27%20width%3D%27390%27%20height%3D%27162%27%20viewBox%3D%270%200%20390%20162%27%3E%3Crect%20width%3D%27390%27%20height%3D%27162%27%20fill-opacity%3D%220%22%2F%3E%3C%2Fsvg%3E\" data-srcset=\"https:\/\/www.campinglesplatanesardeche.com\/wp-content\/uploads\/mh-nest-38-200x83.jpg 200w, https:\/\/www.campinglesplatanesardeche.com\/wp-content\/uploads\/mh-nest-38.jpg 390w\" data-sizes=\"auto\" data-orig-sizes=\"(max-width: 900px) 100vw, 390px\" \/><\/span><\/div><\/div><div class=\"fusion-text fusion-text-2 descr\"><p style=\"text-align: center;\">2 Schlafzimmer f\u00fcr 4 Personen (30 m\u00b2) mit Terrasse 20 m\u00b2.<\/p>\n<\/div><div class=\"fusion-progressbar bar-personne\" style=\"--awb-textcolor:#888888;--awb-height:30px;--awb-filledcolor:#8dd400;--awb-unfilledcolor:#d8d8d8;--awb-maximum-value-wrapper-width:67%;\"><div class=\"progress-title awb-above-bar awb-align-start\"><span class=\"fusion-progressbar-text\" id=\"awb-progressbar-label-1\">4 Personen<\/span><\/div><div class=\"fusion-progressbar-bar progress-bar\"><div class=\"progress progress-bar-content not-animated\" role=\"progressbar\" aria-labelledby=\"awb-progressbar-label-1\" aria-valuemin=\"0\" aria-valuemax=\"100\" aria-valuenow=\"33\" data-filling-speed=\"600\"><\/div><span class=\"awb-pb-max-value-wrap awb-on-bar\"><span class=\"awb-pb-max-value-text\"><\/span><\/span><\/div><\/div><div class=\"fusion-progressbar bar-chambre\" style=\"--awb-textcolor:#888888;--awb-height:30px;--awb-filledcolor:#8dd400;--awb-unfilledcolor:#d8d8d8;--awb-maximum-value-wrapper-width:50%;\"><div class=\"progress-title awb-above-bar awb-align-start\"><span class=\"fusion-progressbar-text\" id=\"awb-progressbar-label-2\">2 Schlafzimmer<\/span><\/div><div class=\"fusion-progressbar-bar progress-bar\"><div class=\"progress progress-bar-content not-animated\" role=\"progressbar\" aria-labelledby=\"awb-progressbar-label-2\" aria-valuemin=\"0\" aria-valuemax=\"100\" aria-valuenow=\"50\" data-filling-speed=\"600\"><\/div><span class=\"awb-pb-max-value-wrap awb-on-bar\"><span class=\"awb-pb-max-value-text\"><\/span><\/span><\/div><\/div><div class=\"fusion-progressbar bar-surface\" style=\"--awb-textcolor:#888888;--awb-height:30px;--awb-filledcolor:#8dd400;--awb-unfilledcolor:#d8d8d8;--awb-maximum-value-wrapper-width:34%;\"><div class=\"progress-title awb-above-bar awb-align-start\"><span class=\"fusion-progressbar-text\" id=\"awb-progressbar-label-3\">30 m\u00b2<\/span><\/div><div class=\"fusion-progressbar-bar progress-bar\"><div class=\"progress progress-bar-content not-animated\" role=\"progressbar\" aria-labelledby=\"awb-progressbar-label-3\" aria-valuemin=\"0\" aria-valuemax=\"100\" aria-valuenow=\"66\" data-filling-speed=\"600\"><\/div><span class=\"awb-pb-max-value-wrap awb-on-bar\"><span class=\"awb-pb-max-value-text\"><\/span><\/span><\/div><\/div><div class=\"fusion-clearfix\"><\/div><\/div><\/div><div class=\"fusion-layout-column fusion_builder_column fusion-builder-column-5 fusion_builder_column_1_4 1_4 fusion-one-fourth fusion-column-inner-bg-wrapper bloc-mh match-mh page-mh\" style=\"--awb-inner-bg-size:cover;width:25%;width:calc(25% - ( ( 5px + 5px + 5px ) * 0.25 ) );margin-right: 5px;\"><span class=\"fusion-column-inner-bg hover-type-none\"><a class=\"fusion-column-anchor\" href=\"https:\/\/www.campinglesplatanesardeche.com\/de\/mobilheime\/nest-35-2-pmr\/\"><span class=\"fusion-column-inner-bg-image\"><\/span><\/a><\/span><div class=\"fusion-column-wrapper fusion-column-has-shadow fusion-flex-column-wrapper-legacy\"><div class=\"fusion-title title fusion-title-5 fusion-sep-none fusion-title-center fusion-title-text fusion-title-size-three\"><h3 class=\"fusion-title-heading title-heading-center\" style=\"margin:0;\">Nest 35-2 PMR <span class=\"nd\">4p.<\/span><\/h3><\/div><div class=\"fusion-image-element fusion-image-align-center in-legacy-container\" style=\"text-align:center;--awb-caption-title-font-family:var(--h2_typography-font-family);--awb-caption-title-font-weight:var(--h2_typography-font-weight);--awb-caption-title-font-style:var(--h2_typography-font-style);--awb-caption-title-size:var(--h2_typography-font-size);--awb-caption-title-transform:var(--h2_typography-text-transform);--awb-caption-title-line-height:var(--h2_typography-line-height);--awb-caption-title-letter-spacing:var(--h2_typography-letter-spacing);\"><div class=\"imageframe-align-center\"><span class=\" fusion-imageframe imageframe-none imageframe-3 hover-type-none\"><img decoding=\"async\" width=\"390\" height=\"162\" alt=\"Mobil-home Nest-35\" title=\"Mobil-home Nest-35\" src=\"https:\/\/www.campinglesplatanesardeche.com\/wp-content\/uploads\/mh-nest-35.jpg\" data-orig-src=\"https:\/\/www.campinglesplatanesardeche.com\/wp-content\/uploads\/mh-nest-35.jpg\" class=\"lazyload img-responsive wp-image-2070\" srcset=\"data:image\/svg+xml,%3Csvg%20xmlns%3D%27http%3A%2F%2Fwww.w3.org%2F2000%2Fsvg%27%20width%3D%27390%27%20height%3D%27162%27%20viewBox%3D%270%200%20390%20162%27%3E%3Crect%20width%3D%27390%27%20height%3D%27162%27%20fill-opacity%3D%220%22%2F%3E%3C%2Fsvg%3E\" data-srcset=\"https:\/\/www.campinglesplatanesardeche.com\/wp-content\/uploads\/mh-nest-35-200x83.jpg 200w, https:\/\/www.campinglesplatanesardeche.com\/wp-content\/uploads\/mh-nest-35.jpg 390w\" data-sizes=\"auto\" data-orig-sizes=\"(max-width: 900px) 100vw, 390px\" \/><\/span><\/div><\/div><div class=\"fusion-text fusion-text-3 descr\"><p style=\"text-align: center;\">2 Schlafzimmer f\u00fcr 4 Personen (30 m\u00b2) mit Terrasse 20 m\u00b2.<\/p>\n<\/div><div class=\"fusion-progressbar bar-personne\" style=\"--awb-textcolor:#888888;--awb-height:30px;--awb-filledcolor:#8dd400;--awb-unfilledcolor:#d8d8d8;--awb-maximum-value-wrapper-width:67%;\"><div class=\"progress-title awb-above-bar awb-align-start\"><span class=\"fusion-progressbar-text\" id=\"awb-progressbar-label-4\">4 Personen<\/span><\/div><div class=\"fusion-progressbar-bar progress-bar\"><div class=\"progress progress-bar-content not-animated\" role=\"progressbar\" aria-labelledby=\"awb-progressbar-label-4\" aria-valuemin=\"0\" aria-valuemax=\"100\" aria-valuenow=\"33\" data-filling-speed=\"600\"><\/div><span class=\"awb-pb-max-value-wrap awb-on-bar\"><span class=\"awb-pb-max-value-text\"><\/span><\/span><\/div><\/div><div class=\"fusion-progressbar bar-chambre\" style=\"--awb-textcolor:#888888;--awb-height:30px;--awb-filledcolor:#8dd400;--awb-unfilledcolor:#d8d8d8;--awb-maximum-value-wrapper-width:50%;\"><div class=\"progress-title awb-above-bar awb-align-start\"><span class=\"fusion-progressbar-text\" id=\"awb-progressbar-label-5\">2 Schlafzimmer<\/span><\/div><div class=\"fusion-progressbar-bar progress-bar\"><div class=\"progress progress-bar-content not-animated\" role=\"progressbar\" aria-labelledby=\"awb-progressbar-label-5\" aria-valuemin=\"0\" aria-valuemax=\"100\" aria-valuenow=\"50\" data-filling-speed=\"600\"><\/div><span class=\"awb-pb-max-value-wrap awb-on-bar\"><span class=\"awb-pb-max-value-text\"><\/span><\/span><\/div><\/div><div class=\"fusion-progressbar bar-surface\" style=\"--awb-textcolor:#888888;--awb-height:30px;--awb-filledcolor:#8dd400;--awb-unfilledcolor:#d8d8d8;--awb-maximum-value-wrapper-width:34%;\"><div class=\"progress-title awb-above-bar awb-align-start\"><span class=\"fusion-progressbar-text\" id=\"awb-progressbar-label-6\">30 m\u00b2<\/span><\/div><div class=\"fusion-progressbar-bar progress-bar\"><div class=\"progress progress-bar-content not-animated\" role=\"progressbar\" aria-labelledby=\"awb-progressbar-label-6\" aria-valuemin=\"0\" aria-valuemax=\"100\" aria-valuenow=\"66\" data-filling-speed=\"600\"><\/div><span class=\"awb-pb-max-value-wrap awb-on-bar\"><span class=\"awb-pb-max-value-text\"><\/span><\/span><\/div><\/div><div class=\"fusion-clearfix\"><\/div><\/div><\/div><div class=\"fusion-layout-column fusion_builder_column fusion-builder-column-6 fusion_builder_column_1_4 1_4 fusion-one-fourth fusion-column-inner-bg-wrapper bloc-mh match-mh page-mh\" style=\"--awb-inner-bg-size:cover;width:25%;width:calc(25% - ( ( 5px + 5px + 5px ) * 0.25 ) );margin-right: 5px;\"><span class=\"fusion-column-inner-bg hover-type-none\"><a class=\"fusion-column-anchor\" href=\"\/de\/mobilheime\/mediterrannee\/\"><span class=\"fusion-column-inner-bg-image\"><\/span><\/a><\/span><div class=\"fusion-column-wrapper fusion-column-has-shadow fusion-flex-column-wrapper-legacy\"><div class=\"fusion-title title fusion-title-6 fusion-sep-none fusion-title-center fusion-title-text fusion-title-size-three\"><h3 class=\"fusion-title-heading title-heading-center\" style=\"margin:0;\">M\u00e9diterran\u00e9e <span class=\"nd\">4p.<\/span><\/h3><\/div><div class=\"fusion-image-element fusion-image-align-center in-legacy-container\" style=\"text-align:center;--awb-caption-title-font-family:var(--h2_typography-font-family);--awb-caption-title-font-weight:var(--h2_typography-font-weight);--awb-caption-title-font-style:var(--h2_typography-font-style);--awb-caption-title-size:var(--h2_typography-font-size);--awb-caption-title-transform:var(--h2_typography-text-transform);--awb-caption-title-line-height:var(--h2_typography-line-height);--awb-caption-title-letter-spacing:var(--h2_typography-letter-spacing);\"><div class=\"imageframe-align-center\"><span class=\" fusion-imageframe imageframe-none imageframe-4 hover-type-none\"><img decoding=\"async\" width=\"390\" height=\"162\" alt=\"Mobilheim M\u00e9diterran\u00e9e\" title=\"Mobilheim M\u00e9diterran\u00e9e\" src=\"https:\/\/www.campinglesplatanesardeche.com\/wp-content\/uploads\/mh-mediterranee.jpg\" data-orig-src=\"https:\/\/www.campinglesplatanesardeche.com\/wp-content\/uploads\/mh-mediterranee.jpg\" class=\"lazyload img-responsive wp-image-792\" srcset=\"data:image\/svg+xml,%3Csvg%20xmlns%3D%27http%3A%2F%2Fwww.w3.org%2F2000%2Fsvg%27%20width%3D%27390%27%20height%3D%27162%27%20viewBox%3D%270%200%20390%20162%27%3E%3Crect%20width%3D%27390%27%20height%3D%27162%27%20fill-opacity%3D%220%22%2F%3E%3C%2Fsvg%3E\" data-srcset=\"https:\/\/www.campinglesplatanesardeche.com\/wp-content\/uploads\/mh-mediterranee-200x83.jpg 200w, https:\/\/www.campinglesplatanesardeche.com\/wp-content\/uploads\/mh-mediterranee.jpg 390w\" data-sizes=\"auto\" data-orig-sizes=\"(max-width: 900px) 100vw, 390px\" \/><\/span><\/div><\/div><div class=\"fusion-text fusion-text-4 descr\"><p style=\"text-align: center;\">2 Schlafzimmer f\u00fcr 4 Personen (30 m\u00b2) mit Terrasse 20 m\u00b2.<\/p>\n<\/div><div class=\"fusion-progressbar bar-personne\" style=\"--awb-textcolor:#888888;--awb-height:30px;--awb-filledcolor:#8dd400;--awb-unfilledcolor:#d8d8d8;--awb-maximum-value-wrapper-width:67%;\"><div class=\"progress-title awb-above-bar awb-align-start\"><span class=\"fusion-progressbar-text\" id=\"awb-progressbar-label-7\">4 Personen<\/span><\/div><div class=\"fusion-progressbar-bar progress-bar\"><div class=\"progress progress-bar-content not-animated\" role=\"progressbar\" aria-labelledby=\"awb-progressbar-label-7\" aria-valuemin=\"0\" aria-valuemax=\"100\" aria-valuenow=\"33\" data-filling-speed=\"600\"><\/div><span class=\"awb-pb-max-value-wrap awb-on-bar\"><span class=\"awb-pb-max-value-text\"><\/span><\/span><\/div><\/div><div class=\"fusion-progressbar bar-chambre\" style=\"--awb-textcolor:#888888;--awb-height:30px;--awb-filledcolor:#8dd400;--awb-unfilledcolor:#d8d8d8;--awb-maximum-value-wrapper-width:50%;\"><div class=\"progress-title awb-above-bar awb-align-start\"><span class=\"fusion-progressbar-text\" id=\"awb-progressbar-label-8\">2 Schlafzimmer<\/span><\/div><div class=\"fusion-progressbar-bar progress-bar\"><div class=\"progress progress-bar-content not-animated\" role=\"progressbar\" aria-labelledby=\"awb-progressbar-label-8\" aria-valuemin=\"0\" aria-valuemax=\"100\" aria-valuenow=\"50\" data-filling-speed=\"600\"><\/div><span class=\"awb-pb-max-value-wrap awb-on-bar\"><span class=\"awb-pb-max-value-text\"><\/span><\/span><\/div><\/div><div class=\"fusion-progressbar bar-surface\" style=\"--awb-textcolor:#888888;--awb-height:30px;--awb-filledcolor:#8dd400;--awb-unfilledcolor:#d8d8d8;--awb-maximum-value-wrapper-width:34%;\"><div class=\"progress-title awb-above-bar awb-align-start\"><span class=\"fusion-progressbar-text\" id=\"awb-progressbar-label-9\">30 m\u00b2<\/span><\/div><div class=\"fusion-progressbar-bar progress-bar\"><div class=\"progress progress-bar-content not-animated\" role=\"progressbar\" aria-labelledby=\"awb-progressbar-label-9\" aria-valuemin=\"0\" aria-valuemax=\"100\" aria-valuenow=\"66\" data-filling-speed=\"600\"><\/div><span class=\"awb-pb-max-value-wrap awb-on-bar\"><span class=\"awb-pb-max-value-text\"><\/span><\/span><\/div><\/div><div class=\"fusion-clearfix\"><\/div><\/div><\/div><div class=\"fusion-layout-column fusion_builder_column fusion-builder-column-7 fusion_builder_column_1_4 1_4 fusion-one-fourth fusion-column-last fusion-column-inner-bg-wrapper bloc-mh match-mh page-mh\" style=\"--awb-inner-bg-size:cover;width:25%;width:calc(25% - ( ( 5px + 5px + 5px ) * 0.25 ) );\"><span class=\"fusion-column-inner-bg hover-type-none\"><a class=\"fusion-column-anchor\" href=\"\/de\/mobilheime\/savanah-4p\/\"><span class=\"fusion-column-inner-bg-image\"><\/span><\/a><\/span><div class=\"fusion-column-wrapper fusion-column-has-shadow fusion-flex-column-wrapper-legacy\"><div class=\"fusion-title title fusion-title-7 fusion-sep-none fusion-title-center fusion-title-text fusion-title-size-three\"><h3 class=\"fusion-title-heading title-heading-center\" style=\"margin:0;\">Savanah <span class=\"nd\">4p.<\/span><\/h3><\/div><div class=\"fusion-image-element fusion-image-align-center in-legacy-container\" style=\"text-align:center;--awb-caption-title-font-family:var(--h2_typography-font-family);--awb-caption-title-font-weight:var(--h2_typography-font-weight);--awb-caption-title-font-style:var(--h2_typography-font-style);--awb-caption-title-size:var(--h2_typography-font-size);--awb-caption-title-transform:var(--h2_typography-text-transform);--awb-caption-title-line-height:var(--h2_typography-line-height);--awb-caption-title-letter-spacing:var(--h2_typography-letter-spacing);\"><div class=\"imageframe-align-center\"><span class=\" fusion-imageframe imageframe-none imageframe-5 hover-type-none\"><img decoding=\"async\" width=\"390\" height=\"162\" alt=\"Mobilheim Savanah\" title=\"Mobilheim Savanah\" src=\"https:\/\/www.campinglesplatanesardeche.com\/wp-content\/uploads\/mh-savanah.jpg\" data-orig-src=\"https:\/\/www.campinglesplatanesardeche.com\/wp-content\/uploads\/mh-savanah.jpg\" class=\"lazyload img-responsive wp-image-784\" srcset=\"data:image\/svg+xml,%3Csvg%20xmlns%3D%27http%3A%2F%2Fwww.w3.org%2F2000%2Fsvg%27%20width%3D%27390%27%20height%3D%27162%27%20viewBox%3D%270%200%20390%20162%27%3E%3Crect%20width%3D%27390%27%20height%3D%27162%27%20fill-opacity%3D%220%22%2F%3E%3C%2Fsvg%3E\" data-srcset=\"https:\/\/www.campinglesplatanesardeche.com\/wp-content\/uploads\/mh-savanah-200x83.jpg 200w, https:\/\/www.campinglesplatanesardeche.com\/wp-content\/uploads\/mh-savanah.jpg 390w\" data-sizes=\"auto\" data-orig-sizes=\"(max-width: 900px) 100vw, 390px\" \/><\/span><\/div><\/div><div class=\"fusion-text fusion-text-5 descr\"><p style=\"text-align: center;\">2 Schlafzimmer, 4 Pl\u00e4tze.<\/p>\n<\/div><div class=\"fusion-progressbar bar-personne\" style=\"--awb-textcolor:#888888;--awb-height:30px;--awb-filledcolor:#8dd400;--awb-unfilledcolor:#d8d8d8;--awb-maximum-value-wrapper-width:67%;\"><div class=\"progress-title awb-above-bar awb-align-start\"><span class=\"fusion-progressbar-text\" id=\"awb-progressbar-label-10\">4 Personen<\/span><\/div><div class=\"fusion-progressbar-bar progress-bar\"><div class=\"progress progress-bar-content not-animated\" role=\"progressbar\" aria-labelledby=\"awb-progressbar-label-10\" aria-valuemin=\"0\" aria-valuemax=\"100\" aria-valuenow=\"33\" data-filling-speed=\"600\"><\/div><span class=\"awb-pb-max-value-wrap awb-on-bar\"><span class=\"awb-pb-max-value-text\"><\/span><\/span><\/div><\/div><div class=\"fusion-progressbar bar-chambre\" style=\"--awb-textcolor:#888888;--awb-height:30px;--awb-filledcolor:#8dd400;--awb-unfilledcolor:#d8d8d8;--awb-maximum-value-wrapper-width:50%;\"><div class=\"progress-title awb-above-bar awb-align-start\"><span class=\"fusion-progressbar-text\" id=\"awb-progressbar-label-11\">2 Schlafzimmer<\/span><\/div><div class=\"fusion-progressbar-bar progress-bar\"><div class=\"progress progress-bar-content not-animated\" role=\"progressbar\" aria-labelledby=\"awb-progressbar-label-11\" aria-valuemin=\"0\" aria-valuemax=\"100\" aria-valuenow=\"50\" data-filling-speed=\"600\"><\/div><span class=\"awb-pb-max-value-wrap awb-on-bar\"><span class=\"awb-pb-max-value-text\"><\/span><\/span><\/div><\/div><div class=\"fusion-progressbar bar-surface\" style=\"--awb-textcolor:#888888;--awb-height:30px;--awb-filledcolor:#8dd400;--awb-unfilledcolor:#d8d8d8;--awb-maximum-value-wrapper-width:34%;\"><div class=\"progress-title awb-above-bar awb-align-start\"><span class=\"fusion-progressbar-text\" id=\"awb-progressbar-label-12\">30 m\u00b2<\/span><\/div><div class=\"fusion-progressbar-bar progress-bar\"><div class=\"progress progress-bar-content not-animated\" role=\"progressbar\" aria-labelledby=\"awb-progressbar-label-12\" aria-valuemin=\"0\" aria-valuemax=\"100\" aria-valuenow=\"66\" data-filling-speed=\"600\"><\/div><span class=\"awb-pb-max-value-wrap awb-on-bar\"><span class=\"awb-pb-max-value-text\"><\/span><\/span><\/div><\/div><div class=\"fusion-clearfix\"><\/div><\/div><\/div><div class=\"fusion-layout-column fusion_builder_column fusion-builder-column-8 fusion_builder_column_1_4 1_4 fusion-one-fourth fusion-column-first fusion-column-inner-bg-wrapper bloc-mh match-mh page-mh\" style=\"--awb-inner-bg-size:cover;width:25%;width:calc(25% - ( ( 5px + 5px + 5px ) * 0.25 ) );margin-right: 5px;\"><span class=\"fusion-column-inner-bg hover-type-none\"><a class=\"fusion-column-anchor\" href=\"\/de\/mobilheime\/oceane\/\"><span class=\"fusion-column-inner-bg-image\"><\/span><\/a><\/span><div class=\"fusion-column-wrapper fusion-column-has-shadow fusion-flex-column-wrapper-legacy\"><div class=\"fusion-title title fusion-title-8 fusion-sep-none fusion-title-center fusion-title-text fusion-title-size-three\"><h3 class=\"fusion-title-heading title-heading-center\" style=\"margin:0;\">Oc\u00e9ane <span class=\"nd\">4p.<\/span><\/h3><\/div><div class=\"fusion-image-element fusion-image-align-center in-legacy-container\" style=\"text-align:center;--awb-caption-title-font-family:var(--h2_typography-font-family);--awb-caption-title-font-weight:var(--h2_typography-font-weight);--awb-caption-title-font-style:var(--h2_typography-font-style);--awb-caption-title-size:var(--h2_typography-font-size);--awb-caption-title-transform:var(--h2_typography-text-transform);--awb-caption-title-line-height:var(--h2_typography-line-height);--awb-caption-title-letter-spacing:var(--h2_typography-letter-spacing);\"><div class=\"imageframe-align-center\"><span class=\" fusion-imageframe imageframe-none imageframe-6 hover-type-none\"><img decoding=\"async\" width=\"390\" height=\"162\" alt=\"Mobilheim Oc\u00e9ane\" title=\"Mobilheim Oc\u00e9ane\" src=\"https:\/\/www.campinglesplatanesardeche.com\/wp-content\/uploads\/mh-oceane.jpg\" data-orig-src=\"https:\/\/www.campinglesplatanesardeche.com\/wp-content\/uploads\/mh-oceane.jpg\" class=\"lazyload img-responsive wp-image-794\" srcset=\"data:image\/svg+xml,%3Csvg%20xmlns%3D%27http%3A%2F%2Fwww.w3.org%2F2000%2Fsvg%27%20width%3D%27390%27%20height%3D%27162%27%20viewBox%3D%270%200%20390%20162%27%3E%3Crect%20width%3D%27390%27%20height%3D%27162%27%20fill-opacity%3D%220%22%2F%3E%3C%2Fsvg%3E\" data-srcset=\"https:\/\/www.campinglesplatanesardeche.com\/wp-content\/uploads\/mh-oceane-200x83.jpg 200w, https:\/\/www.campinglesplatanesardeche.com\/wp-content\/uploads\/mh-oceane.jpg 390w\" data-sizes=\"auto\" data-orig-sizes=\"(max-width: 900px) 100vw, 390px\" \/><\/span><\/div><\/div><div class=\"fusion-text fusion-text-6 descr\"><p style=\"text-align: center;\">2 Schlafzimmer f\u00fcr maximal 4 Personen (Platz f\u00fcr baby-bett im zimmer der eltern).<\/p>\n<\/div><div class=\"fusion-progressbar bar-personne\" style=\"--awb-textcolor:#888888;--awb-height:30px;--awb-filledcolor:#8dd400;--awb-unfilledcolor:#d8d8d8;--awb-maximum-value-wrapper-width:67%;\"><div class=\"progress-title awb-above-bar awb-align-start\"><span class=\"fusion-progressbar-text\" id=\"awb-progressbar-label-13\">4 Personen<\/span><\/div><div class=\"fusion-progressbar-bar progress-bar\"><div class=\"progress progress-bar-content not-animated\" role=\"progressbar\" aria-labelledby=\"awb-progressbar-label-13\" aria-valuemin=\"0\" aria-valuemax=\"100\" aria-valuenow=\"33\" data-filling-speed=\"600\"><\/div><span class=\"awb-pb-max-value-wrap awb-on-bar\"><span class=\"awb-pb-max-value-text\"><\/span><\/span><\/div><\/div><div class=\"fusion-progressbar bar-chambre\" style=\"--awb-textcolor:#888888;--awb-height:30px;--awb-filledcolor:#8dd400;--awb-unfilledcolor:#d8d8d8;--awb-maximum-value-wrapper-width:50%;\"><div class=\"progress-title awb-above-bar awb-align-start\"><span class=\"fusion-progressbar-text\" id=\"awb-progressbar-label-14\">2 Schlafzimmer<\/span><\/div><div class=\"fusion-progressbar-bar progress-bar\"><div class=\"progress progress-bar-content not-animated\" role=\"progressbar\" aria-labelledby=\"awb-progressbar-label-14\" aria-valuemin=\"0\" aria-valuemax=\"100\" aria-valuenow=\"50\" data-filling-speed=\"600\"><\/div><span class=\"awb-pb-max-value-wrap awb-on-bar\"><span class=\"awb-pb-max-value-text\"><\/span><\/span><\/div><\/div><div class=\"fusion-progressbar bar-surface\" style=\"--awb-textcolor:#888888;--awb-height:30px;--awb-filledcolor:#8dd400;--awb-unfilledcolor:#d8d8d8;--awb-maximum-value-wrapper-width:67%;\"><div class=\"progress-title awb-above-bar awb-align-start\"><span class=\"fusion-progressbar-text\" id=\"awb-progressbar-label-15\">27 m\u00b2<\/span><\/div><div class=\"fusion-progressbar-bar progress-bar\"><div class=\"progress progress-bar-content not-animated\" role=\"progressbar\" aria-labelledby=\"awb-progressbar-label-15\" aria-valuemin=\"0\" aria-valuemax=\"100\" aria-valuenow=\"33\" data-filling-speed=\"600\"><\/div><span class=\"awb-pb-max-value-wrap awb-on-bar\"><span class=\"awb-pb-max-value-text\"><\/span><\/span><\/div><\/div><div class=\"fusion-clearfix\"><\/div><\/div><\/div><div class=\"fusion-layout-column fusion_builder_column fusion-builder-column-9 fusion_builder_column_1_4 1_4 fusion-one-fourth fusion-column-inner-bg-wrapper bloc-mh match-mh page-mh\" style=\"--awb-inner-bg-size:cover;width:25%;width:calc(25% - ( ( 5px + 5px + 5px ) * 0.25 ) );margin-right: 5px;\"><span class=\"fusion-column-inner-bg hover-type-none\"><a class=\"fusion-column-anchor\" href=\"\/de\/mobilheime\/savanah-5p\/\"><span class=\"fusion-column-inner-bg-image\"><\/span><\/a><\/span><div class=\"fusion-column-wrapper fusion-column-has-shadow fusion-flex-column-wrapper-legacy\"><div class=\"fusion-title title fusion-title-9 fusion-sep-none fusion-title-center fusion-title-text fusion-title-size-three\"><h3 class=\"fusion-title-heading title-heading-center\" style=\"margin:0;\">Savanah <span class=\"nd\">5p.<\/span><\/h3><\/div><div class=\"fusion-image-element fusion-image-align-center in-legacy-container\" style=\"text-align:center;--awb-caption-title-font-family:var(--h2_typography-font-family);--awb-caption-title-font-weight:var(--h2_typography-font-weight);--awb-caption-title-font-style:var(--h2_typography-font-style);--awb-caption-title-size:var(--h2_typography-font-size);--awb-caption-title-transform:var(--h2_typography-text-transform);--awb-caption-title-line-height:var(--h2_typography-line-height);--awb-caption-title-letter-spacing:var(--h2_typography-letter-spacing);\"><div class=\"imageframe-align-center\"><span class=\" fusion-imageframe imageframe-none imageframe-7 hover-type-none\"><img decoding=\"async\" width=\"390\" height=\"162\" alt=\"Mobilheim Savanah\" title=\"Mobilheim Savanah\" src=\"https:\/\/www.campinglesplatanesardeche.com\/wp-content\/uploads\/mh-savanah.jpg\" data-orig-src=\"https:\/\/www.campinglesplatanesardeche.com\/wp-content\/uploads\/mh-savanah.jpg\" class=\"lazyload img-responsive wp-image-784\" srcset=\"data:image\/svg+xml,%3Csvg%20xmlns%3D%27http%3A%2F%2Fwww.w3.org%2F2000%2Fsvg%27%20width%3D%27390%27%20height%3D%27162%27%20viewBox%3D%270%200%20390%20162%27%3E%3Crect%20width%3D%27390%27%20height%3D%27162%27%20fill-opacity%3D%220%22%2F%3E%3C%2Fsvg%3E\" data-srcset=\"https:\/\/www.campinglesplatanesardeche.com\/wp-content\/uploads\/mh-savanah-200x83.jpg 200w, https:\/\/www.campinglesplatanesardeche.com\/wp-content\/uploads\/mh-savanah.jpg 390w\" data-sizes=\"auto\" data-orig-sizes=\"(max-width: 900px) 100vw, 390px\" \/><\/span><\/div><\/div><div class=\"fusion-text fusion-text-7 descr\"><p style=\"text-align: center;\">2 Schlafzimmer, 5 Pl\u00e4tze.<\/p>\n<\/div><div class=\"fusion-progressbar bar-personne\" style=\"--awb-textcolor:#888888;--awb-height:30px;--awb-filledcolor:#8dd400;--awb-unfilledcolor:#d8d8d8;--awb-maximum-value-wrapper-width:34%;\"><div class=\"progress-title awb-above-bar awb-align-start\"><span class=\"fusion-progressbar-text\" id=\"awb-progressbar-label-16\">5 Personen<\/span><\/div><div class=\"fusion-progressbar-bar progress-bar\"><div class=\"progress progress-bar-content not-animated\" role=\"progressbar\" aria-labelledby=\"awb-progressbar-label-16\" aria-valuemin=\"0\" aria-valuemax=\"100\" aria-valuenow=\"66\" data-filling-speed=\"600\"><\/div><span class=\"awb-pb-max-value-wrap awb-on-bar\"><span class=\"awb-pb-max-value-text\"><\/span><\/span><\/div><\/div><div class=\"fusion-progressbar bar-chambre\" style=\"--awb-textcolor:#888888;--awb-height:30px;--awb-filledcolor:#8dd400;--awb-unfilledcolor:#d8d8d8;--awb-maximum-value-wrapper-width:50%;\"><div class=\"progress-title awb-above-bar awb-align-start\"><span class=\"fusion-progressbar-text\" id=\"awb-progressbar-label-17\">2 Schlafzimmer<\/span><\/div><div class=\"fusion-progressbar-bar progress-bar\"><div class=\"progress progress-bar-content not-animated\" role=\"progressbar\" aria-labelledby=\"awb-progressbar-label-17\" aria-valuemin=\"0\" aria-valuemax=\"100\" aria-valuenow=\"50\" data-filling-speed=\"600\"><\/div><span class=\"awb-pb-max-value-wrap awb-on-bar\"><span class=\"awb-pb-max-value-text\"><\/span><\/span><\/div><\/div><div class=\"fusion-progressbar bar-surface\" style=\"--awb-textcolor:#888888;--awb-height:30px;--awb-filledcolor:#8dd400;--awb-unfilledcolor:#d8d8d8;--awb-maximum-value-wrapper-width:34%;\"><div class=\"progress-title awb-above-bar awb-align-start\"><span class=\"fusion-progressbar-text\" id=\"awb-progressbar-label-18\">30 m\u00b2<\/span><\/div><div class=\"fusion-progressbar-bar progress-bar\"><div class=\"progress progress-bar-content not-animated\" role=\"progressbar\" aria-labelledby=\"awb-progressbar-label-18\" aria-valuemin=\"0\" aria-valuemax=\"100\" aria-valuenow=\"66\" data-filling-speed=\"600\"><\/div><span class=\"awb-pb-max-value-wrap awb-on-bar\"><span class=\"awb-pb-max-value-text\"><\/span><\/span><\/div><\/div><div class=\"fusion-clearfix\"><\/div><\/div><\/div><div class=\"fusion-layout-column fusion_builder_column fusion-builder-column-10 fusion_builder_column_1_4 1_4 fusion-one-fourth fusion-column-inner-bg-wrapper bloc-mh match-mh page-mh\" style=\"--awb-inner-bg-size:cover;width:25%;width:calc(25% - ( ( 5px + 5px + 5px ) * 0.25 ) );margin-right: 5px;\"><span class=\"fusion-column-inner-bg hover-type-none\"><a class=\"fusion-column-anchor\" href=\"\/de\/mobilheime\/nest-29-2\/\"><span class=\"fusion-column-inner-bg-image\"><\/span><\/a><\/span><div class=\"fusion-column-wrapper fusion-column-has-shadow fusion-flex-column-wrapper-legacy\"><div class=\"fusion-title title fusion-title-10 fusion-sep-none fusion-title-center fusion-title-text fusion-title-size-three\"><h3 class=\"fusion-title-heading title-heading-center\" style=\"margin:0;\">Nest 29-2 <span class=\"nd\">4p.<\/span><\/h3><\/div><div class=\"fusion-image-element fusion-image-align-center in-legacy-container\" style=\"text-align:center;--awb-caption-title-font-family:var(--h2_typography-font-family);--awb-caption-title-font-weight:var(--h2_typography-font-weight);--awb-caption-title-font-style:var(--h2_typography-font-style);--awb-caption-title-size:var(--h2_typography-font-size);--awb-caption-title-transform:var(--h2_typography-text-transform);--awb-caption-title-line-height:var(--h2_typography-line-height);--awb-caption-title-letter-spacing:var(--h2_typography-letter-spacing);\"><div class=\"imageframe-align-center\"><span class=\" fusion-imageframe imageframe-none imageframe-8 hover-type-none\"><img decoding=\"async\" width=\"328\" height=\"136\" alt=\"Nest 29-2\" title=\"Nest 29-2\" src=\"https:\/\/www.campinglesplatanesardeche.com\/wp-content\/uploads\/nest-nest-29-2-mini2.jpg\" data-orig-src=\"https:\/\/www.campinglesplatanesardeche.com\/wp-content\/uploads\/nest-nest-29-2-mini2.jpg\" class=\"lazyload img-responsive wp-image-2166\" srcset=\"data:image\/svg+xml,%3Csvg%20xmlns%3D%27http%3A%2F%2Fwww.w3.org%2F2000%2Fsvg%27%20width%3D%27328%27%20height%3D%27136%27%20viewBox%3D%270%200%20328%20136%27%3E%3Crect%20width%3D%27328%27%20height%3D%27136%27%20fill-opacity%3D%220%22%2F%3E%3C%2Fsvg%3E\" data-srcset=\"https:\/\/www.campinglesplatanesardeche.com\/wp-content\/uploads\/nest-nest-29-2-mini2-200x83.jpg 200w, https:\/\/www.campinglesplatanesardeche.com\/wp-content\/uploads\/nest-nest-29-2-mini2.jpg 328w\" data-sizes=\"auto\" data-orig-sizes=\"(max-width: 900px) 100vw, 328px\" \/><\/span><\/div><\/div><div class=\"fusion-text fusion-text-8 descr\"><p style=\"text-align: center;\">2 Schlafzimmer f\u00fcr maximal 4 Personen.<\/p>\n<\/div><div class=\"fusion-progressbar bar-personne\" style=\"--awb-textcolor:#888888;--awb-height:30px;--awb-filledcolor:#8dd400;--awb-unfilledcolor:#d8d8d8;--awb-maximum-value-wrapper-width:67%;\"><div class=\"progress-title awb-above-bar awb-align-start\"><span class=\"fusion-progressbar-text\" id=\"awb-progressbar-label-19\">4 Personen<\/span><\/div><div class=\"fusion-progressbar-bar progress-bar\"><div class=\"progress progress-bar-content not-animated\" role=\"progressbar\" aria-labelledby=\"awb-progressbar-label-19\" aria-valuemin=\"0\" aria-valuemax=\"100\" aria-valuenow=\"33\" data-filling-speed=\"600\"><\/div><span class=\"awb-pb-max-value-wrap awb-on-bar\"><span class=\"awb-pb-max-value-text\"><\/span><\/span><\/div><\/div><div class=\"fusion-progressbar bar-chambre\" style=\"--awb-textcolor:#888888;--awb-height:30px;--awb-filledcolor:#8dd400;--awb-unfilledcolor:#d8d8d8;--awb-maximum-value-wrapper-width:50%;\"><div class=\"progress-title awb-above-bar awb-align-start\"><span class=\"fusion-progressbar-text\" id=\"awb-progressbar-label-20\">2 Schlafzimmer<\/span><\/div><div class=\"fusion-progressbar-bar progress-bar\"><div class=\"progress progress-bar-content not-animated\" role=\"progressbar\" aria-labelledby=\"awb-progressbar-label-20\" aria-valuemin=\"0\" aria-valuemax=\"100\" aria-valuenow=\"50\" data-filling-speed=\"600\"><\/div><span class=\"awb-pb-max-value-wrap awb-on-bar\"><span class=\"awb-pb-max-value-text\"><\/span><\/span><\/div><\/div><div class=\"fusion-progressbar bar-surface\" style=\"--awb-textcolor:#888888;--awb-height:30px;--awb-filledcolor:#8dd400;--awb-unfilledcolor:#d8d8d8;--awb-maximum-value-wrapper-width:34%;\"><div class=\"progress-title awb-above-bar awb-align-start\"><span class=\"fusion-progressbar-text\" id=\"awb-progressbar-label-21\">30 m\u00b2<\/span><\/div><div class=\"fusion-progressbar-bar progress-bar\"><div class=\"progress progress-bar-content not-animated\" role=\"progressbar\" aria-labelledby=\"awb-progressbar-label-21\" aria-valuemin=\"0\" aria-valuemax=\"100\" aria-valuenow=\"66\" data-filling-speed=\"600\"><\/div><span class=\"awb-pb-max-value-wrap awb-on-bar\"><span class=\"awb-pb-max-value-text\"><\/span><\/span><\/div><\/div><div class=\"fusion-clearfix\"><\/div><\/div><\/div><div class=\"fusion-layout-column fusion_builder_column fusion-builder-column-11 fusion_builder_column_1_4 1_4 fusion-one-fourth fusion-column-last fusion-column-inner-bg-wrapper bloc-mh match-mh page-mh\" style=\"--awb-inner-bg-size:cover;width:25%;width:calc(25% - ( ( 5px + 5px + 5px ) * 0.25 ) );\"><span class=\"fusion-column-inner-bg hover-type-none\"><a class=\"fusion-column-anchor\" href=\"https:\/\/www.campinglesplatanesardeche.com\/de\/mobilheime\/nest-335\/\"><span class=\"fusion-column-inner-bg-image\"><\/span><\/a><\/span><div class=\"fusion-column-wrapper fusion-column-has-shadow fusion-flex-column-wrapper-legacy\"><div class=\"fusion-title title fusion-title-11 fusion-sep-none fusion-title-center fusion-title-text fusion-title-size-three\"><h3 class=\"fusion-title-heading title-heading-center\" style=\"margin:0;\">Nest &#8211; 335 <span class=\"nd\">6p.<\/span><\/h3><\/div><div class=\"fusion-image-element fusion-image-align-center in-legacy-container\" style=\"text-align:center;--awb-caption-title-font-family:var(--h2_typography-font-family);--awb-caption-title-font-weight:var(--h2_typography-font-weight);--awb-caption-title-font-style:var(--h2_typography-font-style);--awb-caption-title-size:var(--h2_typography-font-size);--awb-caption-title-transform:var(--h2_typography-text-transform);--awb-caption-title-line-height:var(--h2_typography-line-height);--awb-caption-title-letter-spacing:var(--h2_typography-letter-spacing);\"><div class=\"imageframe-align-center\"><span class=\" fusion-imageframe imageframe-none imageframe-9 hover-type-none\"><img decoding=\"async\" width=\"390\" height=\"162\" alt=\"Mobil-home Nest-335\" title=\"Mobil-home Nest-335\" src=\"https:\/\/www.campinglesplatanesardeche.com\/wp-content\/uploads\/mh-nest-335.jpg\" data-orig-src=\"https:\/\/www.campinglesplatanesardeche.com\/wp-content\/uploads\/mh-nest-335.jpg\" class=\"lazyload img-responsive wp-image-2074\" srcset=\"data:image\/svg+xml,%3Csvg%20xmlns%3D%27http%3A%2F%2Fwww.w3.org%2F2000%2Fsvg%27%20width%3D%27390%27%20height%3D%27162%27%20viewBox%3D%270%200%20390%20162%27%3E%3Crect%20width%3D%27390%27%20height%3D%27162%27%20fill-opacity%3D%220%22%2F%3E%3C%2Fsvg%3E\" data-srcset=\"https:\/\/www.campinglesplatanesardeche.com\/wp-content\/uploads\/mh-nest-335-200x83.jpg 200w, https:\/\/www.campinglesplatanesardeche.com\/wp-content\/uploads\/mh-nest-335.jpg 390w\" data-sizes=\"auto\" data-orig-sizes=\"(max-width: 900px) 100vw, 390px\" \/><\/span><\/div><\/div><div class=\"fusion-text fusion-text-9 descr\"><p>3 Schlafzimmer f\u00fcr maximal 6 Personen.<\/p>\n<\/div><div class=\"fusion-progressbar bar-personne\" style=\"--awb-textcolor:#888888;--awb-height:30px;--awb-filledcolor:#8dd400;--awb-unfilledcolor:#d8d8d8;--awb-maximum-value-wrapper-width:0%;\"><div class=\"progress-title awb-above-bar awb-align-start\"><span class=\"fusion-progressbar-text\" id=\"awb-progressbar-label-22\">6 Personen<\/span><\/div><div class=\"fusion-progressbar-bar progress-bar\"><div class=\"progress progress-bar-content not-animated\" role=\"progressbar\" aria-labelledby=\"awb-progressbar-label-22\" aria-valuemin=\"0\" aria-valuemax=\"100\" aria-valuenow=\"100\" data-filling-speed=\"600\"><\/div><span class=\"awb-pb-max-value-wrap awb-on-bar\"><span class=\"awb-pb-max-value-text\"><\/span><\/span><\/div><\/div><div class=\"fusion-progressbar bar-chambre\" style=\"--awb-textcolor:#888888;--awb-height:30px;--awb-filledcolor:#8dd400;--awb-unfilledcolor:#d8d8d8;--awb-maximum-value-wrapper-width:0%;\"><div class=\"progress-title awb-above-bar awb-align-start\"><span class=\"fusion-progressbar-text\" id=\"awb-progressbar-label-23\">3 Schlafzimmer<\/span><\/div><div class=\"fusion-progressbar-bar progress-bar\"><div class=\"progress progress-bar-content not-animated\" role=\"progressbar\" aria-labelledby=\"awb-progressbar-label-23\" aria-valuemin=\"0\" aria-valuemax=\"100\" aria-valuenow=\"100\" data-filling-speed=\"600\"><\/div><span class=\"awb-pb-max-value-wrap awb-on-bar\"><span class=\"awb-pb-max-value-text\"><\/span><\/span><\/div><\/div><div class=\"fusion-progressbar bar-surface\" style=\"--awb-textcolor:#888888;--awb-height:30px;--awb-filledcolor:#8dd400;--awb-unfilledcolor:#d8d8d8;--awb-maximum-value-wrapper-width:0%;\"><div class=\"progress-title awb-above-bar awb-align-start\"><span class=\"fusion-progressbar-text\" id=\"awb-progressbar-label-24\">35 m\u00b2<\/span><\/div><div class=\"fusion-progressbar-bar progress-bar\"><div class=\"progress progress-bar-content not-animated\" role=\"progressbar\" aria-labelledby=\"awb-progressbar-label-24\" aria-valuemin=\"0\" aria-valuemax=\"100\" aria-valuenow=\"100\" data-filling-speed=\"600\"><\/div><span class=\"awb-pb-max-value-wrap awb-on-bar\"><span class=\"awb-pb-max-value-text\"><\/span><\/span><\/div><\/div><div class=\"fusion-clearfix\"><\/div><\/div><\/div><\/div><\/div><div class=\"fusion-fullwidth fullwidth-box fusion-builder-row-3 nonhundred-percent-fullwidth non-hundred-percent-height-scrolling\" style=\"--awb-border-radius-top-left:0px;--awb-border-radius-top-right:0px;--awb-border-radius-bottom-right:0px;--awb-border-radius-bottom-left:0px;--awb-flex-wrap:wrap;\" ><div class=\"fusion-builder-row fusion-row\"><div class=\"fusion-layout-column fusion_builder_column fusion-builder-column-12 fusion_builder_column_1_1 1_1 fusion-one-full fusion-column-first fusion-column-last\" style=\"--awb-bg-size:cover;\"><div class=\"fusion-column-wrapper fusion-flex-column-wrapper-legacy\"><div class=\"fusion-title title fusion-title-12 fusion-title-text fusion-title-size-two\"><h2 class=\"fusion-title-heading title-heading-left\" style=\"margin:0;\">Ausstattung der Mobilheime<\/h2><span class=\"awb-title-spacer\"><\/span><div class=\"title-sep-container\"><div class=\"title-sep sep-single sep-solid\" style=\"border-color:#e0dede;\"><\/div><\/div><\/div><div class=\"fusion-text fusion-text-10\"><p>Alle <strong>Mobilheime<\/strong> sind <strong>klimatisiert<\/strong>\u00a0und haben eine<strong>halb\u00fcberdachte Terrasse<\/strong>.<\/p>\n<p>Sie sind ausgestattet mit:<\/p>\n<ul>\n<li>Sanit\u00e4ranlagen (Dusche, Waschbecken, sep. WC),<\/li>\n<li>Einer Kochnische (K\u00fchl-Schrank, Kochplatte, Mikrowelle, Kaffeemaschine),<\/li>\n<li>Kissen, Fleecedecken, Decken,<\/li>\n<li>Tisch und St\u00fchle sowohl im Innern als auch au\u00dferhalb des Mobilheims.<\/li>\n<\/ul>\n<\/div><div class=\"fusion-clearfix\"><\/div><\/div><\/div><div class=\"fusion-layout-column fusion_builder_column fusion-builder-column-13 fusion_builder_column_1_1 1_1 fusion-one-full fusion-column-first fusion-column-last\" style=\"--awb-bg-size:cover;\"><div class=\"fusion-column-wrapper fusion-flex-column-wrapper-legacy\"><div class=\"fusion-title title fusion-title-13 fusion-title-text fusion-title-size-two\"><h2 class=\"fusion-title-heading title-heading-left\" style=\"margin:0;\">Mobilheimvermietung Ard\u00e8che: Weitere Details<\/h2><span class=\"awb-title-spacer\"><\/span><div class=\"title-sep-container\"><div class=\"title-sep sep-single sep-solid\" style=\"border-color:#e0dede;\"><\/div><\/div><\/div><div class=\"fusion-clearfix\"><\/div><\/div><\/div><div class=\"fusion-layout-column fusion_builder_column fusion-builder-column-14 fusion_builder_column_1_2 1_2 fusion-one-half fusion-column-first\" style=\"--awb-bg-size:cover;width:50%;width:calc(50% - ( ( 4% ) * 0.5 ) );margin-right: 4%;\"><div class=\"fusion-column-wrapper fusion-flex-column-wrapper-legacy\"><div class=\"fusion-text fusion-text-11\"><p>Sie finden auch eine Klimaanlage im Wohnzimmer.<\/p>\n<p>Die Mobilheime liegen ca. 100 Meter von der Rezeption und von den n\u00e4chsten <a href=\"\/de\/campingplatz\/\"><strong>Stellpl\u00e4tzen<\/strong><\/a> entfernt, um Euch Ruhe und Stille zu bieten.<\/p>\n<p>Im Au\u00dfenbereich steht Euch ein Holztisch mit angeh\u00e4ngten B\u00e4nken sowie ein Liegestuhl auf Rollen zur Verf\u00fcgung.<\/p>\n<\/div><div class=\"fusion-clearfix\"><\/div><\/div><\/div><div class=\"fusion-layout-column fusion_builder_column fusion-builder-column-15 fusion_builder_column_1_2 1_2 fusion-one-half fusion-column-last\" style=\"--awb-bg-size:cover;width:50%;width:calc(50% - ( ( 4% ) * 0.5 ) );\"><div class=\"fusion-column-wrapper fusion-flex-column-wrapper-legacy\"><div class=\"fusion-text fusion-text-12\"><p>Bettw\u00e4sche wird nicht gestellt Bitte bringt Eure Bettw\u00e4sche selbst mit.<br \/>\nWasser, Elektrizit\u00e4t und Gas sind im Mietpreis enthalten.<\/p>\n<p>Haustiere sind in den Monaten Juli bis August nicht gestattet. Au\u00dferhalb dieses Zeitraums sind sie willkommen.<\/p>\n<\/div><div class=\"fusion-clearfix\"><\/div><\/div><\/div><\/div><\/div><\/p>\n","protected":false},"excerpt":{"rendered":"","protected":false},"author":1,"featured_media":0,"parent":0,"menu_order":0,"comment_status":"closed","ping_status":"closed","template":"100-width.php","meta":{"footnotes":""},"class_list":["post-729","page","type-page","status-publish","hentry"],"_links":{"self":[{"href":"https:\/\/www.campinglesplatanesardeche.com\/de\/wp-json\/wp\/v2\/pages\/729","targetHints":{"allow":["GET"]}}],"collection":[{"href":"https:\/\/www.campinglesplatanesardeche.com\/de\/wp-json\/wp\/v2\/pages"}],"about":[{"href":"https:\/\/www.campinglesplatanesardeche.com\/de\/wp-json\/wp\/v2\/types\/page"}],"author":[{"embeddable":true,"href":"https:\/\/www.campinglesplatanesardeche.com\/de\/wp-json\/wp\/v2\/users\/1"}],"replies":[{"embeddable":true,"href":"https:\/\/www.campinglesplatanesardeche.com\/de\/wp-json\/wp\/v2\/comments?post=729"}],"version-history":[{"count":23,"href":"https:\/\/www.campinglesplatanesardeche.com\/de\/wp-json\/wp\/v2\/pages\/729\/revisions"}],"predecessor-version":[{"id":2175,"href":"https:\/\/www.campinglesplatanesardeche.com\/de\/wp-json\/wp\/v2\/pages\/729\/revisions\/2175"}],"wp:attachment":[{"href":"https:\/\/www.campinglesplatanesardeche.com\/de\/wp-json\/wp\/v2\/media?parent=729"}],"curies":[{"name":"wp","href":"https:\/\/api.w.org\/{rel}","templated":true}]}}