{"id":734,"date":"2018-12-18T10:17:35","date_gmt":"2018-12-18T09:17:35","guid":{"rendered":"https:\/\/www.campinglesplatanesardeche.com\/loisirs-services\/"},"modified":"2026-01-06T17:08:05","modified_gmt":"2026-01-06T16:08:05","slug":"aktivitaten-diensten","status":"publish","type":"page","link":"https:\/\/www.campinglesplatanesardeche.com\/de\/aktivitaten-diensten\/","title":{"rendered":"Aktivit\u00e4ten \/ Diensten"},"content":{"rendered":"<p><div class=\"fusion-fullwidth fullwidth-box fusion-builder-row-1 nonhundred-percent-fullwidth non-hundred-percent-height-scrolling\" style=\"--awb-border-radius-top-left:0px;--awb-border-radius-top-right:0px;--awb-border-radius-bottom-right:0px;--awb-border-radius-bottom-left:0px;--awb-margin-bottom:40px;--awb-flex-wrap:wrap;\" ><div class=\"fusion-builder-row fusion-row\"><div class=\"fusion-layout-column fusion_builder_column fusion-builder-column-0 fusion_builder_column_1_1 1_1 fusion-one-full fusion-column-first fusion-column-last\" style=\"--awb-bg-size:cover;\"><div class=\"fusion-column-wrapper fusion-flex-column-wrapper-legacy\"><div class=\"fusion-title title fusion-title-1 fusion-title-center fusion-title-text fusion-title-size-one\"><div class=\"title-sep-container title-sep-container-left\"><div class=\"title-sep sep-single sep-solid\" style=\"border-color:#e0dede;\"><\/div><\/div><span class=\"awb-title-spacer\"><\/span><h1 class=\"fusion-title-heading title-heading-center\" style=\"margin:0;\">Freizeitaktivit\u00e4ten <span class=\"nd\">Famili\u00e4rer Campingplatz<\/span> in der Ard\u00e8che<\/h1><span class=\"awb-title-spacer\"><\/span><div class=\"title-sep-container title-sep-container-right\"><div class=\"title-sep sep-single sep-solid\" style=\"border-color:#e0dede;\"><\/div><\/div><\/div><div class=\"fusion-title title fusion-title-2 fusion-title-text fusion-title-size-two\"><h2 class=\"fusion-title-heading title-heading-left\" style=\"margin:0;\">Aktivit\u00e4ten auf dem Campingplatz in der Hochsaison<\/h2><span class=\"awb-title-spacer\"><\/span><div class=\"title-sep-container\"><div class=\"title-sep sep-single sep-solid\" style=\"border-color:#e0dede;\"><\/div><\/div><\/div><div class=\"fusion-clearfix\"><\/div><\/div><\/div><div class=\"fusion-layout-column fusion_builder_column fusion-builder-column-1 fusion_builder_column_1_1 1_1 fusion-one-full fusion-column-first fusion-column-last\" style=\"--awb-bg-size:cover;\"><div class=\"fusion-column-wrapper fusion-flex-column-wrapper-legacy\"><div class=\"fusion-text fusion-text-1\"><p>Auf dem Campingplatz k\u00f6nnen Sie in einer Vielzahl von Aktivit\u00e4ten teilnehmen :<\/p>\n<\/div><div class=\"fusion-clearfix\"><\/div><\/div><\/div><div class=\"fusion-layout-column fusion_builder_column fusion-builder-column-2 fusion_builder_column_1_5 1_5 fusion-one-fifth fusion-column-first\" style=\"--awb-bg-size:cover;width:20%;width:calc(20% - ( ( 30px + 5px + 5px + 5px ) * 0.2 ) );margin-right: 30px;\"><div class=\"fusion-column-wrapper fusion-flex-column-wrapper-legacy\"><div class=\"fusion-text fusion-text-2\"><ul>\n<li><strong>Wassergymnastik<\/strong>,<\/li>\n<li><strong>Kinderspielplatz<\/strong>,<\/li>\n<li><strong>Petanque<\/strong>,<\/li>\n<li><strong>Schwimmbad<\/strong>,<\/li>\n<li><strong>Abendunterhaltung<\/strong>.<\/li>\n<\/ul>\n<\/div><div class=\"fusion-clearfix\"><\/div><\/div><\/div><div class=\"fusion-layout-column fusion_builder_column fusion-builder-column-3 fusion_builder_column_1_5 1_5 fusion-one-fifth\" style=\"--awb-bg-size:cover;width:20%;width:calc(20% - ( ( 30px + 5px + 5px + 5px ) * 0.2 ) );margin-right: 5px;\"><div class=\"fusion-column-wrapper fusion-flex-column-wrapper-legacy\"><div class=\"fusion-image-element fusion-image-align-center in-legacy-container\" style=\"text-align:center;--awb-caption-title-font-family:var(--h2_typography-font-family);--awb-caption-title-font-weight:var(--h2_typography-font-weight);--awb-caption-title-font-style:var(--h2_typography-font-style);--awb-caption-title-size:var(--h2_typography-font-size);--awb-caption-title-transform:var(--h2_typography-text-transform);--awb-caption-title-line-height:var(--h2_typography-line-height);--awb-caption-title-letter-spacing:var(--h2_typography-letter-spacing);\"><div class=\"imageframe-align-center\"><span class=\" fusion-imageframe imageframe-none imageframe-1 hover-type-none\"><a href=\"https:\/\/www.campinglesplatanesardeche.com\/wp-content\/uploads\/loisirs-02.jpg\" class=\"fusion-lightbox\" data-rel=\"iLightbox[loisirs]\" data-title=\"Wassergymnastik\" title=\"Wassergymnastik\"><img decoding=\"async\" width=\"600\" height=\"400\" alt=\"Wassergymnastik\" src=\"https:\/\/www.campinglesplatanesardeche.com\/wp-content\/uploads\/loisirs-02.jpg\" data-orig-src=\"https:\/\/www.campinglesplatanesardeche.com\/wp-content\/uploads\/loisirs-02-600x400.jpg\" class=\"lazyload img-responsive wp-image-820\" srcset=\"data:image\/svg+xml,%3Csvg%20xmlns%3D%27http%3A%2F%2Fwww.w3.org%2F2000%2Fsvg%27%20width%3D%271200%27%20height%3D%27795%27%20viewBox%3D%270%200%201200%20795%27%3E%3Crect%20width%3D%271200%27%20height%3D%27795%27%20fill-opacity%3D%220%22%2F%3E%3C%2Fsvg%3E\" data-srcset=\"https:\/\/www.campinglesplatanesardeche.com\/wp-content\/uploads\/loisirs-02-200x133.jpg 200w, https:\/\/www.campinglesplatanesardeche.com\/wp-content\/uploads\/loisirs-02-600x400.jpg 600w\" data-sizes=\"auto\" data-orig-sizes=\"(max-width: 900px) 100vw, 400px\" \/><\/a><\/span><\/div><\/div><div class=\"fusion-clearfix\"><\/div><\/div><\/div><div class=\"fusion-layout-column fusion_builder_column fusion-builder-column-4 fusion_builder_column_1_5 1_5 fusion-one-fifth\" style=\"--awb-bg-size:cover;width:20%;width:calc(20% - ( ( 30px + 5px + 5px + 5px ) * 0.2 ) );margin-right: 5px;\"><div class=\"fusion-column-wrapper fusion-flex-column-wrapper-legacy\"><div class=\"fusion-image-element fusion-image-align-center in-legacy-container\" style=\"text-align:center;--awb-caption-title-font-family:var(--h2_typography-font-family);--awb-caption-title-font-weight:var(--h2_typography-font-weight);--awb-caption-title-font-style:var(--h2_typography-font-style);--awb-caption-title-size:var(--h2_typography-font-size);--awb-caption-title-transform:var(--h2_typography-text-transform);--awb-caption-title-line-height:var(--h2_typography-line-height);--awb-caption-title-letter-spacing:var(--h2_typography-letter-spacing);\"><div class=\"imageframe-align-center\"><span class=\" fusion-imageframe imageframe-none imageframe-2 hover-type-none\"><a href=\"https:\/\/www.campinglesplatanesardeche.com\/wp-content\/uploads\/loisirs-01.jpg\" class=\"fusion-lightbox\" data-rel=\"iLightbox[loisirs]\" data-title=\"Spielplatz f\u00fcr Kinder\" title=\"Spielplatz f\u00fcr Kinder\"><img decoding=\"async\" width=\"600\" height=\"400\" alt=\"Spielplatz f\u00fcr Kinder\" src=\"data:image\/svg+xml,%3Csvg%20xmlns%3D%27http%3A%2F%2Fwww.w3.org%2F2000%2Fsvg%27%20width%3D%271200%27%20height%3D%27970%27%20viewBox%3D%270%200%201200%20970%27%3E%3Crect%20width%3D%271200%27%20height%3D%27970%27%20fill-opacity%3D%220%22%2F%3E%3C%2Fsvg%3E\" data-orig-src=\"https:\/\/www.campinglesplatanesardeche.com\/wp-content\/uploads\/loisirs-01-600x400.jpg\" class=\"lazyload img-responsive wp-image-818\"\/><\/a><\/span><\/div><\/div><div class=\"fusion-clearfix\"><\/div><\/div><\/div><div class=\"fusion-layout-column fusion_builder_column fusion-builder-column-5 fusion_builder_column_1_5 1_5 fusion-one-fifth\" style=\"--awb-bg-size:cover;width:20%;width:calc(20% - ( ( 30px + 5px + 5px + 5px ) * 0.2 ) );margin-right: 5px;\"><div class=\"fusion-column-wrapper fusion-flex-column-wrapper-legacy\"><div class=\"fusion-image-element fusion-image-align-center in-legacy-container\" style=\"text-align:center;--awb-caption-title-font-family:var(--h2_typography-font-family);--awb-caption-title-font-weight:var(--h2_typography-font-weight);--awb-caption-title-font-style:var(--h2_typography-font-style);--awb-caption-title-size:var(--h2_typography-font-size);--awb-caption-title-transform:var(--h2_typography-text-transform);--awb-caption-title-line-height:var(--h2_typography-line-height);--awb-caption-title-letter-spacing:var(--h2_typography-letter-spacing);\"><div class=\"imageframe-align-center\"><span class=\" fusion-imageframe imageframe-none imageframe-3 hover-type-none\"><a href=\"https:\/\/www.campinglesplatanesardeche.com\/wp-content\/uploads\/loisirs-10.jpg\" class=\"fusion-lightbox\" data-rel=\"iLightbox[loisirs]\" data-title=\"P\u00e9tanque\" title=\"P\u00e9tanque\"><img decoding=\"async\" width=\"600\" height=\"400\" alt=\"P\u00e9tanque\" src=\"data:image\/svg+xml,%3Csvg%20xmlns%3D%27http%3A%2F%2Fwww.w3.org%2F2000%2Fsvg%27%20width%3D%271200%27%20height%3D%27674%27%20viewBox%3D%270%200%201200%20674%27%3E%3Crect%20width%3D%271200%27%20height%3D%27674%27%20fill-opacity%3D%220%22%2F%3E%3C%2Fsvg%3E\" data-orig-src=\"https:\/\/www.campinglesplatanesardeche.com\/wp-content\/uploads\/loisirs-10-600x400.jpg\" class=\"lazyload img-responsive wp-image-848\"\/><\/a><\/span><\/div><\/div><div class=\"fusion-clearfix\"><\/div><\/div><\/div><div class=\"fusion-layout-column fusion_builder_column fusion-builder-column-6 fusion_builder_column_1_5 1_5 fusion-one-fifth fusion-column-last\" style=\"--awb-bg-size:cover;width:20%;width:calc(20% - ( ( 30px + 5px + 5px + 5px ) * 0.2 ) );\"><div class=\"fusion-column-wrapper fusion-flex-column-wrapper-legacy\"><div class=\"fusion-image-element fusion-image-align-center in-legacy-container\" style=\"text-align:center;--awb-caption-title-font-family:var(--h2_typography-font-family);--awb-caption-title-font-weight:var(--h2_typography-font-weight);--awb-caption-title-font-style:var(--h2_typography-font-style);--awb-caption-title-size:var(--h2_typography-font-size);--awb-caption-title-transform:var(--h2_typography-text-transform);--awb-caption-title-line-height:var(--h2_typography-line-height);--awb-caption-title-letter-spacing:var(--h2_typography-letter-spacing);\"><div class=\"imageframe-align-center\"><span class=\" fusion-imageframe imageframe-none imageframe-4 hover-type-none\"><a href=\"https:\/\/www.campinglesplatanesardeche.com\/wp-content\/uploads\/animation.jpg\" class=\"fusion-lightbox\" data-rel=\"iLightbox[loisirs]\" data-title=\"Abendunterhaltung\" title=\"Abendunterhaltung\"><img decoding=\"async\" width=\"600\" height=\"400\" alt=\"Abendunterhaltung\" src=\"https:\/\/www.campinglesplatanesardeche.com\/wp-content\/uploads\/animation.jpg\" data-orig-src=\"https:\/\/www.campinglesplatanesardeche.com\/wp-content\/uploads\/animation-600x400.jpg\" class=\"lazyload img-responsive wp-image-882\" srcset=\"data:image\/svg+xml,%3Csvg%20xmlns%3D%27http%3A%2F%2Fwww.w3.org%2F2000%2Fsvg%27%20width%3D%271200%27%20height%3D%27795%27%20viewBox%3D%270%200%201200%20795%27%3E%3Crect%20width%3D%271200%27%20height%3D%27795%27%20fill-opacity%3D%220%22%2F%3E%3C%2Fsvg%3E\" data-srcset=\"https:\/\/www.campinglesplatanesardeche.com\/wp-content\/uploads\/animation-200x133.jpg 200w, https:\/\/www.campinglesplatanesardeche.com\/wp-content\/uploads\/animation-600x400.jpg 600w\" data-sizes=\"auto\" data-orig-sizes=\"(max-width: 900px) 100vw, 400px\" \/><\/a><\/span><\/div><\/div><div class=\"fusion-clearfix\"><\/div><\/div><\/div><\/div><\/div><div class=\"fusion-fullwidth fullwidth-box fusion-builder-row-2 nonhundred-percent-fullwidth non-hundred-percent-height-scrolling\" style=\"--awb-border-radius-top-left:0px;--awb-border-radius-top-right:0px;--awb-border-radius-bottom-right:0px;--awb-border-radius-bottom-left:0px;--awb-margin-bottom:40px;--awb-flex-wrap:wrap;\" ><div class=\"fusion-builder-row fusion-row\"><div class=\"fusion-layout-column fusion_builder_column fusion-builder-column-7 fusion_builder_column_1_1 1_1 fusion-one-full fusion-column-first fusion-column-last\" style=\"--awb-bg-size:cover;\"><div class=\"fusion-column-wrapper fusion-flex-column-wrapper-legacy\"><div class=\"fusion-title title fusion-title-3 fusion-title-text fusion-title-size-two\"><h2 class=\"fusion-title-heading title-heading-left\" style=\"margin:0;\">Familien-Campingplatz 4 Sterne: Dienstleistungen<\/h2><span class=\"awb-title-spacer\"><\/span><div class=\"title-sep-container\"><div class=\"title-sep sep-single sep-solid\" style=\"border-color:#e0dede;\"><\/div><\/div><\/div><div class=\"fusion-clearfix\"><\/div><\/div><\/div><div class=\"fusion-layout-column fusion_builder_column fusion-builder-column-8 fusion_builder_column_1_1 1_1 fusion-one-full fusion-column-first fusion-column-last\" style=\"--awb-bg-size:cover;\"><div class=\"fusion-column-wrapper fusion-flex-column-wrapper-legacy\"><div class=\"fusion-text fusion-text-3\"><p>Neben einer au\u00dfergew\u00f6hnlichen Umgebung bietet unser Campingplatz mehrere qualitative Serviceleistungen, damit Ihr Eure <strong>Ferien in der Ard\u00e8che<\/strong> komplett auskosten k\u00f6nnt\u00a0:<\/p>\n<ul>\n<li>Ein Laden mit Brotwaren, Speiseeis, Zeitungen, Briefmarken&#8230;<\/li>\n<li>Eine <strong>Bar<\/strong>, ein\u00a0<strong>Restaurant<\/strong>, eine Eisdiele, eine Pizzeria; von Ostern bis September ge\u00f6ffnet.<\/li>\n<li>Ein Spielzimmer f\u00fcr Gro\u00df und Klein (Billard, Flipper, Video-Spiele&#8230;).<\/li>\n<li>Ein Kinderspielplatz, ein Bouleplatz, ein Volleyballfeld.<\/li>\n<li>Ein 500 m\u00b2 gro\u00dfer <strong>Wasserbereich<\/strong> mit 2 <strong>Schwimmbecken<\/strong> (maximale Tiefe 1,70 m) und einem 50 m\u00b2 gro\u00dfen <strong>Planschbecken<\/strong>.<\/li>\n<li>Zwei Sanit\u00e4ranlagen mit Warmwasserduschen, behindertengerechte H\u00fctten (eine f\u00fcr den Campingplatz Platanes 1 und eine f\u00fcr den Campingplatz Platanes 2), Waschmaschinen (mit Wertmarken), B\u00fcgelbretter und B\u00fcgeleisen vorhanden usw&#8230;<\/li>\n<\/ul>\n<\/div><div class=\"fusion-clearfix\"><\/div><\/div><\/div><div class=\"fusion-layout-column fusion_builder_column fusion-builder-column-9 fusion_builder_column_1_5 1_5 fusion-one-fifth fusion-column-first\" style=\"--awb-bg-size:cover;width:20%;width:calc(20% - ( ( 5px + 5px + 5px + 5px ) * 0.2 ) );margin-right: 5px;\"><div class=\"fusion-column-wrapper fusion-flex-column-wrapper-legacy\"><div class=\"fusion-image-element fusion-image-align-center in-legacy-container\" style=\"text-align:center;--awb-caption-title-font-family:var(--h2_typography-font-family);--awb-caption-title-font-weight:var(--h2_typography-font-weight);--awb-caption-title-font-style:var(--h2_typography-font-style);--awb-caption-title-size:var(--h2_typography-font-size);--awb-caption-title-transform:var(--h2_typography-text-transform);--awb-caption-title-line-height:var(--h2_typography-line-height);--awb-caption-title-letter-spacing:var(--h2_typography-letter-spacing);\"><div class=\"imageframe-align-center\"><span class=\" fusion-imageframe imageframe-none imageframe-5 hover-type-none\"><a href=\"https:\/\/www.campinglesplatanesardeche.com\/wp-content\/uploads\/espace-aquatique.jpg\" class=\"fusion-lightbox\" data-rel=\"iLightbox[camping]\" data-title=\"espace-aquatique\" title=\"espace-aquatique\"><img decoding=\"async\" width=\"600\" height=\"400\" alt=\"Espace aquatique\" src=\"https:\/\/www.campinglesplatanesardeche.com\/wp-content\/uploads\/espace-aquatique.jpg\" data-orig-src=\"https:\/\/www.campinglesplatanesardeche.com\/wp-content\/uploads\/espace-aquatique-600x400.jpg\" class=\"lazyload img-responsive wp-image-2535\" srcset=\"data:image\/svg+xml,%3Csvg%20xmlns%3D%27http%3A%2F%2Fwww.w3.org%2F2000%2Fsvg%27%20width%3D%271200%27%20height%3D%27795%27%20viewBox%3D%270%200%201200%20795%27%3E%3Crect%20width%3D%271200%27%20height%3D%27795%27%20fill-opacity%3D%220%22%2F%3E%3C%2Fsvg%3E\" data-srcset=\"https:\/\/www.campinglesplatanesardeche.com\/wp-content\/uploads\/espace-aquatique-200x133.jpg 200w, https:\/\/www.campinglesplatanesardeche.com\/wp-content\/uploads\/espace-aquatique-600x400.jpg 600w\" data-sizes=\"auto\" data-orig-sizes=\"(max-width: 900px) 100vw, 400px\" \/><\/a><\/span><\/div><\/div><div class=\"fusion-clearfix\"><\/div><\/div><\/div><div class=\"fusion-layout-column fusion_builder_column fusion-builder-column-10 fusion_builder_column_1_5 1_5 fusion-one-fifth\" style=\"--awb-bg-size:cover;width:20%;width:calc(20% - ( ( 5px + 5px + 5px + 5px ) * 0.2 ) );margin-right: 5px;\"><div class=\"fusion-column-wrapper fusion-flex-column-wrapper-legacy\"><div class=\"fusion-image-element fusion-image-align-center in-legacy-container\" style=\"text-align:center;--awb-caption-title-font-family:var(--h2_typography-font-family);--awb-caption-title-font-weight:var(--h2_typography-font-weight);--awb-caption-title-font-style:var(--h2_typography-font-style);--awb-caption-title-size:var(--h2_typography-font-size);--awb-caption-title-transform:var(--h2_typography-text-transform);--awb-caption-title-line-height:var(--h2_typography-line-height);--awb-caption-title-letter-spacing:var(--h2_typography-letter-spacing);\"><div class=\"imageframe-align-center\"><span class=\" fusion-imageframe imageframe-none imageframe-6 hover-type-none\"><a href=\"https:\/\/www.campinglesplatanesardeche.com\/wp-content\/uploads\/service-restaurant2.jpg\" class=\"fusion-lightbox\" data-rel=\"iLightbox[camping]\" data-title=\"Das Restaurant des Campingplatzes\" title=\"Das Restaurant des Campingplatzes\"><img decoding=\"async\" width=\"600\" height=\"400\" alt=\"Das Restaurant des Campingplatzes\" src=\"https:\/\/www.campinglesplatanesardeche.com\/wp-content\/uploads\/service-restaurant2.jpg\" data-orig-src=\"https:\/\/www.campinglesplatanesardeche.com\/wp-content\/uploads\/service-restaurant2-600x400.jpg\" class=\"lazyload img-responsive wp-image-866\" srcset=\"data:image\/svg+xml,%3Csvg%20xmlns%3D%27http%3A%2F%2Fwww.w3.org%2F2000%2Fsvg%27%20width%3D%271200%27%20height%3D%27795%27%20viewBox%3D%270%200%201200%20795%27%3E%3Crect%20width%3D%271200%27%20height%3D%27795%27%20fill-opacity%3D%220%22%2F%3E%3C%2Fsvg%3E\" data-srcset=\"https:\/\/www.campinglesplatanesardeche.com\/wp-content\/uploads\/service-restaurant2-200x133.jpg 200w, https:\/\/www.campinglesplatanesardeche.com\/wp-content\/uploads\/service-restaurant2-600x400.jpg 600w\" data-sizes=\"auto\" data-orig-sizes=\"(max-width: 900px) 100vw, 400px\" \/><\/a><\/span><\/div><\/div><div class=\"fusion-clearfix\"><\/div><\/div><\/div><div class=\"fusion-layout-column fusion_builder_column fusion-builder-column-11 fusion_builder_column_1_5 1_5 fusion-one-fifth\" style=\"--awb-bg-size:cover;width:20%;width:calc(20% - ( ( 5px + 5px + 5px + 5px ) * 0.2 ) );margin-right: 5px;\"><div class=\"fusion-column-wrapper fusion-flex-column-wrapper-legacy\"><div class=\"fusion-image-element fusion-image-align-center in-legacy-container\" style=\"text-align:center;--awb-caption-title-font-family:var(--h2_typography-font-family);--awb-caption-title-font-weight:var(--h2_typography-font-weight);--awb-caption-title-font-style:var(--h2_typography-font-style);--awb-caption-title-size:var(--h2_typography-font-size);--awb-caption-title-transform:var(--h2_typography-text-transform);--awb-caption-title-line-height:var(--h2_typography-line-height);--awb-caption-title-letter-spacing:var(--h2_typography-letter-spacing);\"><div class=\"imageframe-align-center\"><span class=\" fusion-imageframe imageframe-none imageframe-7 hover-type-none\"><a href=\"https:\/\/www.campinglesplatanesardeche.com\/wp-content\/uploads\/service-bar3.jpg\" class=\"fusion-lightbox\" data-rel=\"iLightbox[camping]\" data-title=\"Die Campingplatzbar\" title=\"Die Campingplatzbar\"><img decoding=\"async\" width=\"600\" height=\"400\" alt=\"Die Campingplatzbar\" src=\"https:\/\/www.campinglesplatanesardeche.com\/wp-content\/uploads\/service-bar3.jpg\" data-orig-src=\"https:\/\/www.campinglesplatanesardeche.com\/wp-content\/uploads\/service-bar3-600x400.jpg\" class=\"lazyload img-responsive wp-image-864\" srcset=\"data:image\/svg+xml,%3Csvg%20xmlns%3D%27http%3A%2F%2Fwww.w3.org%2F2000%2Fsvg%27%20width%3D%271200%27%20height%3D%27795%27%20viewBox%3D%270%200%201200%20795%27%3E%3Crect%20width%3D%271200%27%20height%3D%27795%27%20fill-opacity%3D%220%22%2F%3E%3C%2Fsvg%3E\" data-srcset=\"https:\/\/www.campinglesplatanesardeche.com\/wp-content\/uploads\/service-bar3-200x133.jpg 200w, https:\/\/www.campinglesplatanesardeche.com\/wp-content\/uploads\/service-bar3-600x400.jpg 600w\" data-sizes=\"auto\" data-orig-sizes=\"(max-width: 900px) 100vw, 400px\" \/><\/a><\/span><\/div><\/div><div class=\"fusion-clearfix\"><\/div><\/div><\/div><div class=\"fusion-layout-column fusion_builder_column fusion-builder-column-12 fusion_builder_column_1_5 1_5 fusion-one-fifth\" style=\"--awb-bg-size:cover;width:20%;width:calc(20% - ( ( 5px + 5px + 5px + 5px ) * 0.2 ) );margin-right: 5px;\"><div class=\"fusion-column-wrapper fusion-flex-column-wrapper-legacy\"><div class=\"fusion-image-element fusion-image-align-center in-legacy-container\" style=\"text-align:center;--awb-caption-title-font-family:var(--h2_typography-font-family);--awb-caption-title-font-weight:var(--h2_typography-font-weight);--awb-caption-title-font-style:var(--h2_typography-font-style);--awb-caption-title-size:var(--h2_typography-font-size);--awb-caption-title-transform:var(--h2_typography-text-transform);--awb-caption-title-line-height:var(--h2_typography-line-height);--awb-caption-title-letter-spacing:var(--h2_typography-letter-spacing);\"><div class=\"imageframe-align-center\"><span class=\" fusion-imageframe imageframe-none imageframe-8 hover-type-none\"><a href=\"https:\/\/www.campinglesplatanesardeche.com\/wp-content\/uploads\/service-jeux.jpg\" class=\"fusion-lightbox\" data-rel=\"iLightbox[camping]\" data-title=\"Spielzimmer\" title=\"Spielzimmer\"><img decoding=\"async\" width=\"600\" height=\"400\" alt=\"Spielzimmer\" src=\"https:\/\/www.campinglesplatanesardeche.com\/wp-content\/uploads\/service-jeux.jpg\" data-orig-src=\"https:\/\/www.campinglesplatanesardeche.com\/wp-content\/uploads\/service-jeux-600x400.jpg\" class=\"lazyload img-responsive wp-image-858\" srcset=\"data:image\/svg+xml,%3Csvg%20xmlns%3D%27http%3A%2F%2Fwww.w3.org%2F2000%2Fsvg%27%20width%3D%271200%27%20height%3D%27795%27%20viewBox%3D%270%200%201200%20795%27%3E%3Crect%20width%3D%271200%27%20height%3D%27795%27%20fill-opacity%3D%220%22%2F%3E%3C%2Fsvg%3E\" data-srcset=\"https:\/\/www.campinglesplatanesardeche.com\/wp-content\/uploads\/service-jeux-200x133.jpg 200w, https:\/\/www.campinglesplatanesardeche.com\/wp-content\/uploads\/service-jeux-600x400.jpg 600w\" data-sizes=\"auto\" data-orig-sizes=\"(max-width: 900px) 100vw, 400px\" \/><\/a><\/span><\/div><\/div><div class=\"fusion-clearfix\"><\/div><\/div><\/div><div class=\"fusion-layout-column fusion_builder_column fusion-builder-column-13 fusion_builder_column_1_5 1_5 fusion-one-fifth fusion-column-last\" style=\"--awb-bg-size:cover;width:20%;width:calc(20% - ( ( 5px + 5px + 5px + 5px ) * 0.2 ) );\"><div class=\"fusion-column-wrapper fusion-flex-column-wrapper-legacy\"><div class=\"fusion-image-element fusion-image-align-center in-legacy-container\" style=\"text-align:center;--awb-caption-title-font-family:var(--h2_typography-font-family);--awb-caption-title-font-weight:var(--h2_typography-font-weight);--awb-caption-title-font-style:var(--h2_typography-font-style);--awb-caption-title-size:var(--h2_typography-font-size);--awb-caption-title-transform:var(--h2_typography-text-transform);--awb-caption-title-line-height:var(--h2_typography-line-height);--awb-caption-title-letter-spacing:var(--h2_typography-letter-spacing);\"><div class=\"imageframe-align-center\"><span class=\" fusion-imageframe imageframe-none imageframe-9 hover-type-none\"><a href=\"https:\/\/www.campinglesplatanesardeche.com\/wp-content\/uploads\/piscine.jpg\" class=\"fusion-lightbox\" data-rel=\"iLightbox[camping]\" data-title=\"Das Schwimmbad des Campingplatzes\" title=\"Das Schwimmbad des Campingplatzes\"><img decoding=\"async\" width=\"600\" height=\"400\" alt=\"Das Schwimmbad des Campingplatzes\" src=\"data:image\/svg+xml,%3Csvg%20xmlns%3D%27http%3A%2F%2Fwww.w3.org%2F2000%2Fsvg%27%20width%3D%271200%27%20height%3D%27900%27%20viewBox%3D%270%200%201200%20900%27%3E%3Crect%20width%3D%271200%27%20height%3D%27900%27%20fill-opacity%3D%220%22%2F%3E%3C%2Fsvg%3E\" data-orig-src=\"https:\/\/www.campinglesplatanesardeche.com\/wp-content\/uploads\/piscine-600x400.jpg\" class=\"lazyload img-responsive wp-image-846\"\/><\/a><\/span><\/div><\/div><div class=\"fusion-clearfix\"><\/div><\/div><\/div><\/div><\/div><div class=\"fusion-fullwidth fullwidth-box fusion-builder-row-3 nonhundred-percent-fullwidth non-hundred-percent-height-scrolling\" style=\"--awb-border-radius-top-left:0px;--awb-border-radius-top-right:0px;--awb-border-radius-bottom-right:0px;--awb-border-radius-bottom-left:0px;--awb-margin-bottom:40px;--awb-flex-wrap:wrap;\" ><div class=\"fusion-builder-row fusion-row\"><div class=\"fusion-layout-column fusion_builder_column fusion-builder-column-14 fusion_builder_column_1_1 1_1 fusion-one-full fusion-column-first fusion-column-last\" style=\"--awb-bg-size:cover;\"><div class=\"fusion-column-wrapper fusion-flex-column-wrapper-legacy\"><div class=\"fusion-title title fusion-title-4 fusion-title-text fusion-title-size-two\"><h2 class=\"fusion-title-heading title-heading-left\" style=\"margin:0;\">Aktivit\u00e4ten au\u00dferhalb des Campingplatzes<\/h2><span class=\"awb-title-spacer\"><\/span><div class=\"title-sep-container\"><div class=\"title-sep sep-single sep-solid\" style=\"border-color:#e0dede;\"><\/div><\/div><\/div><div class=\"fusion-clearfix\"><\/div><\/div><\/div><div class=\"fusion-layout-column fusion_builder_column fusion-builder-column-15 fusion_builder_column_2_5 2_5 fusion-two-fifth fusion-column-first\" style=\"--awb-bg-size:cover;width:40%;width:calc(40% - ( ( 30px ) * 0.4 ) );margin-right: 30px;\"><div class=\"fusion-column-wrapper fusion-flex-column-wrapper-legacy\"><div class=\"fusion-text fusion-text-4\"><p>Viele strong&gt;Wander-und Mountainbike-Touren\u00a0sind m\u00f6glich, direkt vom Campingplatz.<\/p>\n<p>Zu Ostern, die Seite ist genossen von Fans des <strong>Kanufahrens<\/strong>.<\/p>\n<p>Je nach Ihren W\u00fcnschen k\u00f6nnen wir Aktivit\u00e4ten, die Sie entdecken oder wiederzuentdecken wollen organisieren :<\/p>\n<ul>\n<li><strong>Kanu verleih<\/strong>,<\/li>\n<li><strong>Radfahren<\/strong>,<\/li>\n<li><strong>Quadfahren<\/strong>,<\/li>\n<li><strong>Canyoning<\/strong>,<\/li>\n<li><strong>Reiten<\/strong>,<\/li>\n<li><strong>H\u00f6hlenforschung<\/strong>,<\/li>\n<li><strong>Klettern<\/strong>,<\/li>\n<li><strong>Tennis<\/strong>,<\/li>\n<li><strong>Paintball<\/strong>,<\/li>\n<li><strong>etc<\/strong>&#8230;<\/li>\n<\/ul>\n<\/div><div class=\"fusion-clearfix\"><\/div><\/div><\/div><div class=\"fusion-layout-column fusion_builder_column fusion-builder-column-16 fusion_builder_column_3_5 3_5 fusion-three-fifth fusion-column-last\" style=\"--awb-bg-size:cover;width:60%;width:calc(60% - ( ( 30px ) * 0.6 ) );\"><div class=\"fusion-column-wrapper fusion-flex-column-wrapper-legacy\"><div class=\"fusion-builder-row fusion-builder-row-inner fusion-row\"><div class=\"fusion-layout-column fusion_builder_column_inner fusion-builder-nested-column-0 fusion_builder_column_inner_1_3 1_3 fusion-one-third fusion-column-first\" style=\"--awb-bg-size:cover;--awb-margin-bottom:5px;width:33.333333333333%;width:calc(33.333333333333% - ( ( 5px + 5px ) * 0.33333333333333 ) );margin-right: 5px;\"><div class=\"fusion-column-wrapper fusion-flex-column-wrapper-legacy\"><div class=\"fusion-image-element fusion-image-align-center in-legacy-container\" style=\"text-align:center;--awb-caption-title-font-family:var(--h2_typography-font-family);--awb-caption-title-font-weight:var(--h2_typography-font-weight);--awb-caption-title-font-style:var(--h2_typography-font-style);--awb-caption-title-size:var(--h2_typography-font-size);--awb-caption-title-transform:var(--h2_typography-text-transform);--awb-caption-title-line-height:var(--h2_typography-line-height);--awb-caption-title-letter-spacing:var(--h2_typography-letter-spacing);\"><div class=\"imageframe-align-center\"><span class=\" fusion-imageframe imageframe-none imageframe-10 hover-type-none\"><a href=\"https:\/\/www.campinglesplatanesardeche.com\/wp-content\/uploads\/canoe.jpg\" class=\"fusion-lightbox\" data-rel=\"iLightbox[activites]\" data-title=\"Kanu auf der Ard\u00e8che\" title=\"Kanu auf der Ard\u00e8che\"><img decoding=\"async\" width=\"600\" height=\"400\" alt=\"Kanu auf der Ard\u00e8che\" src=\"data:image\/svg+xml,%3Csvg%20xmlns%3D%27http%3A%2F%2Fwww.w3.org%2F2000%2Fsvg%27%20width%3D%271200%27%20height%3D%27900%27%20viewBox%3D%270%200%201200%20900%27%3E%3Crect%20width%3D%271200%27%20height%3D%27900%27%20fill-opacity%3D%220%22%2F%3E%3C%2Fsvg%3E\" data-orig-src=\"https:\/\/www.campinglesplatanesardeche.com\/wp-content\/uploads\/canoe-600x400.jpg\" class=\"lazyload img-responsive wp-image-880\"\/><\/a><\/span><\/div><\/div><div class=\"fusion-clearfix\"><\/div><\/div><\/div><div class=\"fusion-layout-column fusion_builder_column_inner fusion-builder-nested-column-1 fusion_builder_column_inner_1_3 1_3 fusion-one-third\" style=\"--awb-bg-size:cover;--awb-margin-bottom:5px;width:33.333333333333%;width:calc(33.333333333333% - ( ( 5px + 5px ) * 0.33333333333333 ) );margin-right: 5px;\"><div class=\"fusion-column-wrapper fusion-flex-column-wrapper-legacy\"><div class=\"fusion-image-element fusion-image-align-center in-legacy-container\" style=\"text-align:center;--awb-caption-title-font-family:var(--h2_typography-font-family);--awb-caption-title-font-weight:var(--h2_typography-font-weight);--awb-caption-title-font-style:var(--h2_typography-font-style);--awb-caption-title-size:var(--h2_typography-font-size);--awb-caption-title-transform:var(--h2_typography-text-transform);--awb-caption-title-line-height:var(--h2_typography-line-height);--awb-caption-title-letter-spacing:var(--h2_typography-letter-spacing);\"><div class=\"imageframe-align-center\"><span class=\" fusion-imageframe imageframe-none imageframe-11 hover-type-none\"><a href=\"https:\/\/www.campinglesplatanesardeche.com\/wp-content\/uploads\/activite2.jpg\" class=\"fusion-lightbox\" data-rel=\"iLightbox[activites]\" data-title=\"Mountainbiken in der Ard\u00e8che\" title=\"Mountainbiken in der Ard\u00e8che\"><img decoding=\"async\" width=\"600\" height=\"400\" alt=\"Mountainbiken in der Ard\u00e8che\" src=\"data:image\/svg+xml,%3Csvg%20xmlns%3D%27http%3A%2F%2Fwww.w3.org%2F2000%2Fsvg%27%20width%3D%271200%27%20height%3D%27900%27%20viewBox%3D%270%200%201200%20900%27%3E%3Crect%20width%3D%271200%27%20height%3D%27900%27%20fill-opacity%3D%220%22%2F%3E%3C%2Fsvg%3E\" data-orig-src=\"https:\/\/www.campinglesplatanesardeche.com\/wp-content\/uploads\/activite2-600x400.jpg\" class=\"lazyload img-responsive wp-image-828\"\/><\/a><\/span><\/div><\/div><div class=\"fusion-clearfix\"><\/div><\/div><\/div><div class=\"fusion-layout-column fusion_builder_column_inner fusion-builder-nested-column-2 fusion_builder_column_inner_1_3 1_3 fusion-one-third fusion-column-last\" style=\"--awb-bg-size:cover;--awb-margin-bottom:5px;width:33.333333333333%;width:calc(33.333333333333% - ( ( 5px + 5px ) * 0.33333333333333 ) );\"><div class=\"fusion-column-wrapper fusion-flex-column-wrapper-legacy\"><div class=\"fusion-image-element fusion-image-align-center in-legacy-container\" style=\"text-align:center;--awb-caption-title-font-family:var(--h2_typography-font-family);--awb-caption-title-font-weight:var(--h2_typography-font-weight);--awb-caption-title-font-style:var(--h2_typography-font-style);--awb-caption-title-size:var(--h2_typography-font-size);--awb-caption-title-transform:var(--h2_typography-text-transform);--awb-caption-title-line-height:var(--h2_typography-line-height);--awb-caption-title-letter-spacing:var(--h2_typography-letter-spacing);\"><div class=\"imageframe-align-center\"><span class=\" fusion-imageframe imageframe-none imageframe-12 hover-type-none\"><a href=\"https:\/\/www.campinglesplatanesardeche.com\/wp-content\/uploads\/canyoning.jpg\" class=\"fusion-lightbox\" data-rel=\"iLightbox[activites]\" data-title=\"Canyoning in der Ard\u00e8che\" title=\"Canyoning in der Ard\u00e8che\"><img decoding=\"async\" width=\"600\" height=\"400\" alt=\"Canyoning in der Ard\u00e8che\" src=\"data:image\/svg+xml,%3Csvg%20xmlns%3D%27http%3A%2F%2Fwww.w3.org%2F2000%2Fsvg%27%20width%3D%271200%27%20height%3D%27900%27%20viewBox%3D%270%200%201200%20900%27%3E%3Crect%20width%3D%271200%27%20height%3D%27900%27%20fill-opacity%3D%220%22%2F%3E%3C%2Fsvg%3E\" data-orig-src=\"https:\/\/www.campinglesplatanesardeche.com\/wp-content\/uploads\/canyoning-600x400.jpg\" class=\"lazyload img-responsive wp-image-878\"\/><\/a><\/span><\/div><\/div><div class=\"fusion-clearfix\"><\/div><\/div><\/div><div class=\"fusion-layout-column fusion_builder_column_inner fusion-builder-nested-column-3 fusion_builder_column_inner_1_3 1_3 fusion-one-third fusion-column-first\" style=\"--awb-bg-size:cover;--awb-margin-bottom:5px;width:33.333333333333%;width:calc(33.333333333333% - ( ( 5px + 5px ) * 0.33333333333333 ) );margin-right: 5px;\"><div class=\"fusion-column-wrapper fusion-flex-column-wrapper-legacy\"><div class=\"fusion-image-element fusion-image-align-center in-legacy-container\" style=\"text-align:center;--awb-caption-title-font-family:var(--h2_typography-font-family);--awb-caption-title-font-weight:var(--h2_typography-font-weight);--awb-caption-title-font-style:var(--h2_typography-font-style);--awb-caption-title-size:var(--h2_typography-font-size);--awb-caption-title-transform:var(--h2_typography-text-transform);--awb-caption-title-line-height:var(--h2_typography-line-height);--awb-caption-title-letter-spacing:var(--h2_typography-letter-spacing);\"><div class=\"imageframe-align-center\"><span class=\" fusion-imageframe imageframe-none imageframe-13 hover-type-none\"><a href=\"https:\/\/www.campinglesplatanesardeche.com\/wp-content\/uploads\/activite3.jpg\" class=\"fusion-lightbox\" data-rel=\"iLightbox[activites]\" data-title=\"Reiten\" title=\"Reiten\"><img decoding=\"async\" width=\"600\" height=\"400\" alt=\"Reiten\" src=\"data:image\/svg+xml,%3Csvg%20xmlns%3D%27http%3A%2F%2Fwww.w3.org%2F2000%2Fsvg%27%20width%3D%27912%27%20height%3D%27684%27%20viewBox%3D%270%200%20912%20684%27%3E%3Crect%20width%3D%27912%27%20height%3D%27684%27%20fill-opacity%3D%220%22%2F%3E%3C%2Fsvg%3E\" data-orig-src=\"https:\/\/www.campinglesplatanesardeche.com\/wp-content\/uploads\/activite3-600x400.jpg\" class=\"lazyload img-responsive wp-image-826\"\/><\/a><\/span><\/div><\/div><div class=\"fusion-clearfix\"><\/div><\/div><\/div><div class=\"fusion-layout-column fusion_builder_column_inner fusion-builder-nested-column-4 fusion_builder_column_inner_1_3 1_3 fusion-one-third\" style=\"--awb-bg-size:cover;--awb-margin-bottom:5px;width:33.333333333333%;width:calc(33.333333333333% - ( ( 5px + 5px ) * 0.33333333333333 ) );margin-right: 5px;\"><div class=\"fusion-column-wrapper fusion-flex-column-wrapper-legacy\"><div class=\"fusion-image-element fusion-image-align-center in-legacy-container\" style=\"text-align:center;--awb-caption-title-font-family:var(--h2_typography-font-family);--awb-caption-title-font-weight:var(--h2_typography-font-weight);--awb-caption-title-font-style:var(--h2_typography-font-style);--awb-caption-title-size:var(--h2_typography-font-size);--awb-caption-title-transform:var(--h2_typography-text-transform);--awb-caption-title-line-height:var(--h2_typography-line-height);--awb-caption-title-letter-spacing:var(--h2_typography-letter-spacing);\"><div class=\"imageframe-align-center\"><span class=\" fusion-imageframe imageframe-none imageframe-14 hover-type-none\"><a href=\"https:\/\/www.campinglesplatanesardeche.com\/wp-content\/uploads\/activite1.jpg\" class=\"fusion-lightbox\" data-rel=\"iLightbox[activites]\" data-title=\"H\u00f6hlenforschung in der Ard\u00e8che\" title=\"H\u00f6hlenforschung in der Ard\u00e8che\"><img decoding=\"async\" width=\"600\" height=\"400\" alt=\"H\u00f6hlenforschung in der Ard\u00e8che\" src=\"data:image\/svg+xml,%3Csvg%20xmlns%3D%27http%3A%2F%2Fwww.w3.org%2F2000%2Fsvg%27%20width%3D%27912%27%20height%3D%27684%27%20viewBox%3D%270%200%20912%20684%27%3E%3Crect%20width%3D%27912%27%20height%3D%27684%27%20fill-opacity%3D%220%22%2F%3E%3C%2Fsvg%3E\" data-orig-src=\"https:\/\/www.campinglesplatanesardeche.com\/wp-content\/uploads\/activite1-600x400.jpg\" class=\"lazyload img-responsive wp-image-824\"\/><\/a><\/span><\/div><\/div><div class=\"fusion-clearfix\"><\/div><\/div><\/div><div class=\"fusion-layout-column fusion_builder_column_inner fusion-builder-nested-column-5 fusion_builder_column_inner_1_3 1_3 fusion-one-third fusion-column-last\" style=\"--awb-bg-size:cover;--awb-margin-bottom:5px;width:33.333333333333%;width:calc(33.333333333333% - ( ( 5px + 5px ) * 0.33333333333333 ) );\"><div class=\"fusion-column-wrapper fusion-flex-column-wrapper-legacy\"><div class=\"fusion-image-element fusion-image-align-center in-legacy-container\" style=\"text-align:center;--awb-caption-title-font-family:var(--h2_typography-font-family);--awb-caption-title-font-weight:var(--h2_typography-font-weight);--awb-caption-title-font-style:var(--h2_typography-font-style);--awb-caption-title-size:var(--h2_typography-font-size);--awb-caption-title-transform:var(--h2_typography-text-transform);--awb-caption-title-line-height:var(--h2_typography-line-height);--awb-caption-title-letter-spacing:var(--h2_typography-letter-spacing);\"><div class=\"imageframe-align-center\"><span class=\" fusion-imageframe imageframe-none imageframe-15 hover-type-none\"><a href=\"https:\/\/www.campinglesplatanesardeche.com\/wp-content\/uploads\/escalade.jpg\" class=\"fusion-lightbox\" data-rel=\"iLightbox[activites]\" data-title=\"Klettern in der Ard\u00e8che\" title=\"Klettern in der Ard\u00e8che\"><img decoding=\"async\" width=\"600\" height=\"400\" alt=\"Klettern in der Ard\u00e8che\" src=\"https:\/\/www.campinglesplatanesardeche.com\/wp-content\/uploads\/escalade.jpg\" data-orig-src=\"https:\/\/www.campinglesplatanesardeche.com\/wp-content\/uploads\/escalade-600x400.jpg\" class=\"lazyload img-responsive wp-image-876\" srcset=\"data:image\/svg+xml,%3Csvg%20xmlns%3D%27http%3A%2F%2Fwww.w3.org%2F2000%2Fsvg%27%20width%3D%271200%27%20height%3D%27799%27%20viewBox%3D%270%200%201200%20799%27%3E%3Crect%20width%3D%271200%27%20height%3D%27799%27%20fill-opacity%3D%220%22%2F%3E%3C%2Fsvg%3E\" data-srcset=\"https:\/\/www.campinglesplatanesardeche.com\/wp-content\/uploads\/escalade-200x133.jpg 200w, https:\/\/www.campinglesplatanesardeche.com\/wp-content\/uploads\/escalade-400x266.jpg 400w, https:\/\/www.campinglesplatanesardeche.com\/wp-content\/uploads\/escalade-600x400.jpg 600w, https:\/\/www.campinglesplatanesardeche.com\/wp-content\/uploads\/escalade-800x533.jpg 800w, https:\/\/www.campinglesplatanesardeche.com\/wp-content\/uploads\/escalade.jpg 1200w\" data-sizes=\"auto\" data-orig-sizes=\"(max-width: 900px) 100vw, 600px\" \/><\/a><\/span><\/div><\/div><div class=\"fusion-clearfix\"><\/div><\/div><\/div><\/div><div class=\"fusion-clearfix\"><\/div><\/div><\/div><div class=\"fusion-layout-column fusion_builder_column fusion-builder-column-17 fusion_builder_column_1_1 1_1 fusion-one-full fusion-column-first fusion-column-last\" style=\"--awb-bg-size:cover;\"><div class=\"fusion-column-wrapper fusion-flex-column-wrapper-legacy\"><div class=\"fusion-text fusion-text-5\"><p><i class=\"fb-icon-element-1 fb-icon-element fontawesome-icon fa-external-link-alt fas circle-no fusion-text-flow\" style=\"--awb-font-size:32px;--awb-margin-right:16px;\"><\/i> <a href=\"http:\/\/www.eauxvives.org\/fr\/rivieres\/voir\/beaume\" target=\"_blank\" rel=\"noopener noreferrer\"> Informieren Sie sich \u00fcber den Wasserstand der \u00ab La Beaume \u00bb Klicken Sie hier.<\/a><\/p>\n<\/div><div class=\"fusion-clearfix\"><\/div><\/div><\/div><\/div><\/div><\/p>\n","protected":false},"excerpt":{"rendered":"","protected":false},"author":1,"featured_media":0,"parent":0,"menu_order":0,"comment_status":"closed","ping_status":"closed","template":"","meta":{"footnotes":""},"class_list":["post-734","page","type-page","status-publish","hentry"],"_links":{"self":[{"href":"https:\/\/www.campinglesplatanesardeche.com\/de\/wp-json\/wp\/v2\/pages\/734","targetHints":{"allow":["GET"]}}],"collection":[{"href":"https:\/\/www.campinglesplatanesardeche.com\/de\/wp-json\/wp\/v2\/pages"}],"about":[{"href":"https:\/\/www.campinglesplatanesardeche.com\/de\/wp-json\/wp\/v2\/types\/page"}],"author":[{"embeddable":true,"href":"https:\/\/www.campinglesplatanesardeche.com\/de\/wp-json\/wp\/v2\/users\/1"}],"replies":[{"embeddable":true,"href":"https:\/\/www.campinglesplatanesardeche.com\/de\/wp-json\/wp\/v2\/comments?post=734"}],"version-history":[{"count":8,"href":"https:\/\/www.campinglesplatanesardeche.com\/de\/wp-json\/wp\/v2\/pages\/734\/revisions"}],"predecessor-version":[{"id":2537,"href":"https:\/\/www.campinglesplatanesardeche.com\/de\/wp-json\/wp\/v2\/pages\/734\/revisions\/2537"}],"wp:attachment":[{"href":"https:\/\/www.campinglesplatanesardeche.com\/de\/wp-json\/wp\/v2\/media?parent=734"}],"curies":[{"name":"wp","href":"https:\/\/api.w.org\/{rel}","templated":true}]}}