{"id":737,"date":"2018-12-18T10:17:21","date_gmt":"2018-12-18T09:17:21","guid":{"rendered":"https:\/\/www.campinglesplatanesardeche.com\/lardeche\/"},"modified":"2019-03-04T10:37:35","modified_gmt":"2019-03-04T09:37:35","slug":"der-ardeche","status":"publish","type":"page","link":"https:\/\/www.campinglesplatanesardeche.com\/de\/der-ardeche\/","title":{"rendered":"Der Ard\u00e8che"},"content":{"rendered":"<p><div class=\"fusion-fullwidth fullwidth-box fusion-builder-row-1 nonhundred-percent-fullwidth non-hundred-percent-height-scrolling\" style=\"--awb-border-radius-top-left:0px;--awb-border-radius-top-right:0px;--awb-border-radius-bottom-right:0px;--awb-border-radius-bottom-left:0px;--awb-flex-wrap:wrap;\" ><div class=\"fusion-builder-row fusion-row\"><div class=\"fusion-layout-column fusion_builder_column fusion-builder-column-0 fusion_builder_column_1_1 1_1 fusion-one-full fusion-column-first fusion-column-last\" style=\"--awb-bg-size:cover;\"><div class=\"fusion-column-wrapper fusion-flex-column-wrapper-legacy\"><div class=\"fusion-title title fusion-title-1 fusion-title-center fusion-title-text fusion-title-size-one\"><div class=\"title-sep-container title-sep-container-left\"><div class=\"title-sep sep-single sep-solid\" style=\"border-color:#e0dede;\"><\/div><\/div><span class=\"awb-title-spacer\"><\/span><h1 class=\"fusion-title-heading title-heading-center\" style=\"margin:0;\">Der <span class=\"nd\">Ard\u00e8che<\/span><\/h1><span class=\"awb-title-spacer\"><\/span><div class=\"title-sep-container title-sep-container-right\"><div class=\"title-sep sep-single sep-solid\" style=\"border-color:#e0dede;\"><\/div><\/div><\/div><div class=\"fusion-title title fusion-title-2 fusion-title-text fusion-title-size-two\"><h2 class=\"fusion-title-heading title-heading-left\" style=\"margin:0;\">Der s\u00fcdliche Ard\u00e8che : Natur-Reiseziel<\/h2><span class=\"awb-title-spacer\"><\/span><div class=\"title-sep-container\"><div class=\"title-sep sep-single sep-solid\" style=\"border-color:#e0dede;\"><\/div><\/div><\/div><div class=\"fusion-text fusion-text-1\"><p><strong>Der Ard\u00e8che<\/strong> ist ein Departement mit einer Vielzahl verschiedenster Landschaften.<\/p>\n<p>Der ber\u00fchmte <strong>Pont d&#8217;Arc<\/strong>, die <strong>Gorges de l&#8217;Ard\u00e8che<\/strong> (Schlucht), die typischen <strong>ardecher D\u00f6rfer<\/strong>, die Fl\u00fcsse Ard\u00e8che, Beaume und Chassezac, die Grotten, Karsth\u00f6hlen oder auch die gesch\u00fctzte Natur machen den Ard\u00e8che zum wichtigsten der Fremdenverkehrsdepartements ohne Meeresk\u00fcste.<\/p>\n<p>Unser <a href=\"\/de\/campingplatz\/\"><strong>Campingplatz<\/strong><\/a>, in der s\u00fcdlichen Ard\u00e8che gelegen, mit <a href=\"\/de\/mobilheime \/\"><strong>Mobilheime<\/strong><\/a>\u00a0und <a href=\"\/de\/Campingplatz\/\"><strong>Stellpl\u00e4tze<\/strong><\/a>, ist ideal gelegen, um all diese bemerkenswerten Sehensw\u00fcrdigkeiten zu entdecken.<\/p>\n<\/div><div class=\"fusion-clearfix\"><\/div><\/div><\/div><\/div><\/div><div class=\"fusion-fullwidth fullwidth-box fusion-builder-row-2 nonhundred-percent-fullwidth non-hundred-percent-height-scrolling\" style=\"--awb-border-radius-top-left:0px;--awb-border-radius-top-right:0px;--awb-border-radius-bottom-right:0px;--awb-border-radius-bottom-left:0px;--awb-flex-wrap:wrap;\" ><div class=\"fusion-builder-row fusion-row\"><div class=\"fusion-layout-column fusion_builder_column fusion-builder-column-1 fusion_builder_column_1_1 1_1 fusion-one-full fusion-column-first fusion-column-last\" style=\"--awb-bg-size:cover;\"><div class=\"fusion-column-wrapper fusion-flex-column-wrapper-legacy\"><div class=\"fusion-title title fusion-title-3 fusion-title-text fusion-title-size-two\"><h2 class=\"fusion-title-heading title-heading-left\" style=\"margin:0;\">Sehensw\u00fcrdigkeiten in der Ard\u00e8che<\/h2><span class=\"awb-title-spacer\"><\/span><div class=\"title-sep-container\"><div class=\"title-sep sep-single sep-solid\" style=\"border-color:#e0dede;\"><\/div><\/div><\/div><div class=\"fusion-clearfix\"><\/div><\/div><\/div><div class=\"fusion-layout-column fusion_builder_column fusion-builder-column-2 fusion_builder_column_1_3 1_3 fusion-one-third fusion-column-first bloc-activites\" style=\"--awb-bg-size:cover;width:33.333333333333%;width:calc(33.333333333333% - ( ( 4% + 4% ) * 0.33333333333333 ) );margin-right: 4%;\"><div class=\"fusion-column-wrapper fusion-flex-column-wrapper-legacy\"><div class=\"fusion-title title fusion-title-4 fusion-sep-none fusion-title-text fusion-title-size-three\"><h3 class=\"fusion-title-heading title-heading-left\" style=\"margin:0;\">Die Pont d&#8217;Arc, 15 km entfernt<\/h3><\/div><div class=\"fusion-image-element fusion-image-align-center in-legacy-container\" style=\"text-align:center;--awb-caption-title-font-family:var(--h2_typography-font-family);--awb-caption-title-font-weight:var(--h2_typography-font-weight);--awb-caption-title-font-style:var(--h2_typography-font-style);--awb-caption-title-size:var(--h2_typography-font-size);--awb-caption-title-transform:var(--h2_typography-text-transform);--awb-caption-title-line-height:var(--h2_typography-line-height);--awb-caption-title-letter-spacing:var(--h2_typography-letter-spacing);\"><div class=\"imageframe-align-center\"><span class=\" fusion-imageframe imageframe-none imageframe-1 hover-type-none\"><a href=\"https:\/\/www.campinglesplatanesardeche.com\/wp-content\/uploads\/ardeche6.jpg\" class=\"fusion-lightbox\" data-rel=\"iLightbox[activites]\" data-title=\"Der Pont d\u2019Arc\" title=\"Der Pont d\u2019Arc\"><img decoding=\"async\" width=\"600\" height=\"400\" alt=\"Der Pont d\u2019Arc\" src=\"data:image\/svg+xml,%3Csvg%20xmlns%3D%27http%3A%2F%2Fwww.w3.org%2F2000%2Fsvg%27%20width%3D%271200%27%20height%3D%27900%27%20viewBox%3D%270%200%201200%20900%27%3E%3Crect%20width%3D%271200%27%20height%3D%27900%27%20fill-opacity%3D%220%22%2F%3E%3C%2Fsvg%3E\" data-orig-src=\"https:\/\/www.campinglesplatanesardeche.com\/wp-content\/uploads\/ardeche6-600x400.jpg\" class=\"lazyload img-responsive wp-image-842\"\/><\/a><\/span><\/div><\/div><div class=\"fusion-text fusion-text-2\"><p>Der Pont d&#8217;Arc im Gemeindegebiet von <strong>Vallon Pont d&#8217;Arc<\/strong> ist ein nat\u00fcrlicher, etwa 30 Meter hoher Bogen, der unter den gro\u00dfen Sehensw\u00fcrdigkeiten Frankreichs gereiht ist.<\/p>\n<p>Der Pont d&#8217;Arc f\u00fchrt \u00fcber den Fluss Ard\u00e8che und kennzeichnet den Eingang des Naturschutzgebiets der Schlucht Gorges de l&#8217;Ard\u00e8che.<\/p>\n<\/div><div class=\"fusion-clearfix\"><\/div><\/div><\/div><div class=\"fusion-layout-column fusion_builder_column fusion-builder-column-3 fusion_builder_column_1_3 1_3 fusion-one-third bloc-activites\" style=\"--awb-bg-size:cover;width:33.333333333333%;width:calc(33.333333333333% - ( ( 4% + 4% ) * 0.33333333333333 ) );margin-right: 4%;\"><div class=\"fusion-column-wrapper fusion-flex-column-wrapper-legacy\"><div class=\"fusion-title title fusion-title-5 fusion-sep-none fusion-title-text fusion-title-size-three\"><h3 class=\"fusion-title-heading title-heading-left\" style=\"margin:0;\">Die Gorges der Ard\u00e8che<\/h3><\/div><div class=\"fusion-image-element fusion-image-align-center in-legacy-container\" style=\"text-align:center;--awb-caption-title-font-family:var(--h2_typography-font-family);--awb-caption-title-font-weight:var(--h2_typography-font-weight);--awb-caption-title-font-style:var(--h2_typography-font-style);--awb-caption-title-size:var(--h2_typography-font-size);--awb-caption-title-transform:var(--h2_typography-text-transform);--awb-caption-title-line-height:var(--h2_typography-line-height);--awb-caption-title-letter-spacing:var(--h2_typography-letter-spacing);\"><div class=\"imageframe-align-center\"><span class=\" fusion-imageframe imageframe-none imageframe-2 hover-type-none\"><a href=\"https:\/\/www.campinglesplatanesardeche.com\/wp-content\/uploads\/ardeche5.jpg\" class=\"fusion-lightbox\" data-rel=\"iLightbox[activites]\" data-title=\"Die Gorges der Ard\u00e8che\" title=\"Die Gorges der Ard\u00e8che\"><img decoding=\"async\" width=\"600\" height=\"400\" alt=\"Die Gorges der Ard\u00e8che\" src=\"data:image\/svg+xml,%3Csvg%20xmlns%3D%27http%3A%2F%2Fwww.w3.org%2F2000%2Fsvg%27%20width%3D%27912%27%20height%3D%27684%27%20viewBox%3D%270%200%20912%20684%27%3E%3Crect%20width%3D%27912%27%20height%3D%27684%27%20fill-opacity%3D%220%22%2F%3E%3C%2Fsvg%3E\" data-orig-src=\"https:\/\/www.campinglesplatanesardeche.com\/wp-content\/uploads\/ardeche5-600x400.jpg\" class=\"lazyload img-responsive wp-image-836\"\/><\/a><\/span><\/div><\/div><div class=\"fusion-text fusion-text-3\"><p>Der Schluchteingang befindet sich in Vallon Pont d&#8217;Arc und am Pont d&#8217;Arc.<\/p>\n<p>Er f\u00fchrt in eine drei\u00dfig Kilometer lange Schlucht die in Saint Martin d&#8217;Ard\u00e8che im S\u00fcden des Departements endet.<\/p>\n<p>Zahlreiche Touristen fahren jedes Jahr mit dem <a href=\"https:\/\/www.ardeche.com\/de\/kanufahren\/index.php\" target=\"_blank\" rel=\"noopener noreferrer\">Kanu<\/a> die Gorges de l&#8217;Ard\u00e8che hinunter.<\/p>\n<\/div><div class=\"fusion-clearfix\"><\/div><\/div><\/div><div class=\"fusion-layout-column fusion_builder_column fusion-builder-column-4 fusion_builder_column_1_3 1_3 fusion-one-third fusion-column-last bloc-activites\" style=\"--awb-bg-size:cover;width:33.333333333333%;width:calc(33.333333333333% - ( ( 4% + 4% ) * 0.33333333333333 ) );\"><div class=\"fusion-column-wrapper fusion-flex-column-wrapper-legacy\"><div class=\"fusion-title title fusion-title-6 fusion-sep-none fusion-title-text fusion-title-size-three\"><h3 class=\"fusion-title-heading title-heading-left\" style=\"margin:0;\">Die typischen Orte des Ard\u00e8che<\/h3><\/div><div class=\"fusion-image-element fusion-image-align-center in-legacy-container\" style=\"text-align:center;--awb-caption-title-font-family:var(--h2_typography-font-family);--awb-caption-title-font-weight:var(--h2_typography-font-weight);--awb-caption-title-font-style:var(--h2_typography-font-style);--awb-caption-title-size:var(--h2_typography-font-size);--awb-caption-title-transform:var(--h2_typography-text-transform);--awb-caption-title-line-height:var(--h2_typography-line-height);--awb-caption-title-letter-spacing:var(--h2_typography-letter-spacing);\"><div class=\"imageframe-align-center\"><span class=\" fusion-imageframe imageframe-none imageframe-3 hover-type-none\"><a href=\"https:\/\/www.campinglesplatanesardeche.com\/wp-content\/uploads\/ardeche4.jpg\" class=\"fusion-lightbox\" data-rel=\"iLightbox[activites]\" data-title=\"Balazuc &#8211; typischen Orte des Ard\u00e8che\" title=\"Balazuc &#8211; typischen Orte des Ard\u00e8che\"><img decoding=\"async\" width=\"600\" height=\"400\" alt=\"Balazuc - typischen Orte des Ard\u00e8che\" src=\"data:image\/svg+xml,%3Csvg%20xmlns%3D%27http%3A%2F%2Fwww.w3.org%2F2000%2Fsvg%27%20width%3D%27912%27%20height%3D%27684%27%20viewBox%3D%270%200%20912%20684%27%3E%3Crect%20width%3D%27912%27%20height%3D%27684%27%20fill-opacity%3D%220%22%2F%3E%3C%2Fsvg%3E\" data-orig-src=\"https:\/\/www.campinglesplatanesardeche.com\/wp-content\/uploads\/ardeche4-600x400.jpg\" class=\"lazyload img-responsive wp-image-838\"\/><\/a><\/span><\/div><\/div><div class=\"fusion-text fusion-text-4\"><p>Die Orte Balazuc, Vogu\u00eb und Labeaume sind unter den sch\u00f6nsten Orten Frankreichs gereiht und eine Besichtigung dieser D\u00f6rfer wird nachdr\u00fccklich empfohlen.<\/p>\n<p>Das typische Dorf Labeaume ist vom Campingplatz aus direkt zu Fu\u00df \u00fcber den Pfad der Schlucht von &#8222;La Beaume&#8220; zug\u00e4nglich (Wanderung hin und retour 8 km).<\/p>\n<p>Das Departement Ard\u00e8che verleiht den typischen D\u00f6rfern ebenfalls ein G\u00fctezeichen, derzeit haben dieses mehr als zwanzig Orte im Ard\u00e8che erhalten.<\/p>\n<\/div><div class=\"fusion-clearfix\"><\/div><\/div><\/div><div class=\"fusion-layout-column fusion_builder_column fusion-builder-column-5 fusion_builder_column_1_3 1_3 fusion-one-third fusion-column-first bloc-activites\" style=\"--awb-bg-size:cover;width:33.333333333333%;width:calc(33.333333333333% - ( ( 4% + 4% ) * 0.33333333333333 ) );margin-right: 4%;\"><div class=\"fusion-column-wrapper fusion-flex-column-wrapper-legacy\"><div class=\"fusion-title title fusion-title-7 fusion-sep-none fusion-title-text fusion-title-size-three\"><h3 class=\"fusion-title-heading title-heading-left\" style=\"margin:0;\">Die Fl\u00fcsse<\/h3><\/div><div class=\"fusion-image-element fusion-image-align-center in-legacy-container\" style=\"text-align:center;--awb-caption-title-font-family:var(--h2_typography-font-family);--awb-caption-title-font-weight:var(--h2_typography-font-weight);--awb-caption-title-font-style:var(--h2_typography-font-style);--awb-caption-title-size:var(--h2_typography-font-size);--awb-caption-title-transform:var(--h2_typography-text-transform);--awb-caption-title-line-height:var(--h2_typography-line-height);--awb-caption-title-letter-spacing:var(--h2_typography-letter-spacing);\"><div class=\"imageframe-align-center\"><span class=\" fusion-imageframe imageframe-none imageframe-4 hover-type-none\"><a href=\"https:\/\/www.campinglesplatanesardeche.com\/wp-content\/uploads\/ardeche7.jpg\" class=\"fusion-lightbox\" data-rel=\"iLightbox[activites]\" data-title=\"Kanu auf der Ard\u00e8che\" title=\"Kanu auf der Ard\u00e8che\"><img decoding=\"async\" width=\"600\" height=\"400\" alt=\"Kanu auf der Ard\u00e8che\" src=\"data:image\/svg+xml,%3Csvg%20xmlns%3D%27http%3A%2F%2Fwww.w3.org%2F2000%2Fsvg%27%20width%3D%271093%27%20height%3D%27476%27%20viewBox%3D%270%200%201093%20476%27%3E%3Crect%20width%3D%271093%27%20height%3D%27476%27%20fill-opacity%3D%220%22%2F%3E%3C%2Fsvg%3E\" data-orig-src=\"https:\/\/www.campinglesplatanesardeche.com\/wp-content\/uploads\/ardeche7-600x400.jpg\" class=\"lazyload img-responsive wp-image-830\"\/><\/a><\/span><\/div><\/div><div class=\"fusion-text fusion-text-5\"><p>Der Ard\u00e8che entspringt in 1467 m H\u00f6he, in der N\u00e4he des Col de la Chavade auf dem Ardecher Plateau, um dem extremen S\u00fcden des Departements zuzuflie\u00dfen.<\/p>\n<p>Die wichtigsten Nebenfl\u00fcsse des Ard\u00e8che sind der Chassezac, Labeaume, Volane usw&#8230;.<br \/>\nDie <strong>Abfahrt des Ard\u00e8che im Kanu<\/strong> steht zwischen Mai und Oktober jedermann offen.<br \/>\nEs gibt im s\u00fcdlichen Ard\u00e8che zahlreiche Kanuvermieter.<\/p>\n<p>Die Beaume, die dem Campingplatz entlang flie\u00dft, kann im Fr\u00fchling hinunter gefahren werden, wenn die gef\u00fchrte Wassermenge ausreichend ist.<\/p>\n<\/div><div class=\"fusion-clearfix\"><\/div><\/div><\/div><div class=\"fusion-layout-column fusion_builder_column fusion-builder-column-6 fusion_builder_column_1_3 1_3 fusion-one-third bloc-activites\" style=\"--awb-bg-size:cover;width:33.333333333333%;width:calc(33.333333333333% - ( ( 4% + 4% ) * 0.33333333333333 ) );margin-right: 4%;\"><div class=\"fusion-column-wrapper fusion-flex-column-wrapper-legacy\"><div class=\"fusion-title title fusion-title-8 fusion-sep-none fusion-title-text fusion-title-size-three\"><h3 class=\"fusion-title-heading title-heading-left\" style=\"margin:0;\">Die Grotten<\/h3><\/div><div class=\"fusion-image-element fusion-image-align-center in-legacy-container\" style=\"text-align:center;--awb-caption-title-font-family:var(--h2_typography-font-family);--awb-caption-title-font-weight:var(--h2_typography-font-weight);--awb-caption-title-font-style:var(--h2_typography-font-style);--awb-caption-title-size:var(--h2_typography-font-size);--awb-caption-title-transform:var(--h2_typography-text-transform);--awb-caption-title-line-height:var(--h2_typography-line-height);--awb-caption-title-letter-spacing:var(--h2_typography-letter-spacing);\"><div class=\"imageframe-align-center\"><span class=\" fusion-imageframe imageframe-none imageframe-5 hover-type-none\"><a href=\"https:\/\/www.campinglesplatanesardeche.com\/wp-content\/uploads\/ardeche2.jpg\" class=\"fusion-lightbox\" data-rel=\"iLightbox[activites]\" data-title=\"Die Grotte Chauvet &#8211; Pont d&#8217;Arc &#8211; Le panneau des lions\u00a9Patrick-Aventurier\" title=\"Die Grotte Chauvet &#8211; Pont d&#8217;Arc &#8211; Le panneau des lions\u00a9Patrick-Aventurier\"><img decoding=\"async\" width=\"600\" height=\"400\" alt=\"Die Grotte Chauvet - Pont d&#039;Arc - Le panneau des lions \u00a9Patrick Aventurier\" src=\"https:\/\/www.campinglesplatanesardeche.com\/wp-content\/uploads\/ardeche2.jpg\" data-orig-src=\"https:\/\/www.campinglesplatanesardeche.com\/wp-content\/uploads\/ardeche2-600x400.jpg\" class=\"lazyload img-responsive wp-image-840\" srcset=\"data:image\/svg+xml,%3Csvg%20xmlns%3D%27http%3A%2F%2Fwww.w3.org%2F2000%2Fsvg%27%20width%3D%271200%27%20height%3D%27800%27%20viewBox%3D%270%200%201200%20800%27%3E%3Crect%20width%3D%271200%27%20height%3D%27800%27%20fill-opacity%3D%220%22%2F%3E%3C%2Fsvg%3E\" data-srcset=\"https:\/\/www.campinglesplatanesardeche.com\/wp-content\/uploads\/ardeche2-200x133.jpg 200w, https:\/\/www.campinglesplatanesardeche.com\/wp-content\/uploads\/ardeche2-400x267.jpg 400w, https:\/\/www.campinglesplatanesardeche.com\/wp-content\/uploads\/ardeche2-600x400.jpg 600w, https:\/\/www.campinglesplatanesardeche.com\/wp-content\/uploads\/ardeche2-800x533.jpg 800w, https:\/\/www.campinglesplatanesardeche.com\/wp-content\/uploads\/ardeche2.jpg 1200w\" data-sizes=\"auto\" data-orig-sizes=\"(max-width: 900px) 100vw, 600px\" \/><\/a><\/span><\/div><\/div><div class=\"fusion-text fusion-text-6\"><p>Die <strong>Grotte Chauvet<\/strong> &#8211; Pont d&#8217;Arc, die am 18. Dezember 1994 in Vallon Pont d&#8217;Arc entdeckt wurde, besitzt 32.000 Jahre alte Wandmalereien.<\/p>\n<p>Damit ist sie die \u00e4lteste vorgeschichtliche H\u00f6hle der Welt, die derzeit bekannt ist.<br \/>\nDie Besichtigung der Grotte Chauvet &#8211; Pont d&#8217;Arc ist f\u00fcr die \u00d6ffentlichkeit ab 2014 in einem Wiedergabebereich ge\u00f6ffnet.<\/p>\n<p>Das Departement Ard\u00e8che verf\u00fcgt noch \u00fcber zahlreiche andere Grotten, die dem Publikum zug\u00e4nglich sind: Die Grotte Aven d&#8217;Orgnac, die Madeleine-Grotte usw&#8230;<\/p>\n<\/div><div class=\"fusion-clearfix\"><\/div><\/div><\/div><div class=\"fusion-layout-column fusion_builder_column fusion-builder-column-7 fusion_builder_column_1_3 1_3 fusion-one-third fusion-column-last bloc-activites\" style=\"--awb-bg-size:cover;width:33.333333333333%;width:calc(33.333333333333% - ( ( 4% + 4% ) * 0.33333333333333 ) );\"><div class=\"fusion-column-wrapper fusion-flex-column-wrapper-legacy\"><div class=\"fusion-title title fusion-title-9 fusion-sep-none fusion-title-text fusion-title-size-three\"><h3 class=\"fusion-title-heading title-heading-left\" style=\"margin:0;\">Eine gesch\u00fctzte Natur<\/h3><\/div><div class=\"fusion-image-element fusion-image-align-center in-legacy-container\" style=\"text-align:center;--awb-caption-title-font-family:var(--h2_typography-font-family);--awb-caption-title-font-weight:var(--h2_typography-font-weight);--awb-caption-title-font-style:var(--h2_typography-font-style);--awb-caption-title-size:var(--h2_typography-font-size);--awb-caption-title-transform:var(--h2_typography-text-transform);--awb-caption-title-line-height:var(--h2_typography-line-height);--awb-caption-title-letter-spacing:var(--h2_typography-letter-spacing);\"><div class=\"imageframe-align-center\"><span class=\" fusion-imageframe imageframe-none imageframe-6 hover-type-none\"><a href=\"https:\/\/www.campinglesplatanesardeche.com\/wp-content\/uploads\/ardeche1.jpg\" class=\"fusion-lightbox\" data-rel=\"iLightbox[activites]\" data-title=\"Ard\u00e8che Landschaft\" title=\"Ard\u00e8che Landschaft\"><img decoding=\"async\" width=\"600\" height=\"400\" alt=\"Ard\u00e8che Landschaft\" src=\"data:image\/svg+xml,%3Csvg%20xmlns%3D%27http%3A%2F%2Fwww.w3.org%2F2000%2Fsvg%27%20width%3D%271093%27%20height%3D%27476%27%20viewBox%3D%270%200%201093%20476%27%3E%3Crect%20width%3D%271093%27%20height%3D%27476%27%20fill-opacity%3D%220%22%2F%3E%3C%2Fsvg%3E\" data-orig-src=\"https:\/\/www.campinglesplatanesardeche.com\/wp-content\/uploads\/ardeche1-600x400.jpg\" class=\"lazyload img-responsive wp-image-832\"\/><\/a><\/span><\/div><\/div><div class=\"fusion-text fusion-text-7\"><p>Das Departement Ard\u00e8che ist ein l\u00e4ndliches Departement das es verstanden hat, seine Landschaften, nat\u00fcrlichen Wasserl\u00e4ufe und typischen Wege intakt zu halten, die zu ebenso typischen D\u00f6rfern f\u00fchren.<\/p>\n<\/div><div class=\"fusion-clearfix\"><\/div><\/div><\/div><div class=\"fusion-layout-column fusion_builder_column fusion-builder-column-8 fusion_builder_column_2_3 2_3 fusion-two-third fusion-column-first\" style=\"--awb-bg-size:cover;width:66.666666666667%;width:calc(66.666666666667% - ( ( 4% ) * 0.66666666666667 ) );margin-right: 4%;\"><div class=\"fusion-column-wrapper fusion-flex-column-wrapper-legacy\"><div class=\"fusion-title title fusion-title-10 fusion-sep-none fusion-title-text fusion-title-size-three\"><h3 class=\"fusion-title-heading title-heading-left\" style=\"margin:0;\">Die M\u00e4rkte<\/h3><\/div><div class=\"fusion-text fusion-text-8\"><p>Der S\u00fcd-Ard\u00e8che bietet zahlreiche M\u00e4rkte, die Morgens oder Abends besucht werden k\u00f6nnen. Sie k\u00f6nnen dort die heimischen Produkte kennen lernen. Die bekanntesten M\u00e4rkte sind jene von Joyeuse Vans, jeweils 5 und 10 km vom Campingplatz entfernt.<\/p>\n<p>Der <strong>Camping des Platanes in Rosi\u00e8res<\/strong> hat eine ideale Lage um es Ihnen zu erm\u00f6glichen, die mannigfaltigen Landschaften zu entdecken, die Ihnen in einem Umkreis von etwa zwanzig Kilometern geboten werden: Vom Gebirge des Pi\u00e9mont C\u00e9venol bis zum Heideland der Gorges de l&#8217;Ard\u00e8che.<\/p>\n<\/div><div class=\"fusion-clearfix\"><\/div><\/div><\/div><div class=\"fusion-layout-column fusion_builder_column fusion-builder-column-9 fusion_builder_column_1_3 1_3 fusion-one-third fusion-column-last\" style=\"--awb-bg-size:cover;width:33.333333333333%;width:calc(33.333333333333% - ( ( 4% ) * 0.33333333333333 ) );\"><div class=\"fusion-column-wrapper fusion-flex-column-wrapper-legacy\"><div class=\"fusion-image-element fusion-image-align-center in-legacy-container\" style=\"text-align:center;--awb-caption-title-font-family:var(--h2_typography-font-family);--awb-caption-title-font-weight:var(--h2_typography-font-weight);--awb-caption-title-font-style:var(--h2_typography-font-style);--awb-caption-title-size:var(--h2_typography-font-size);--awb-caption-title-transform:var(--h2_typography-text-transform);--awb-caption-title-line-height:var(--h2_typography-line-height);--awb-caption-title-letter-spacing:var(--h2_typography-letter-spacing);\"><div class=\"imageframe-align-center\"><span class=\" fusion-imageframe imageframe-none imageframe-7 hover-type-none\"><a href=\"https:\/\/www.campinglesplatanesardeche.com\/wp-content\/uploads\/ardeche3.jpg\" class=\"fusion-lightbox\" data-rel=\"iLightbox[activites]\" data-title=\"M\u00e4rkte &#8211; Les Vans\" title=\"M\u00e4rkte &#8211; Les Vans\"><img decoding=\"async\" width=\"600\" height=\"400\" alt=\"M\u00e4rkte - Les Vans\" src=\"data:image\/svg+xml,%3Csvg%20xmlns%3D%27http%3A%2F%2Fwww.w3.org%2F2000%2Fsvg%27%20width%3D%27912%27%20height%3D%27684%27%20viewBox%3D%270%200%20912%20684%27%3E%3Crect%20width%3D%27912%27%20height%3D%27684%27%20fill-opacity%3D%220%22%2F%3E%3C%2Fsvg%3E\" data-orig-src=\"https:\/\/www.campinglesplatanesardeche.com\/wp-content\/uploads\/ardeche3-600x400.jpg\" class=\"lazyload img-responsive wp-image-834\"\/><\/a><\/span><\/div><\/div><div class=\"fusion-clearfix\"><\/div><\/div><\/div><\/div><\/div><\/p>\n","protected":false},"excerpt":{"rendered":"","protected":false},"author":1,"featured_media":0,"parent":0,"menu_order":0,"comment_status":"closed","ping_status":"closed","template":"","meta":{"footnotes":""},"class_list":["post-737","page","type-page","status-publish","hentry"],"_links":{"self":[{"href":"https:\/\/www.campinglesplatanesardeche.com\/de\/wp-json\/wp\/v2\/pages\/737","targetHints":{"allow":["GET"]}}],"collection":[{"href":"https:\/\/www.campinglesplatanesardeche.com\/de\/wp-json\/wp\/v2\/pages"}],"about":[{"href":"https:\/\/www.campinglesplatanesardeche.com\/de\/wp-json\/wp\/v2\/types\/page"}],"author":[{"embeddable":true,"href":"https:\/\/www.campinglesplatanesardeche.com\/de\/wp-json\/wp\/v2\/users\/1"}],"replies":[{"embeddable":true,"href":"https:\/\/www.campinglesplatanesardeche.com\/de\/wp-json\/wp\/v2\/comments?post=737"}],"version-history":[{"count":4,"href":"https:\/\/www.campinglesplatanesardeche.com\/de\/wp-json\/wp\/v2\/pages\/737\/revisions"}],"predecessor-version":[{"id":1115,"href":"https:\/\/www.campinglesplatanesardeche.com\/de\/wp-json\/wp\/v2\/pages\/737\/revisions\/1115"}],"wp:attachment":[{"href":"https:\/\/www.campinglesplatanesardeche.com\/de\/wp-json\/wp\/v2\/media?parent=737"}],"curies":[{"name":"wp","href":"https:\/\/api.w.org\/{rel}","templated":true}]}}