{"id":742,"date":"2017-10-02T17:52:09","date_gmt":"2017-10-02T15:52:09","guid":{"rendered":"https:\/\/www.campinglesplatanesardeche.com\/accueil\/"},"modified":"2026-01-09T13:13:02","modified_gmt":"2026-01-09T12:13:02","slug":"accueil","status":"publish","type":"page","link":"https:\/\/www.campinglesplatanesardeche.com\/de\/","title":{"rendered":"Accueil"},"content":{"rendered":"<p><div class=\"fusion-fullwidth fullwidth-box fusion-builder-row-1 fusion-flex-container has-pattern-background has-mask-background hundred-percent-fullwidth non-hundred-percent-height-scrolling\" style=\"--awb-border-radius-top-left:0px;--awb-border-radius-top-right:0px;--awb-border-radius-bottom-right:0px;--awb-border-radius-bottom-left:0px;--awb-padding-top:0px;--awb-padding-right:0px;--awb-padding-bottom:0px;--awb-padding-left:0px;--awb-margin-top:50px;--awb-margin-bottom:50px;--awb-flex-wrap:wrap;\" ><div class=\"fusion-builder-row fusion-row fusion-flex-align-items-center fusion-flex-justify-content-space-between fusion-flex-content-wrap\" style=\"width:104% !important;max-width:104% !important;margin-left: calc(-4% \/ 2 );margin-right: calc(-4% \/ 2 );\"><div class=\"fusion-layout-column fusion_builder_column fusion-builder-column-0 fusion_builder_column_1_2 1_2 fusion-flex-column fusion-flex-align-self-stretch\" style=\"--awb-padding-top:15px;--awb-padding-right:100px;--awb-padding-bottom:15px;--awb-padding-left:80px;--awb-padding-top-medium:0px;--awb-padding-right-medium:15px;--awb-padding-bottom-medium:0px;--awb-padding-left-medium:15px;--awb-padding-top-small:0px;--awb-padding-right-small:0px;--awb-padding-bottom-small:0px;--awb-padding-left-small:0px;--awb-bg-size:cover;--awb-width-large:50%;--awb-margin-top-large:0px;--awb-spacing-right-large:15px;--awb-margin-bottom-large:0px;--awb-spacing-left-large:15px;--awb-width-medium:100%;--awb-order-medium:0;--awb-spacing-right-medium:1.92%;--awb-spacing-left-medium:1.92%;--awb-width-small:100%;--awb-order-small:0;--awb-spacing-right-small:1.92%;--awb-spacing-left-small:1.92%;\" id=\"edito\" data-scroll-devices=\"small-visibility,medium-visibility,large-visibility\"><div class=\"fusion-column-wrapper fusion-column-has-shadow fusion-flex-justify-content-center fusion-content-layout-column\"><div class=\"fusion-title title fusion-title-1 fusion-sep-none fusion-title-text fusion-title-size-one\"><h1 class=\"fusion-title-heading title-heading-left\" style=\"margin:0;\">Campingplatz in der Ard\u00e8che bei Rosi\u00e8res,<span class=\"stitle\">mit Schwimmbad, nur einen Steinwurf von Joyeuse<\/span><\/h1><\/div><div class=\"fusion-title title fusion-title-2 fusion-sep-none fusion-title-text fusion-title-size-two\" style=\"--awb-margin-top:30px;\"><h2 class=\"fusion-title-heading title-heading-left\" style=\"margin:0;\"><span class=\"nd\">Unvergesslicher Urlaub im Ard\u00e8che!<\/span><\/h2><\/div><div class=\"fusion-text fusion-text-1\"><p>Inmitten von Felsschluchten der &#8222;BEAUME&#8220; finden Sie den, Campingplatz <strong>Les Platanes<\/strong> an einem au\u03b2ergew\u00f6hnlichen Ort am Flussufer, umgeben von Weinfeldern und Felsw\u00e4nden aus Kalkgestein.<\/p>\n<p>Mit seiner idealen Lage <strong>im s\u00fcdlichen Ard\u00e8che<\/strong> erm\u00f6glicht es Ihnen der Camping des Platanes, zahlreiche Sehensw\u00fcrdigkeiten im Ard\u00e8che zu entdecken.<\/p>\n<p>Ebenfalls sehenswert sind die ardeche Orte Balazuc oder Vogu\u00eb, die unter den sch\u00f6nsten D\u00f6rfern gereiht sind, aber auch doe Touristenst\u00e4dte des S\u00fcd-Ard\u00e8che Vallon Pont d&#8217;Arc, Ruoms oder Joyeuse.<\/p>\n<\/div><a name=\"btnFullscreen\" class=\"btn-video-accueil\" href=\"\/wp-content\/uploads\/piscine-camping-les-platanes.mp4\" data-rel=\"iLightbox\" data-options=\"width:1280, height:720, html5video: { webm: '', autoplay:1, poster: '' }\" data-caption=\"\" data-alt=\"\"><i class=\"picto-video\"><\/i>Video vom Swimmingpool des Campingplatzes<\/a><\/div><\/div><div class=\"fusion-layout-column fusion_builder_column fusion-builder-column-1 fusion_builder_column_1_2 1_2 fusion-flex-column fusion-flex-align-self-stretch\" style=\"--awb-padding-top:0px;--awb-padding-right:0px;--awb-padding-bottom:0px;--awb-padding-left:0px;--awb-bg-size:cover;--awb-width-large:50%;--awb-margin-top-large:0px;--awb-spacing-right-large:0px;--awb-margin-bottom-large:0px;--awb-spacing-left-large:0px;--awb-width-medium:100%;--awb-order-medium:0;--awb-spacing-right-medium:1.92%;--awb-spacing-left-medium:1.92%;--awb-width-small:100%;--awb-order-small:0;--awb-spacing-right-small:1.92%;--awb-spacing-left-small:1.92%;\" id=\"edito-img\" data-scroll-devices=\"small-visibility,medium-visibility,large-visibility\"><div class=\"fusion-column-wrapper fusion-column-has-shadow fusion-flex-justify-content-flex-start fusion-content-layout-column\"><div class=\"fusion-image-element \" style=\"text-align:right;--awb-mask-url: url(https:\/\/www.campinglesplatanesardeche.com\/wp-content\/uploads\/masque-photo-5.svg);--awb-mask-size: ;--awb-mask-position: top left;--awb-caption-title-font-family:var(--h2_typography-font-family);--awb-caption-title-font-weight:var(--h2_typography-font-weight);--awb-caption-title-font-style:var(--h2_typography-font-style);--awb-caption-title-size:var(--h2_typography-font-size);--awb-caption-title-transform:var(--h2_typography-text-transform);--awb-caption-title-line-height:var(--h2_typography-line-height);--awb-caption-title-letter-spacing:var(--h2_typography-letter-spacing);\"><span class=\" fusion-imageframe imageframe-none imageframe-1 hover-type-none has-mask\"><img decoding=\"async\" width=\"1200\" height=\"900\" alt=\"Das Schwimmbad des Campingplatzes\" title=\"Das Schwimmbad des Campingplatzes\" src=\"https:\/\/www.campinglesplatanesardeche.com\/wp-content\/uploads\/piscine.jpg\" data-orig-src=\"https:\/\/www.campinglesplatanesardeche.com\/wp-content\/uploads\/piscine.jpg\" class=\"lazyload img-responsive wp-image-846\" srcset=\"data:image\/svg+xml,%3Csvg%20xmlns%3D%27http%3A%2F%2Fwww.w3.org%2F2000%2Fsvg%27%20width%3D%271200%27%20height%3D%27900%27%20viewBox%3D%270%200%201200%20900%27%3E%3Crect%20width%3D%271200%27%20height%3D%27900%27%20fill-opacity%3D%220%22%2F%3E%3C%2Fsvg%3E\" data-srcset=\"https:\/\/www.campinglesplatanesardeche.com\/wp-content\/uploads\/piscine-200x150.jpg 200w, https:\/\/www.campinglesplatanesardeche.com\/wp-content\/uploads\/piscine-400x300.jpg 400w, https:\/\/www.campinglesplatanesardeche.com\/wp-content\/uploads\/piscine-600x450.jpg 600w, https:\/\/www.campinglesplatanesardeche.com\/wp-content\/uploads\/piscine-800x600.jpg 800w, https:\/\/www.campinglesplatanesardeche.com\/wp-content\/uploads\/piscine.jpg 1200w\" data-sizes=\"auto\" data-orig-sizes=\"(max-width: 1024px) 100vw, (max-width: 640px) 100vw, 800px\" \/><\/span><\/div><\/div><\/div><\/div><\/div><div class=\"fusion-fullwidth fullwidth-box fusion-builder-row-2 fusion-flex-container has-pattern-background has-mask-background hundred-percent-fullwidth non-hundred-percent-height-scrolling\" style=\"--awb-border-radius-top-left:0px;--awb-border-radius-top-right:0px;--awb-border-radius-bottom-right:0px;--awb-border-radius-bottom-left:0px;--awb-padding-top:30px;--awb-padding-right:50px;--awb-padding-bottom:0px;--awb-padding-left:50px;--awb-padding-right-medium:0px;--awb-padding-left-medium:0px;--awb-padding-right-small:0px;--awb-padding-left-small:0px;--awb-margin-top:80px;--awb-margin-bottom:100px;--awb-flex-wrap:wrap;\" id=\"bloc-emp-mh\" ><div class=\"fusion-builder-row fusion-row fusion-flex-align-items-flex-start fusion-flex-justify-content-center fusion-flex-content-wrap\" style=\"width:104% !important;max-width:104% !important;margin-left: calc(-4% \/ 2 );margin-right: calc(-4% \/ 2 );\"><div class=\"fusion-layout-column fusion_builder_column fusion-builder-column-2 fusion_builder_column_1_2 1_2 fusion-flex-column bloc-carousel-outer\" style=\"--awb-padding-right-medium:0px;--awb-padding-left-medium:0px;--awb-padding-right-small:0px;--awb-padding-left-small:0px;--awb-bg-size:cover;--awb-width-large:50%;--awb-margin-top-large:-50px;--awb-spacing-right-large:0px;--awb-margin-bottom-large:0px;--awb-spacing-left-large:0px;--awb-width-medium:100%;--awb-order-medium:0;--awb-spacing-right-medium:1.92%;--awb-spacing-left-medium:1.92%;--awb-width-small:100%;--awb-order-small:0;--awb-spacing-right-small:1.92%;--awb-spacing-left-small:1.92%;\" data-scroll-devices=\"small-visibility,medium-visibility,large-visibility\"><div class=\"fusion-column-wrapper fusion-column-has-shadow fusion-flex-justify-content-flex-start fusion-content-layout-column\"><div class=\"fusion-title title fusion-title-3 fusion-sep-none fusion-title-center fusion-title-text fusion-title-size-two color-pistache\"><h2 class=\"fusion-title-heading title-heading-center\" style=\"margin:0;\">Unsere <strong>Stellpl\u00e4tze<\/strong><\/h2><\/div> \n        <style>\t\t\t\n\t\t\t.tns-carousel { width:100% }\n\t\t\t.tns-carousel .carousel-container { display: flex; align-items: stretch }\n\t\t\t.tns-carousel .content { display:inline-block; height:100%; width:100% }\n\t\t\t.tns-carousel .item-a-inner { display:block; height:calc(100% - 20px); margin:10px; float:none; position:relative; border-radius:3px; padding:10px; box-shadow:0 0 7px 3px rgba(0,0,0,0.1); display:flex; flex-wrap: wrap; flex-direction: row; align-content: stretch; transition:0.5s; background: #fff; overflow:hidden }\n\t\t\t.tns-carousel .item-a-inner > .fusion-layout-column { width:100% }\n\t\t\t.tns-carousel .item-a-inner > .fusion-layout-column > .fusion-column-wrapper { margin-left:0px !important; width:412px !important }\n\t\t\t.tns-carousel .img-carousel { width:100%; height:240px; border-radius:3px }\n\t\t\t.tns-carousel .plan-mh { display:none }\n\t\t\t.tns-carousel h3 { border:none; margin:10px 10px 10px 10px; font-size:21px;  text-align:center; text-transform:uppercase; color:#fff; width:100% }\n\t\t\t.tns-carousel .descriptif { display:flex; align-content: stretch; flex-wrap: wrap; margin-top:10px; padding:15px; color:#fff; line-height:1em }\t\t\t\n\t\t\t.tns-carousel .btn-carousel { width: fit-content; padding:10px 15px !important; background:var(--cl-pistache); border-radius:3px; margin:0 auto 15px auto !important }\n\t\t\t.tns-carousel .btn-carousel span { color:#fff !important }\n\t\t\t.tns-carousel .fusion-image-element { position:relative; width:100% !important; min-width:100% !important }\n\t\t\t.tns-carousel .fusion-image-element { margin:0 auto !important }\n\t\t\t#carouselemp.carousel-container { margin:0 auto }\n        <\/style>\n        <div class=\"tns-carousel\">\n            <div class=\"carousel-container\" id=\"carouselemp\">    \n                                        <div class=\"item\">\n\t\t\t\t\t\t\t<div class=\"content\" id=\"post2-727\"> \n\t\t\t\t\t\t\t\t<span class=\"item-a-inner\">\n\t\t\t\t\t\t\t\t\t<div class=\"fusion-layout-column fusion_builder_column fusion-builder-column-3 fusion_builder_column_1_4 1_4 fusion-flex-column bloc-mh\" style=\"--awb-bg-size:cover;--awb-width-large:25%;--awb-flex-grow:0;--awb-flex-shrink:0;--awb-margin-top-large:0px;--awb-spacing-right-large:0px;--awb-margin-bottom-large:20px;--awb-spacing-left-large:7.68%;--awb-width-medium:100%;--awb-flex-grow-medium:0;--awb-flex-shrink-medium:0;--awb-spacing-right-medium:1.92%;--awb-spacing-left-medium:1.92%;--awb-width-small:100%;--awb-flex-grow-small:0;--awb-flex-shrink-small:0;--awb-spacing-right-small:1.92%;--awb-spacing-left-small:1.92%;\"><div class=\"fusion-column-wrapper fusion-flex-justify-content-flex-start fusion-content-layout-column\"><div class=\"fusion-title title fusion-title-4 fusion-sep-none fusion-title-center fusion-title-text fusion-title-size-three\"><h3 class=\"fusion-title-heading title-heading-center\" style=\"margin:0;\">Camping-Stellpl\u00e4tze<\/h3><\/div><div class=\"fusion-image-element \" style=\"text-align:center;--awb-caption-title-font-family:var(--h2_typography-font-family);--awb-caption-title-font-weight:var(--h2_typography-font-weight);--awb-caption-title-font-style:var(--h2_typography-font-style);--awb-caption-title-size:var(--h2_typography-font-size);--awb-caption-title-transform:var(--h2_typography-text-transform);--awb-caption-title-line-height:var(--h2_typography-line-height);--awb-caption-title-letter-spacing:var(--h2_typography-letter-spacing);\"><span class=\" fusion-imageframe imageframe-none imageframe-2 hover-type-none\"><img decoding=\"async\" width=\"390\" height=\"162\" alt=\"Emplacements\" title=\"emplacements-preview\" src=\"https:\/\/www.campinglesplatanesardeche.com\/wp-content\/uploads\/emplacements-preview.jpg\" data-orig-src=\"https:\/\/www.campinglesplatanesardeche.com\/wp-content\/uploads\/emplacements-preview.jpg\" class=\"lazyload img-responsive wp-image-2471\" srcset=\"data:image\/svg+xml,%3Csvg%20xmlns%3D%27http%3A%2F%2Fwww.w3.org%2F2000%2Fsvg%27%20width%3D%27390%27%20height%3D%27162%27%20viewBox%3D%270%200%20390%20162%27%3E%3Crect%20width%3D%27390%27%20height%3D%27162%27%20fill-opacity%3D%220%22%2F%3E%3C%2Fsvg%3E\" data-srcset=\"https:\/\/www.campinglesplatanesardeche.com\/wp-content\/uploads\/emplacements-preview-200x83.jpg 200w, https:\/\/www.campinglesplatanesardeche.com\/wp-content\/uploads\/emplacements-preview.jpg 390w\" data-sizes=\"auto\" data-orig-sizes=\"(max-width: 1024px) 100vw, (max-width: 640px) 100vw, 390px\" \/><\/span><\/div><div class=\"fusion-text fusion-text-2\"><p>F\u00fcr Zelte, Wohnwagen und Wohnmobile<\/p>\n<\/div><div class=\"fusion-progressbar bar-personne\" style=\"--awb-textcolor:#888888;--awb-height:30px;--awb-filledcolor:#8dd400;--awb-unfilledcolor:#d8d8d8;--awb-maximum-value-wrapper-width:0%;\"><div class=\"progress-title awb-above-bar awb-align-start\"><span class=\"fusion-progressbar-text\" id=\"awb-progressbar-label-1\">6 Personen<\/span><\/div><div class=\"fusion-progressbar-bar progress-bar\"><div class=\"progress progress-bar-content not-animated\" role=\"progressbar\" aria-labelledby=\"awb-progressbar-label-1\" aria-valuemin=\"0\" aria-valuemax=\"100\" aria-valuenow=\"100\" data-filling-speed=\"600\"><\/div><span class=\"awb-pb-max-value-wrap awb-on-bar\"><span class=\"awb-pb-max-value-text\"><\/span><\/span><\/div><\/div><div class=\"fusion-progressbar bar-surface\" style=\"--awb-textcolor:#888888;--awb-height:30px;--awb-filledcolor:#8dd400;--awb-unfilledcolor:#d8d8d8;--awb-maximum-value-wrapper-width:50%;\"><div class=\"progress-title awb-above-bar awb-align-start\"><span class=\"fusion-progressbar-text\" id=\"awb-progressbar-label-2\">Mindestens 100 m\u00b2<\/span><\/div><div class=\"fusion-progressbar-bar progress-bar\"><div class=\"progress progress-bar-content not-animated\" role=\"progressbar\" aria-labelledby=\"awb-progressbar-label-2\" aria-valuemin=\"0\" aria-valuemax=\"100\" aria-valuenow=\"50\" data-filling-speed=\"600\"><\/div><span class=\"awb-pb-max-value-wrap awb-on-bar\"><span class=\"awb-pb-max-value-text\"><\/span><\/span><\/div><\/div><\/div><\/div>\n\t\t\t\t\t\t\t\t\t<a class=\"btn-carousel fusion-button button-flat fusion-button-default-size button-default fusion-button-default fusion-button-default-span fusion-button-default-type\" href=\"https:\/\/www.campinglesplatanesardeche.com\/de\/campingplatz\/\" title=\"Camping-Stellpl\u00e4tze\"><span class=\"btn fusion-button-text\">Seite ansehen<\/span><\/a>\n\t\t\t\t\t\t\t\t<\/span>\n\t\t\t\t\t\t\t<\/div>\n\t\t\t\t\t\t<\/div>\n                                    <\/div>\n        <\/div>\n        <script type=\"text\/javascript\">\n\t\tdocument.addEventListener(\"DOMContentLoaded\", () => {\n\t\t\tslidercarouselemp = tns({\n\t\t\t\tcontainer: '#carouselemp.carousel-container',\n\t\t\t\titems: 1,\n\t\t\t\tgutter: 5,\n\t\t\t\tslideBy: 1,\n\t\t\t\tloop: true,\n\t\t\t\tcontrols: false,\n\t\t\t\tmouseDrag: true, \n\t\t\t\tnavPosition: 'bottom',\n\t\t\t\tswipeAngle: false,\n\t\t\t\tstartIndex: 0,\n\t\t\t\tresponsive: {\n\t\t\t\t  700: {\n\t\t\t\t\tgutter: 10,\n\t\t\t\t\titems:  2 \/* 2.2 *\/\n\t\t\t\t  },\n\t\t\t\t  1400: {\n\t\t\t\t\tgutter: 10,\n\t\t\t\t\titems:  2 \/* 3.2 *\/\n\t\t\t\t  }\t\t\t\t  \n\t\t\t\t}\t\t\t\t\n\t\t\t});\n\t\t});\n\t\t<\/script>\n\t\t<div class=\"fusion-separator fusion-full-width-sep\" style=\"align-self: center;margin-left: auto;margin-right: auto;margin-top:55px;width:100%;\"><\/div><div class=\"fusion-text fusion-text-3\" style=\"--awb-content-alignment:center;--awb-margin-right:100px;--awb-margin-left:100px;--awb-margin-right-medium:30px;--awb-margin-left-medium:30px;\"><p>Unsere Campingstellpl\u00e4tze in der Ard\u00e8che bieten eine Fl\u00e4che von 100 bis 200 m\u00b2 und erm\u00f6glichen es Ihnen, Zelt, Wohnwagen und Auto problemlos unterzubringen.<\/p>\n<\/div><\/div><\/div><div class=\"fusion-layout-column fusion_builder_column fusion-builder-column-4 fusion_builder_column_1_2 1_2 fusion-flex-column bloc-carousel-outer\" style=\"--awb-bg-size:cover;--awb-width-large:50%;--awb-flex-grow:0;--awb-flex-shrink:0;--awb-margin-top-large:0px;--awb-spacing-right-large:3.84%;--awb-margin-bottom-large:-50px;--awb-spacing-left-large:3.84%;--awb-width-medium:100%;--awb-order-medium:0;--awb-flex-grow-medium:0;--awb-flex-shrink-medium:0;--awb-spacing-right-medium:1.92%;--awb-spacing-left-medium:1.92%;--awb-width-small:100%;--awb-order-small:0;--awb-flex-grow-small:0;--awb-flex-shrink-small:0;--awb-spacing-right-small:1.92%;--awb-spacing-left-small:1.92%;\" data-scroll-devices=\"small-visibility,medium-visibility,large-visibility\"><div class=\"fusion-column-wrapper fusion-column-has-shadow fusion-flex-justify-content-flex-start fusion-content-layout-column\"><div class=\"fusion-title title fusion-title-5 fusion-sep-none fusion-title-center fusion-title-text fusion-title-size-two color-pistache\"><h2 class=\"fusion-title-heading title-heading-center\" style=\"margin:0;\">Unsere <strong>Mobilheime<\/strong><\/h2><\/div> \n        <style>\t\t\t\n\t\t\t.tns-carousel { width:100% }\n\t\t\t.tns-carousel .carousel-container { display: flex; align-items: stretch }\n\t\t\t.tns-carousel .content { display:inline-block; height:100%; width:100% }\n\t\t\t.tns-carousel .item-a-inner { display:block; height:calc(100% - 20px); margin:10px; float:none; position:relative; border-radius:3px; padding:10px; box-shadow:0 0 7px 3px rgba(0,0,0,0.1); display:flex; flex-wrap: wrap; flex-direction: row; align-content: stretch; transition:0.5s; background: #fff; overflow:hidden }\n\t\t\t.tns-carousel .item-a-inner > .fusion-layout-column { width:100% }\n\t\t\t.tns-carousel .item-a-inner > .fusion-layout-column > .fusion-column-wrapper { margin-left:0px !important; width:412px !important }\n\t\t\t.tns-carousel .img-carousel { width:100%; height:240px; border-radius:3px }\n\t\t\t.tns-carousel .plan-mh { display:none }\n\t\t\t.tns-carousel h3 { border:none; margin:10px 10px 10px 10px; font-size:21px;  text-align:center; text-transform:uppercase; color:#fff; width:100% }\n\t\t\t.tns-carousel .descriptif { display:flex; align-content: stretch; flex-wrap: wrap; margin-top:10px; padding:15px; color:#fff; line-height:1em }\t\t\t\n\t\t\t.tns-carousel .btn-carousel { width: fit-content; padding:10px 15px !important; background:var(--cl-pistache); border-radius:3px; margin:0 auto 15px auto !important }\n\t\t\t.tns-carousel .btn-carousel span { color:#fff !important }\n\t\t\t.tns-carousel .fusion-image-element { position:relative; width:100% !important; min-width:100% !important }\n\t\t\t.tns-carousel .fusion-image-element { margin:0 auto !important }\n\t\t\t#carouselemp.carousel-container { margin:0 auto }\n        <\/style>\n        <div class=\"tns-carousel\">\n            <div class=\"carousel-container\" id=\"carouselmh\">    \n                                        <div class=\"item\">\n\t\t\t\t\t\t\t<div class=\"content\" id=\"post2-2018\"> \n\t\t\t\t\t\t\t\t<span class=\"item-a-inner\">\n\t\t\t\t\t\t\t\t\t<div class=\"fusion-layout-column fusion_builder_column fusion-builder-column-5 fusion_builder_column_1_4 1_4 fusion-flex-column bloc-mh\" style=\"--awb-bg-size:cover;--awb-width-large:25%;--awb-flex-grow:0;--awb-flex-shrink:0;--awb-margin-top-large:0px;--awb-spacing-right-large:0px;--awb-margin-bottom-large:20px;--awb-spacing-left-large:7.68%;--awb-width-medium:100%;--awb-flex-grow-medium:0;--awb-flex-shrink-medium:0;--awb-spacing-right-medium:1.92%;--awb-spacing-left-medium:1.92%;--awb-width-small:100%;--awb-flex-grow-small:0;--awb-flex-shrink-small:0;--awb-spacing-right-small:1.92%;--awb-spacing-left-small:1.92%;\"><div class=\"fusion-column-wrapper fusion-flex-justify-content-flex-start fusion-content-layout-column\"><div class=\"fusion-title title fusion-title-6 fusion-sep-none fusion-title-center fusion-title-text fusion-title-size-three\"><h3 class=\"fusion-title-heading title-heading-center\" style=\"margin:0;\">Nest 38-2 Panorama<\/h3><\/div><div class=\"fusion-image-element \" style=\"text-align:center;--awb-caption-title-font-family:var(--h2_typography-font-family);--awb-caption-title-font-weight:var(--h2_typography-font-weight);--awb-caption-title-font-style:var(--h2_typography-font-style);--awb-caption-title-size:var(--h2_typography-font-size);--awb-caption-title-transform:var(--h2_typography-text-transform);--awb-caption-title-line-height:var(--h2_typography-line-height);--awb-caption-title-letter-spacing:var(--h2_typography-letter-spacing);\"><span class=\" fusion-imageframe imageframe-none imageframe-3 hover-type-none\"><img decoding=\"async\" width=\"390\" height=\"162\" alt=\"Mobil-home Nest-38\" title=\"Mobil-home Nest-38\" src=\"https:\/\/www.campinglesplatanesardeche.com\/wp-content\/uploads\/mh-nest-38.jpg\" data-orig-src=\"https:\/\/www.campinglesplatanesardeche.com\/wp-content\/uploads\/mh-nest-38.jpg\" class=\"lazyload img-responsive wp-image-2066\" srcset=\"data:image\/svg+xml,%3Csvg%20xmlns%3D%27http%3A%2F%2Fwww.w3.org%2F2000%2Fsvg%27%20width%3D%27390%27%20height%3D%27162%27%20viewBox%3D%270%200%20390%20162%27%3E%3Crect%20width%3D%27390%27%20height%3D%27162%27%20fill-opacity%3D%220%22%2F%3E%3C%2Fsvg%3E\" data-srcset=\"https:\/\/www.campinglesplatanesardeche.com\/wp-content\/uploads\/mh-nest-38-200x83.jpg 200w, https:\/\/www.campinglesplatanesardeche.com\/wp-content\/uploads\/mh-nest-38.jpg 390w\" data-sizes=\"auto\" data-orig-sizes=\"(max-width: 1024px) 100vw, (max-width: 640px) 100vw, 390px\" \/><\/span><\/div><div class=\"fusion-image-element \" style=\"text-align:center;--awb-caption-title-font-family:var(--h2_typography-font-family);--awb-caption-title-font-weight:var(--h2_typography-font-weight);--awb-caption-title-font-style:var(--h2_typography-font-style);--awb-caption-title-size:var(--h2_typography-font-size);--awb-caption-title-transform:var(--h2_typography-text-transform);--awb-caption-title-line-height:var(--h2_typography-line-height);--awb-caption-title-letter-spacing:var(--h2_typography-letter-spacing);\"><span class=\" fusion-imageframe imageframe-none imageframe-4 hover-type-none plan-mh\"><a href=\"https:\/\/www.campinglesplatanesardeche.com\/wp-content\/uploads\/mh-nest-38-plan.jpg\" class=\"fusion-lightbox\" data-rel=\"iLightbox[a5257727459e6898a14]\" data-title=\"Mobil-home Nest 38\" title=\"Mobil-home Nest 38\"><img decoding=\"async\" width=\"200\" height=\"114\" alt=\"Mobil-home Nest 38\" src=\"https:\/\/www.campinglesplatanesardeche.com\/wp-content\/uploads\/mh-nest-38-plan.jpg\" data-orig-src=\"https:\/\/www.campinglesplatanesardeche.com\/wp-content\/uploads\/mh-nest-38-plan-200x114.jpg\" class=\"lazyload img-responsive wp-image-2093\" srcset=\"data:image\/svg+xml,%3Csvg%20xmlns%3D%27http%3A%2F%2Fwww.w3.org%2F2000%2Fsvg%27%20width%3D%271200%27%20height%3D%27685%27%20viewBox%3D%270%200%201200%20685%27%3E%3Crect%20width%3D%271200%27%20height%3D%27685%27%20fill-opacity%3D%220%22%2F%3E%3C%2Fsvg%3E\" data-srcset=\"https:\/\/www.campinglesplatanesardeche.com\/wp-content\/uploads\/mh-nest-38-plan-200x114.jpg 200w, https:\/\/www.campinglesplatanesardeche.com\/wp-content\/uploads\/mh-nest-38-plan-400x228.jpg 400w, https:\/\/www.campinglesplatanesardeche.com\/wp-content\/uploads\/mh-nest-38-plan-600x343.jpg 600w, https:\/\/www.campinglesplatanesardeche.com\/wp-content\/uploads\/mh-nest-38-plan-800x457.jpg 800w, https:\/\/www.campinglesplatanesardeche.com\/wp-content\/uploads\/mh-nest-38-plan.jpg 1200w\" data-sizes=\"auto\" data-orig-sizes=\"(max-width: 1024px) 100vw, (max-width: 640px) 100vw, 400px\" \/><\/a><\/span><\/div><div class=\"fusion-text fusion-text-4 descr\"><p>2 Schlafzimmer f\u00fcr 4 Personen mit 20 m\u00b2 Terrasse<\/p>\n<\/div><div class=\"fusion-progressbar bar-personne\" style=\"--awb-textcolor:#888888;--awb-height:30px;--awb-filledcolor:#8dd400;--awb-unfilledcolor:#d8d8d8;--awb-maximum-value-wrapper-width:67%;\"><div class=\"progress-title awb-above-bar awb-align-start\"><span class=\"fusion-progressbar-text\" id=\"awb-progressbar-label-3\">4 Personen<\/span><\/div><div class=\"fusion-progressbar-bar progress-bar\"><div class=\"progress progress-bar-content not-animated\" role=\"progressbar\" aria-labelledby=\"awb-progressbar-label-3\" aria-valuemin=\"0\" aria-valuemax=\"100\" aria-valuenow=\"33\" data-filling-speed=\"600\"><\/div><span class=\"awb-pb-max-value-wrap awb-on-bar\"><span class=\"awb-pb-max-value-text\"><\/span><\/span><\/div><\/div><div class=\"fusion-progressbar bar-chambre\" style=\"--awb-textcolor:#888888;--awb-height:30px;--awb-filledcolor:#8dd400;--awb-unfilledcolor:#d8d8d8;--awb-maximum-value-wrapper-width:50%;\"><div class=\"progress-title awb-above-bar awb-align-start\"><span class=\"fusion-progressbar-text\" id=\"awb-progressbar-label-4\">2 Schlafzimmer<\/span><\/div><div class=\"fusion-progressbar-bar progress-bar\"><div class=\"progress progress-bar-content not-animated\" role=\"progressbar\" aria-labelledby=\"awb-progressbar-label-4\" aria-valuemin=\"0\" aria-valuemax=\"100\" aria-valuenow=\"50\" data-filling-speed=\"600\"><\/div><span class=\"awb-pb-max-value-wrap awb-on-bar\"><span class=\"awb-pb-max-value-text\"><\/span><\/span><\/div><\/div><div class=\"fusion-progressbar bar-surface\" style=\"--awb-textcolor:#888888;--awb-height:30px;--awb-filledcolor:#8dd400;--awb-unfilledcolor:#d8d8d8;--awb-maximum-value-wrapper-width:34%;\"><div class=\"progress-title awb-above-bar awb-align-start\"><span class=\"fusion-progressbar-text\" id=\"awb-progressbar-label-5\"> 30 m\u00b2<\/span><\/div><div class=\"fusion-progressbar-bar progress-bar\"><div class=\"progress progress-bar-content not-animated\" role=\"progressbar\" aria-labelledby=\"awb-progressbar-label-5\" aria-valuemin=\"0\" aria-valuemax=\"100\" aria-valuenow=\"66\" data-filling-speed=\"600\"><\/div><span class=\"awb-pb-max-value-wrap awb-on-bar\"><span class=\"awb-pb-max-value-text\"><\/span><\/span><\/div><\/div><\/div><\/div>\n\t\t\t\t\t\t\t\t\t<a class=\"btn-carousel fusion-button button-flat fusion-button-default-size button-default fusion-button-default fusion-button-default-span fusion-button-default-type\" href=\"https:\/\/www.campinglesplatanesardeche.com\/de\/mobilheime\/nest-38-2-panorama\/\" title=\"Nest 38-2 Panorama\"><span class=\"btn fusion-button-text\">Seite ansehen<\/span><\/a>\n\t\t\t\t\t\t\t\t<\/span>\n\t\t\t\t\t\t\t<\/div>\n\t\t\t\t\t\t<\/div>\n                                                <div class=\"item\">\n\t\t\t\t\t\t\t<div class=\"content\" id=\"post2-2030\"> \n\t\t\t\t\t\t\t\t<span class=\"item-a-inner\">\n\t\t\t\t\t\t\t\t\t<div class=\"fusion-layout-column fusion_builder_column fusion-builder-column-6 fusion_builder_column_1_4 1_4 fusion-flex-column bloc-mh\" style=\"--awb-bg-size:cover;--awb-width-large:25%;--awb-flex-grow:0;--awb-flex-shrink:0;--awb-margin-top-large:0px;--awb-spacing-right-large:0px;--awb-margin-bottom-large:20px;--awb-spacing-left-large:7.68%;--awb-width-medium:100%;--awb-flex-grow-medium:0;--awb-flex-shrink-medium:0;--awb-spacing-right-medium:1.92%;--awb-spacing-left-medium:1.92%;--awb-width-small:100%;--awb-flex-grow-small:0;--awb-flex-shrink-small:0;--awb-spacing-right-small:1.92%;--awb-spacing-left-small:1.92%;\"><div class=\"fusion-column-wrapper fusion-flex-justify-content-flex-start fusion-content-layout-column\"><div class=\"fusion-title title fusion-title-7 fusion-sep-none fusion-title-center fusion-title-text fusion-title-size-three\"><h3 class=\"fusion-title-heading title-heading-center\" style=\"margin:0;\">Nest 35-2 PMR<\/h3><\/div><div class=\"fusion-image-element \" style=\"text-align:center;--awb-caption-title-font-family:var(--h2_typography-font-family);--awb-caption-title-font-weight:var(--h2_typography-font-weight);--awb-caption-title-font-style:var(--h2_typography-font-style);--awb-caption-title-size:var(--h2_typography-font-size);--awb-caption-title-transform:var(--h2_typography-text-transform);--awb-caption-title-line-height:var(--h2_typography-line-height);--awb-caption-title-letter-spacing:var(--h2_typography-letter-spacing);\"><span class=\" fusion-imageframe imageframe-none imageframe-5 hover-type-none\"><img decoding=\"async\" width=\"390\" height=\"162\" alt=\"Mobil-home Nest-35\" title=\"Mobil-home Nest-35\" src=\"https:\/\/www.campinglesplatanesardeche.com\/wp-content\/uploads\/mh-nest-35.jpg\" data-orig-src=\"https:\/\/www.campinglesplatanesardeche.com\/wp-content\/uploads\/mh-nest-35.jpg\" class=\"lazyload img-responsive wp-image-2070\" srcset=\"data:image\/svg+xml,%3Csvg%20xmlns%3D%27http%3A%2F%2Fwww.w3.org%2F2000%2Fsvg%27%20width%3D%27390%27%20height%3D%27162%27%20viewBox%3D%270%200%20390%20162%27%3E%3Crect%20width%3D%27390%27%20height%3D%27162%27%20fill-opacity%3D%220%22%2F%3E%3C%2Fsvg%3E\" data-srcset=\"https:\/\/www.campinglesplatanesardeche.com\/wp-content\/uploads\/mh-nest-35-200x83.jpg 200w, https:\/\/www.campinglesplatanesardeche.com\/wp-content\/uploads\/mh-nest-35.jpg 390w\" data-sizes=\"auto\" data-orig-sizes=\"(max-width: 1024px) 100vw, (max-width: 640px) 100vw, 390px\" \/><\/span><\/div><div class=\"fusion-image-element \" style=\"text-align:center;--awb-caption-title-font-family:var(--h2_typography-font-family);--awb-caption-title-font-weight:var(--h2_typography-font-weight);--awb-caption-title-font-style:var(--h2_typography-font-style);--awb-caption-title-size:var(--h2_typography-font-size);--awb-caption-title-transform:var(--h2_typography-text-transform);--awb-caption-title-line-height:var(--h2_typography-line-height);--awb-caption-title-letter-spacing:var(--h2_typography-letter-spacing);\"><span class=\" fusion-imageframe imageframe-none imageframe-6 hover-type-none plan-mh\"><a href=\"https:\/\/www.campinglesplatanesardeche.com\/wp-content\/uploads\/mh-nest-35-plan.jpg\" class=\"fusion-lightbox\" data-rel=\"iLightbox[03791dfaea0b3bb33de]\" data-title=\"Mobil-home Nest 35\" title=\"Mobil-home Nest 35\"><img decoding=\"async\" width=\"200\" height=\"141\" alt=\"Mobil-home Nest 35\" src=\"https:\/\/www.campinglesplatanesardeche.com\/wp-content\/uploads\/mh-nest-35-plan.jpg\" data-orig-src=\"https:\/\/www.campinglesplatanesardeche.com\/wp-content\/uploads\/mh-nest-35-plan-200x141.jpg\" class=\"lazyload img-responsive wp-image-2104\" srcset=\"data:image\/svg+xml,%3Csvg%20xmlns%3D%27http%3A%2F%2Fwww.w3.org%2F2000%2Fsvg%27%20width%3D%271200%27%20height%3D%27844%27%20viewBox%3D%270%200%201200%20844%27%3E%3Crect%20width%3D%271200%27%20height%3D%27844%27%20fill-opacity%3D%220%22%2F%3E%3C%2Fsvg%3E\" data-srcset=\"https:\/\/www.campinglesplatanesardeche.com\/wp-content\/uploads\/mh-nest-35-plan-200x141.jpg 200w, https:\/\/www.campinglesplatanesardeche.com\/wp-content\/uploads\/mh-nest-35-plan-400x281.jpg 400w, https:\/\/www.campinglesplatanesardeche.com\/wp-content\/uploads\/mh-nest-35-plan-600x422.jpg 600w, https:\/\/www.campinglesplatanesardeche.com\/wp-content\/uploads\/mh-nest-35-plan-800x563.jpg 800w, https:\/\/www.campinglesplatanesardeche.com\/wp-content\/uploads\/mh-nest-35-plan.jpg 1200w\" data-sizes=\"auto\" data-orig-sizes=\"(max-width: 1024px) 100vw, (max-width: 640px) 100vw, 400px\" \/><\/a><\/span><\/div><div class=\"fusion-text fusion-text-5 descr\"><p>2 Schlafzimmer mit barrierefreiem Zugang f\u00fcr 4 Personen mit 20 m\u00b2 Terrasse<\/p>\n<\/div><div class=\"fusion-progressbar bar-personne\" style=\"--awb-textcolor:#888888;--awb-height:30px;--awb-filledcolor:#8dd400;--awb-unfilledcolor:#d8d8d8;--awb-maximum-value-wrapper-width:67%;\"><div class=\"progress-title awb-above-bar awb-align-start\"><span class=\"fusion-progressbar-text\" id=\"awb-progressbar-label-6\">4 Personen<\/span><\/div><div class=\"fusion-progressbar-bar progress-bar\"><div class=\"progress progress-bar-content not-animated\" role=\"progressbar\" aria-labelledby=\"awb-progressbar-label-6\" aria-valuemin=\"0\" aria-valuemax=\"100\" aria-valuenow=\"33\" data-filling-speed=\"600\"><\/div><span class=\"awb-pb-max-value-wrap awb-on-bar\"><span class=\"awb-pb-max-value-text\"><\/span><\/span><\/div><\/div><div class=\"fusion-progressbar bar-chambre\" style=\"--awb-textcolor:#888888;--awb-height:30px;--awb-filledcolor:#8dd400;--awb-unfilledcolor:#d8d8d8;--awb-maximum-value-wrapper-width:50%;\"><div class=\"progress-title awb-above-bar awb-align-start\"><span class=\"fusion-progressbar-text\" id=\"awb-progressbar-label-7\">2 Schlafzimmer<\/span><\/div><div class=\"fusion-progressbar-bar progress-bar\"><div class=\"progress progress-bar-content not-animated\" role=\"progressbar\" aria-labelledby=\"awb-progressbar-label-7\" aria-valuemin=\"0\" aria-valuemax=\"100\" aria-valuenow=\"50\" data-filling-speed=\"600\"><\/div><span class=\"awb-pb-max-value-wrap awb-on-bar\"><span class=\"awb-pb-max-value-text\"><\/span><\/span><\/div><\/div><div class=\"fusion-progressbar bar-surface\" style=\"--awb-textcolor:#888888;--awb-height:30px;--awb-filledcolor:#8dd400;--awb-unfilledcolor:#d8d8d8;--awb-maximum-value-wrapper-width:34%;\"><div class=\"progress-title awb-above-bar awb-align-start\"><span class=\"fusion-progressbar-text\" id=\"awb-progressbar-label-8\">30 m\u00b2<\/span><\/div><div class=\"fusion-progressbar-bar progress-bar\"><div class=\"progress progress-bar-content not-animated\" role=\"progressbar\" aria-labelledby=\"awb-progressbar-label-8\" aria-valuemin=\"0\" aria-valuemax=\"100\" aria-valuenow=\"66\" data-filling-speed=\"600\"><\/div><span class=\"awb-pb-max-value-wrap awb-on-bar\"><span class=\"awb-pb-max-value-text\"><\/span><\/span><\/div><\/div><\/div><\/div>\n\t\t\t\t\t\t\t\t\t<a class=\"btn-carousel fusion-button button-flat fusion-button-default-size button-default fusion-button-default fusion-button-default-span fusion-button-default-type\" href=\"https:\/\/www.campinglesplatanesardeche.com\/de\/mobilheime\/nest-35-2-pmr\/\" title=\"Nest 35-2 PMR\"><span class=\"btn fusion-button-text\">Seite ansehen<\/span><\/a>\n\t\t\t\t\t\t\t\t<\/span>\n\t\t\t\t\t\t\t<\/div>\n\t\t\t\t\t\t<\/div>\n                                                <div class=\"item\">\n\t\t\t\t\t\t\t<div class=\"content\" id=\"post2-1618\"> \n\t\t\t\t\t\t\t\t<span class=\"item-a-inner\">\n\t\t\t\t\t\t\t\t\t<div class=\"fusion-layout-column fusion_builder_column fusion-builder-column-7 fusion_builder_column_1_4 1_4 fusion-flex-column bloc-mh\" style=\"--awb-bg-size:cover;--awb-width-large:25%;--awb-flex-grow:0;--awb-flex-shrink:0;--awb-margin-top-large:0px;--awb-spacing-right-large:0px;--awb-margin-bottom-large:20px;--awb-spacing-left-large:7.68%;--awb-width-medium:100%;--awb-flex-grow-medium:0;--awb-flex-shrink-medium:0;--awb-spacing-right-medium:1.92%;--awb-spacing-left-medium:1.92%;--awb-width-small:100%;--awb-flex-grow-small:0;--awb-flex-shrink-small:0;--awb-spacing-right-small:1.92%;--awb-spacing-left-small:1.92%;\"><div class=\"fusion-column-wrapper fusion-flex-justify-content-flex-start fusion-content-layout-column\"><div class=\"fusion-title title fusion-title-8 fusion-sep-none fusion-title-center fusion-title-text fusion-title-size-three\"><h3 class=\"fusion-title-heading title-heading-center\" style=\"margin:0;\">M\u00e9diterrann\u00e9e<\/h3><\/div><div class=\"fusion-image-element \" style=\"text-align:center;--awb-caption-title-font-family:var(--h2_typography-font-family);--awb-caption-title-font-weight:var(--h2_typography-font-weight);--awb-caption-title-font-style:var(--h2_typography-font-style);--awb-caption-title-size:var(--h2_typography-font-size);--awb-caption-title-transform:var(--h2_typography-text-transform);--awb-caption-title-line-height:var(--h2_typography-line-height);--awb-caption-title-letter-spacing:var(--h2_typography-letter-spacing);\"><span class=\" fusion-imageframe imageframe-none imageframe-7 hover-type-none\"><img decoding=\"async\" width=\"390\" height=\"162\" alt=\"Mobilheim M\u00e9diterran\u00e9e\" title=\"Mobilheim M\u00e9diterran\u00e9e\" src=\"https:\/\/www.campinglesplatanesardeche.com\/wp-content\/uploads\/mh-mediterranee.jpg\" data-orig-src=\"https:\/\/www.campinglesplatanesardeche.com\/wp-content\/uploads\/mh-mediterranee.jpg\" class=\"lazyload img-responsive wp-image-792\" srcset=\"data:image\/svg+xml,%3Csvg%20xmlns%3D%27http%3A%2F%2Fwww.w3.org%2F2000%2Fsvg%27%20width%3D%27390%27%20height%3D%27162%27%20viewBox%3D%270%200%20390%20162%27%3E%3Crect%20width%3D%27390%27%20height%3D%27162%27%20fill-opacity%3D%220%22%2F%3E%3C%2Fsvg%3E\" data-srcset=\"https:\/\/www.campinglesplatanesardeche.com\/wp-content\/uploads\/mh-mediterranee-200x83.jpg 200w, https:\/\/www.campinglesplatanesardeche.com\/wp-content\/uploads\/mh-mediterranee.jpg 390w\" data-sizes=\"auto\" data-orig-sizes=\"(max-width: 1024px) 100vw, (max-width: 640px) 100vw, 390px\" \/><\/span><\/div><div class=\"fusion-image-element \" style=\"text-align:center;--awb-caption-title-font-family:var(--h2_typography-font-family);--awb-caption-title-font-weight:var(--h2_typography-font-weight);--awb-caption-title-font-style:var(--h2_typography-font-style);--awb-caption-title-size:var(--h2_typography-font-size);--awb-caption-title-transform:var(--h2_typography-text-transform);--awb-caption-title-line-height:var(--h2_typography-line-height);--awb-caption-title-letter-spacing:var(--h2_typography-letter-spacing);\"><span class=\" fusion-imageframe imageframe-none imageframe-8 hover-type-none plan-mh\"><a href=\"https:\/\/www.campinglesplatanesardeche.com\/wp-content\/uploads\/plan-mediterranee.jpg\" class=\"fusion-lightbox\" data-rel=\"iLightbox[36f9b148240a795c3b7]\" data-title=\"Mobilheim M\u00e9diterran\u00e9e\" title=\"Mobilheim M\u00e9diterran\u00e9e\"><img decoding=\"async\" width=\"321\" height=\"173\" alt=\"Mobilheim M\u00e9diterran\u00e9e\" src=\"https:\/\/www.campinglesplatanesardeche.com\/wp-content\/uploads\/plan-mediterranee.jpg\" data-orig-src=\"https:\/\/www.campinglesplatanesardeche.com\/wp-content\/uploads\/plan-mediterranee.jpg\" class=\"lazyload img-responsive wp-image-808\" srcset=\"data:image\/svg+xml,%3Csvg%20xmlns%3D%27http%3A%2F%2Fwww.w3.org%2F2000%2Fsvg%27%20width%3D%27321%27%20height%3D%27173%27%20viewBox%3D%270%200%20321%20173%27%3E%3Crect%20width%3D%27321%27%20height%3D%27173%27%20fill-opacity%3D%220%22%2F%3E%3C%2Fsvg%3E\" data-srcset=\"https:\/\/www.campinglesplatanesardeche.com\/wp-content\/uploads\/plan-mediterranee-200x108.jpg 200w, https:\/\/www.campinglesplatanesardeche.com\/wp-content\/uploads\/plan-mediterranee.jpg 321w\" data-sizes=\"auto\" data-orig-sizes=\"(max-width: 1024px) 100vw, (max-width: 640px) 100vw, 321px\" \/><\/a><\/span><\/div><div class=\"fusion-text fusion-text-6 descr\"><p>2 Schlafzimmer f\u00fcr 4 Personen mit 20 m\u00b2 Terrasse<\/p>\n<\/div><div class=\"fusion-progressbar bar-personne\" style=\"--awb-textcolor:#888888;--awb-height:30px;--awb-filledcolor:#8dd400;--awb-unfilledcolor:#d8d8d8;--awb-maximum-value-wrapper-width:67%;\"><div class=\"progress-title awb-above-bar awb-align-start\"><span class=\"fusion-progressbar-text\" id=\"awb-progressbar-label-9\">4 Personen<\/span><\/div><div class=\"fusion-progressbar-bar progress-bar\"><div class=\"progress progress-bar-content not-animated\" role=\"progressbar\" aria-labelledby=\"awb-progressbar-label-9\" aria-valuemin=\"0\" aria-valuemax=\"100\" aria-valuenow=\"33\" data-filling-speed=\"600\"><\/div><span class=\"awb-pb-max-value-wrap awb-on-bar\"><span class=\"awb-pb-max-value-text\"><\/span><\/span><\/div><\/div><div class=\"fusion-progressbar bar-chambre\" style=\"--awb-textcolor:#888888;--awb-height:30px;--awb-filledcolor:#8dd400;--awb-unfilledcolor:#d8d8d8;--awb-maximum-value-wrapper-width:50%;\"><div class=\"progress-title awb-above-bar awb-align-start\"><span class=\"fusion-progressbar-text\" id=\"awb-progressbar-label-10\">2 Schlafzimmer<\/span><\/div><div class=\"fusion-progressbar-bar progress-bar\"><div class=\"progress progress-bar-content not-animated\" role=\"progressbar\" aria-labelledby=\"awb-progressbar-label-10\" aria-valuemin=\"0\" aria-valuemax=\"100\" aria-valuenow=\"50\" data-filling-speed=\"600\"><\/div><span class=\"awb-pb-max-value-wrap awb-on-bar\"><span class=\"awb-pb-max-value-text\"><\/span><\/span><\/div><\/div><div class=\"fusion-progressbar bar-surface\" style=\"--awb-textcolor:#888888;--awb-height:30px;--awb-filledcolor:#8dd400;--awb-unfilledcolor:#d8d8d8;--awb-maximum-value-wrapper-width:34%;\"><div class=\"progress-title awb-above-bar awb-align-start\"><span class=\"fusion-progressbar-text\" id=\"awb-progressbar-label-11\">30 m\u00b2<\/span><\/div><div class=\"fusion-progressbar-bar progress-bar\"><div class=\"progress progress-bar-content not-animated\" role=\"progressbar\" aria-labelledby=\"awb-progressbar-label-11\" aria-valuemin=\"0\" aria-valuemax=\"100\" aria-valuenow=\"66\" data-filling-speed=\"600\"><\/div><span class=\"awb-pb-max-value-wrap awb-on-bar\"><span class=\"awb-pb-max-value-text\"><\/span><\/span><\/div><\/div><\/div><\/div>\n\t\t\t\t\t\t\t\t\t<a class=\"btn-carousel fusion-button button-flat fusion-button-default-size button-default fusion-button-default fusion-button-default-span fusion-button-default-type\" href=\"https:\/\/www.campinglesplatanesardeche.com\/de\/mobilheime\/mediterrannee\/\" title=\"M\u00e9diterrann\u00e9e\"><span class=\"btn fusion-button-text\">Seite ansehen<\/span><\/a>\n\t\t\t\t\t\t\t\t<\/span>\n\t\t\t\t\t\t\t<\/div>\n\t\t\t\t\t\t<\/div>\n                                                <div class=\"item\">\n\t\t\t\t\t\t\t<div class=\"content\" id=\"post2-1628\"> \n\t\t\t\t\t\t\t\t<span class=\"item-a-inner\">\n\t\t\t\t\t\t\t\t\t<div class=\"fusion-layout-column fusion_builder_column fusion-builder-column-8 fusion_builder_column_1_4 1_4 fusion-flex-column bloc-mh\" style=\"--awb-bg-size:cover;--awb-width-large:25%;--awb-flex-grow:0;--awb-flex-shrink:0;--awb-margin-top-large:0px;--awb-spacing-right-large:0px;--awb-margin-bottom-large:20px;--awb-spacing-left-large:7.68%;--awb-width-medium:100%;--awb-flex-grow-medium:0;--awb-flex-shrink-medium:0;--awb-spacing-right-medium:1.92%;--awb-spacing-left-medium:1.92%;--awb-width-small:100%;--awb-flex-grow-small:0;--awb-flex-shrink-small:0;--awb-spacing-right-small:1.92%;--awb-spacing-left-small:1.92%;\"><div class=\"fusion-column-wrapper fusion-flex-justify-content-flex-start fusion-content-layout-column\"><div class=\"fusion-title title fusion-title-9 fusion-sep-none fusion-title-center fusion-title-text fusion-title-size-three\"><h3 class=\"fusion-title-heading title-heading-center\" style=\"margin:0;\">Savanah 4p<\/h3><\/div><div class=\"fusion-image-element \" style=\"text-align:center;--awb-caption-title-font-family:var(--h2_typography-font-family);--awb-caption-title-font-weight:var(--h2_typography-font-weight);--awb-caption-title-font-style:var(--h2_typography-font-style);--awb-caption-title-size:var(--h2_typography-font-size);--awb-caption-title-transform:var(--h2_typography-text-transform);--awb-caption-title-line-height:var(--h2_typography-line-height);--awb-caption-title-letter-spacing:var(--h2_typography-letter-spacing);\"><span class=\" fusion-imageframe imageframe-none imageframe-9 hover-type-none\"><img decoding=\"async\" width=\"390\" height=\"162\" alt=\"Mobilheim Savanah\" title=\"Mobilheim Savanah\" src=\"https:\/\/www.campinglesplatanesardeche.com\/wp-content\/uploads\/mh-savanah.jpg\" data-orig-src=\"https:\/\/www.campinglesplatanesardeche.com\/wp-content\/uploads\/mh-savanah.jpg\" class=\"lazyload img-responsive wp-image-784\" srcset=\"data:image\/svg+xml,%3Csvg%20xmlns%3D%27http%3A%2F%2Fwww.w3.org%2F2000%2Fsvg%27%20width%3D%27390%27%20height%3D%27162%27%20viewBox%3D%270%200%20390%20162%27%3E%3Crect%20width%3D%27390%27%20height%3D%27162%27%20fill-opacity%3D%220%22%2F%3E%3C%2Fsvg%3E\" data-srcset=\"https:\/\/www.campinglesplatanesardeche.com\/wp-content\/uploads\/mh-savanah-200x83.jpg 200w, https:\/\/www.campinglesplatanesardeche.com\/wp-content\/uploads\/mh-savanah.jpg 390w\" data-sizes=\"auto\" data-orig-sizes=\"(max-width: 1024px) 100vw, (max-width: 640px) 100vw, 390px\" \/><\/span><\/div><div class=\"fusion-image-element \" style=\"text-align:center;--awb-caption-title-font-family:var(--h2_typography-font-family);--awb-caption-title-font-weight:var(--h2_typography-font-weight);--awb-caption-title-font-style:var(--h2_typography-font-style);--awb-caption-title-size:var(--h2_typography-font-size);--awb-caption-title-transform:var(--h2_typography-text-transform);--awb-caption-title-line-height:var(--h2_typography-line-height);--awb-caption-title-letter-spacing:var(--h2_typography-letter-spacing);\"><span class=\" fusion-imageframe imageframe-none imageframe-10 hover-type-none plan-mh\"><a href=\"https:\/\/www.campinglesplatanesardeche.com\/wp-content\/uploads\/plan-savanha-1.jpg\" class=\"fusion-lightbox\" data-rel=\"iLightbox[5c8cadfbf3fa9116775]\" data-title=\"Mobilheim Savanah 4\/5 p.\" title=\"Mobilheim Savanah 4\/5 p.\"><img decoding=\"async\" width=\"321\" height=\"173\" alt=\"Mobilheim Savanah 4\/5 p.\" src=\"https:\/\/www.campinglesplatanesardeche.com\/wp-content\/uploads\/plan-savanha-1.jpg\" data-orig-src=\"https:\/\/www.campinglesplatanesardeche.com\/wp-content\/uploads\/plan-savanha-1.jpg\" class=\"lazyload img-responsive wp-image-798\" srcset=\"data:image\/svg+xml,%3Csvg%20xmlns%3D%27http%3A%2F%2Fwww.w3.org%2F2000%2Fsvg%27%20width%3D%27321%27%20height%3D%27173%27%20viewBox%3D%270%200%20321%20173%27%3E%3Crect%20width%3D%27321%27%20height%3D%27173%27%20fill-opacity%3D%220%22%2F%3E%3C%2Fsvg%3E\" data-srcset=\"https:\/\/www.campinglesplatanesardeche.com\/wp-content\/uploads\/plan-savanha-1-200x108.jpg 200w, https:\/\/www.campinglesplatanesardeche.com\/wp-content\/uploads\/plan-savanha-1.jpg 321w\" data-sizes=\"auto\" data-orig-sizes=\"(max-width: 1024px) 100vw, (max-width: 640px) 100vw, 321px\" \/><\/a><\/span><\/div><div class=\"fusion-text fusion-text-7 descr\"><p>2 Schlafzimmer f\u00fcr maximal 4 Personen<\/p>\n<\/div><div class=\"fusion-progressbar bar-personne\" style=\"--awb-textcolor:#888888;--awb-height:30px;--awb-filledcolor:#8dd400;--awb-unfilledcolor:#d8d8d8;--awb-maximum-value-wrapper-width:67%;\"><div class=\"progress-title awb-above-bar awb-align-start\"><span class=\"fusion-progressbar-text\" id=\"awb-progressbar-label-12\">4 Personen<\/span><\/div><div class=\"fusion-progressbar-bar progress-bar\"><div class=\"progress progress-bar-content not-animated\" role=\"progressbar\" aria-labelledby=\"awb-progressbar-label-12\" aria-valuemin=\"0\" aria-valuemax=\"100\" aria-valuenow=\"33\" data-filling-speed=\"600\"><\/div><span class=\"awb-pb-max-value-wrap awb-on-bar\"><span class=\"awb-pb-max-value-text\"><\/span><\/span><\/div><\/div><div class=\"fusion-progressbar bar-chambre\" style=\"--awb-textcolor:#888888;--awb-height:30px;--awb-filledcolor:#8dd400;--awb-unfilledcolor:#d8d8d8;--awb-maximum-value-wrapper-width:50%;\"><div class=\"progress-title awb-above-bar awb-align-start\"><span class=\"fusion-progressbar-text\" id=\"awb-progressbar-label-13\">2 Schlafzimmer<\/span><\/div><div class=\"fusion-progressbar-bar progress-bar\"><div class=\"progress progress-bar-content not-animated\" role=\"progressbar\" aria-labelledby=\"awb-progressbar-label-13\" aria-valuemin=\"0\" aria-valuemax=\"100\" aria-valuenow=\"50\" data-filling-speed=\"600\"><\/div><span class=\"awb-pb-max-value-wrap awb-on-bar\"><span class=\"awb-pb-max-value-text\"><\/span><\/span><\/div><\/div><div class=\"fusion-progressbar bar-surface\" style=\"--awb-textcolor:#888888;--awb-height:30px;--awb-filledcolor:#8dd400;--awb-unfilledcolor:#d8d8d8;--awb-maximum-value-wrapper-width:34%;\"><div class=\"progress-title awb-above-bar awb-align-start\"><span class=\"fusion-progressbar-text\" id=\"awb-progressbar-label-14\">30 m\u00b2<\/span><\/div><div class=\"fusion-progressbar-bar progress-bar\"><div class=\"progress progress-bar-content not-animated\" role=\"progressbar\" aria-labelledby=\"awb-progressbar-label-14\" aria-valuemin=\"0\" aria-valuemax=\"100\" aria-valuenow=\"66\" data-filling-speed=\"600\"><\/div><span class=\"awb-pb-max-value-wrap awb-on-bar\"><span class=\"awb-pb-max-value-text\"><\/span><\/span><\/div><\/div><\/div><\/div>\n\t\t\t\t\t\t\t\t\t<a class=\"btn-carousel fusion-button button-flat fusion-button-default-size button-default fusion-button-default fusion-button-default-span fusion-button-default-type\" href=\"https:\/\/www.campinglesplatanesardeche.com\/de\/mobilheime\/savanah-4p\/\" title=\"Savanah 4p\"><span class=\"btn fusion-button-text\">Seite ansehen<\/span><\/a>\n\t\t\t\t\t\t\t\t<\/span>\n\t\t\t\t\t\t\t<\/div>\n\t\t\t\t\t\t<\/div>\n                                                <div class=\"item\">\n\t\t\t\t\t\t\t<div class=\"content\" id=\"post2-1623\"> \n\t\t\t\t\t\t\t\t<span class=\"item-a-inner\">\n\t\t\t\t\t\t\t\t\t<div class=\"fusion-layout-column fusion_builder_column fusion-builder-column-9 fusion_builder_column_1_4 1_4 fusion-flex-column bloc-mh\" style=\"--awb-bg-size:cover;--awb-width-large:25%;--awb-flex-grow:0;--awb-flex-shrink:0;--awb-margin-top-large:0px;--awb-spacing-right-large:0px;--awb-margin-bottom-large:20px;--awb-spacing-left-large:7.68%;--awb-width-medium:100%;--awb-flex-grow-medium:0;--awb-flex-shrink-medium:0;--awb-spacing-right-medium:1.92%;--awb-spacing-left-medium:1.92%;--awb-width-small:100%;--awb-flex-grow-small:0;--awb-flex-shrink-small:0;--awb-spacing-right-small:1.92%;--awb-spacing-left-small:1.92%;\"><div class=\"fusion-column-wrapper fusion-flex-justify-content-flex-start fusion-content-layout-column\"><div class=\"fusion-title title fusion-title-10 fusion-sep-none fusion-title-center fusion-title-text fusion-title-size-three\"><h3 class=\"fusion-title-heading title-heading-center\" style=\"margin:0;\">Oc\u00e9ane<\/h3><\/div><div class=\"fusion-image-element \" style=\"text-align:center;--awb-caption-title-font-family:var(--h2_typography-font-family);--awb-caption-title-font-weight:var(--h2_typography-font-weight);--awb-caption-title-font-style:var(--h2_typography-font-style);--awb-caption-title-size:var(--h2_typography-font-size);--awb-caption-title-transform:var(--h2_typography-text-transform);--awb-caption-title-line-height:var(--h2_typography-line-height);--awb-caption-title-letter-spacing:var(--h2_typography-letter-spacing);\"><span class=\" fusion-imageframe imageframe-none imageframe-11 hover-type-none\"><img decoding=\"async\" width=\"390\" height=\"162\" alt=\"Mobilheim Oc\u00e9ane\" title=\"Mobilheim Oc\u00e9ane\" src=\"https:\/\/www.campinglesplatanesardeche.com\/wp-content\/uploads\/mh-oceane.jpg\" data-orig-src=\"https:\/\/www.campinglesplatanesardeche.com\/wp-content\/uploads\/mh-oceane.jpg\" class=\"lazyload img-responsive wp-image-794\" srcset=\"data:image\/svg+xml,%3Csvg%20xmlns%3D%27http%3A%2F%2Fwww.w3.org%2F2000%2Fsvg%27%20width%3D%27390%27%20height%3D%27162%27%20viewBox%3D%270%200%20390%20162%27%3E%3Crect%20width%3D%27390%27%20height%3D%27162%27%20fill-opacity%3D%220%22%2F%3E%3C%2Fsvg%3E\" data-srcset=\"https:\/\/www.campinglesplatanesardeche.com\/wp-content\/uploads\/mh-oceane-200x83.jpg 200w, https:\/\/www.campinglesplatanesardeche.com\/wp-content\/uploads\/mh-oceane.jpg 390w\" data-sizes=\"auto\" data-orig-sizes=\"(max-width: 1024px) 100vw, (max-width: 640px) 100vw, 390px\" \/><\/span><\/div><div class=\"fusion-image-element \" style=\"text-align:center;--awb-caption-title-font-family:var(--h2_typography-font-family);--awb-caption-title-font-weight:var(--h2_typography-font-weight);--awb-caption-title-font-style:var(--h2_typography-font-style);--awb-caption-title-size:var(--h2_typography-font-size);--awb-caption-title-transform:var(--h2_typography-text-transform);--awb-caption-title-line-height:var(--h2_typography-line-height);--awb-caption-title-letter-spacing:var(--h2_typography-letter-spacing);\"><span class=\" fusion-imageframe imageframe-none imageframe-12 hover-type-none plan-mh\"><a href=\"https:\/\/www.campinglesplatanesardeche.com\/wp-content\/uploads\/plan-oceane.jpg\" class=\"fusion-lightbox\" data-rel=\"iLightbox[5e174e1466cc107d62f]\" data-title=\"Mobilheim Oc\u00e9ane\" title=\"Mobilheim Oc\u00e9ane\"><img decoding=\"async\" width=\"321\" height=\"173\" alt=\"Mobilheim Oc\u00e9ane\" src=\"https:\/\/www.campinglesplatanesardeche.com\/wp-content\/uploads\/plan-oceane.jpg\" data-orig-src=\"https:\/\/www.campinglesplatanesardeche.com\/wp-content\/uploads\/plan-oceane.jpg\" class=\"lazyload img-responsive wp-image-810\" srcset=\"data:image\/svg+xml,%3Csvg%20xmlns%3D%27http%3A%2F%2Fwww.w3.org%2F2000%2Fsvg%27%20width%3D%27321%27%20height%3D%27173%27%20viewBox%3D%270%200%20321%20173%27%3E%3Crect%20width%3D%27321%27%20height%3D%27173%27%20fill-opacity%3D%220%22%2F%3E%3C%2Fsvg%3E\" data-srcset=\"https:\/\/www.campinglesplatanesardeche.com\/wp-content\/uploads\/plan-oceane-200x108.jpg 200w, https:\/\/www.campinglesplatanesardeche.com\/wp-content\/uploads\/plan-oceane.jpg 321w\" data-sizes=\"auto\" data-orig-sizes=\"(max-width: 1024px) 100vw, (max-width: 640px) 100vw, 321px\" \/><\/a><\/span><\/div><div class=\"fusion-text fusion-text-8 descr\"><p>2 Schlafzimmer f\u00fcr maximal 4 Personen (Platz f\u00fcr ein Babybett im Elternschlafzimmer)<\/p>\n<\/div><div class=\"fusion-progressbar bar-personne\" style=\"--awb-textcolor:#888888;--awb-height:30px;--awb-filledcolor:#8dd400;--awb-unfilledcolor:#d8d8d8;--awb-maximum-value-wrapper-width:67%;\"><div class=\"progress-title awb-above-bar awb-align-start\"><span class=\"fusion-progressbar-text\" id=\"awb-progressbar-label-15\">4 Personen<\/span><\/div><div class=\"fusion-progressbar-bar progress-bar\"><div class=\"progress progress-bar-content not-animated\" role=\"progressbar\" aria-labelledby=\"awb-progressbar-label-15\" aria-valuemin=\"0\" aria-valuemax=\"100\" aria-valuenow=\"33\" data-filling-speed=\"600\"><\/div><span class=\"awb-pb-max-value-wrap awb-on-bar\"><span class=\"awb-pb-max-value-text\"><\/span><\/span><\/div><\/div><div class=\"fusion-progressbar bar-chambre\" style=\"--awb-textcolor:#888888;--awb-height:30px;--awb-filledcolor:#8dd400;--awb-unfilledcolor:#d8d8d8;--awb-maximum-value-wrapper-width:50%;\"><div class=\"progress-title awb-above-bar awb-align-start\"><span class=\"fusion-progressbar-text\" id=\"awb-progressbar-label-16\">2 Schlafzimmer<\/span><\/div><div class=\"fusion-progressbar-bar progress-bar\"><div class=\"progress progress-bar-content not-animated\" role=\"progressbar\" aria-labelledby=\"awb-progressbar-label-16\" aria-valuemin=\"0\" aria-valuemax=\"100\" aria-valuenow=\"50\" data-filling-speed=\"600\"><\/div><span class=\"awb-pb-max-value-wrap awb-on-bar\"><span class=\"awb-pb-max-value-text\"><\/span><\/span><\/div><\/div><div class=\"fusion-progressbar bar-surface\" style=\"--awb-textcolor:#888888;--awb-height:30px;--awb-filledcolor:#8dd400;--awb-unfilledcolor:#d8d8d8;--awb-maximum-value-wrapper-width:67%;\"><div class=\"progress-title awb-above-bar awb-align-start\"><span class=\"fusion-progressbar-text\" id=\"awb-progressbar-label-17\">27 m\u00b2<\/span><\/div><div class=\"fusion-progressbar-bar progress-bar\"><div class=\"progress progress-bar-content not-animated\" role=\"progressbar\" aria-labelledby=\"awb-progressbar-label-17\" aria-valuemin=\"0\" aria-valuemax=\"100\" aria-valuenow=\"33\" data-filling-speed=\"600\"><\/div><span class=\"awb-pb-max-value-wrap awb-on-bar\"><span class=\"awb-pb-max-value-text\"><\/span><\/span><\/div><\/div><\/div><\/div>\n\t\t\t\t\t\t\t\t\t<a class=\"btn-carousel fusion-button button-flat fusion-button-default-size button-default fusion-button-default fusion-button-default-span fusion-button-default-type\" href=\"https:\/\/www.campinglesplatanesardeche.com\/de\/mobilheime\/oceane\/\" title=\"Oc\u00e9ane\"><span class=\"btn fusion-button-text\">Seite ansehen<\/span><\/a>\n\t\t\t\t\t\t\t\t<\/span>\n\t\t\t\t\t\t\t<\/div>\n\t\t\t\t\t\t<\/div>\n                                                <div class=\"item\">\n\t\t\t\t\t\t\t<div class=\"content\" id=\"post2-1614\"> \n\t\t\t\t\t\t\t\t<span class=\"item-a-inner\">\n\t\t\t\t\t\t\t\t\t<div class=\"fusion-layout-column fusion_builder_column fusion-builder-column-10 fusion_builder_column_1_4 1_4 fusion-flex-column bloc-mh\" style=\"--awb-bg-size:cover;--awb-width-large:25%;--awb-flex-grow:0;--awb-flex-shrink:0;--awb-margin-top-large:0px;--awb-spacing-right-large:0px;--awb-margin-bottom-large:20px;--awb-spacing-left-large:7.68%;--awb-width-medium:100%;--awb-flex-grow-medium:0;--awb-flex-shrink-medium:0;--awb-spacing-right-medium:1.92%;--awb-spacing-left-medium:1.92%;--awb-width-small:100%;--awb-flex-grow-small:0;--awb-flex-shrink-small:0;--awb-spacing-right-small:1.92%;--awb-spacing-left-small:1.92%;\"><div class=\"fusion-column-wrapper fusion-flex-justify-content-flex-start fusion-content-layout-column\"><div class=\"fusion-title title fusion-title-11 fusion-sep-none fusion-title-center fusion-title-text fusion-title-size-three\"><h3 class=\"fusion-title-heading title-heading-center\" style=\"margin:0;\">Nest 29-2<\/h3><\/div><div class=\"fusion-image-element \" style=\"text-align:center;--awb-caption-title-font-family:var(--h2_typography-font-family);--awb-caption-title-font-weight:var(--h2_typography-font-weight);--awb-caption-title-font-style:var(--h2_typography-font-style);--awb-caption-title-size:var(--h2_typography-font-size);--awb-caption-title-transform:var(--h2_typography-text-transform);--awb-caption-title-line-height:var(--h2_typography-line-height);--awb-caption-title-letter-spacing:var(--h2_typography-letter-spacing);\"><span class=\" fusion-imageframe imageframe-none imageframe-13 hover-type-none\"><img decoding=\"async\" width=\"310\" height=\"129\" alt=\"Nest 29-2\" title=\"Nest 29-2\" src=\"https:\/\/www.campinglesplatanesardeche.com\/wp-content\/uploads\/nest-nest-29-2-mini.jpg\" data-orig-src=\"https:\/\/www.campinglesplatanesardeche.com\/wp-content\/uploads\/nest-nest-29-2-mini.jpg\" class=\"lazyload img-responsive wp-image-2158\" srcset=\"data:image\/svg+xml,%3Csvg%20xmlns%3D%27http%3A%2F%2Fwww.w3.org%2F2000%2Fsvg%27%20width%3D%27310%27%20height%3D%27129%27%20viewBox%3D%270%200%20310%20129%27%3E%3Crect%20width%3D%27310%27%20height%3D%27129%27%20fill-opacity%3D%220%22%2F%3E%3C%2Fsvg%3E\" data-srcset=\"https:\/\/www.campinglesplatanesardeche.com\/wp-content\/uploads\/nest-nest-29-2-mini-200x83.jpg 200w, https:\/\/www.campinglesplatanesardeche.com\/wp-content\/uploads\/nest-nest-29-2-mini.jpg 310w\" data-sizes=\"auto\" data-orig-sizes=\"(max-width: 1024px) 100vw, (max-width: 640px) 100vw, 310px\" \/><\/span><\/div><div class=\"fusion-image-element \" style=\"text-align:center;--awb-caption-title-font-family:var(--h2_typography-font-family);--awb-caption-title-font-weight:var(--h2_typography-font-weight);--awb-caption-title-font-style:var(--h2_typography-font-style);--awb-caption-title-size:var(--h2_typography-font-size);--awb-caption-title-transform:var(--h2_typography-text-transform);--awb-caption-title-line-height:var(--h2_typography-line-height);--awb-caption-title-letter-spacing:var(--h2_typography-letter-spacing);\"><span class=\" fusion-imageframe imageframe-none imageframe-14 hover-type-none plan-mh\"><a href=\"https:\/\/www.campinglesplatanesardeche.com\/wp-content\/uploads\/plan-nest-29.jpg\" class=\"fusion-lightbox\" data-rel=\"iLightbox[bb349372499baef2ea1]\" data-title=\"Mobilheim Nest 29\" title=\"Mobilheim Nest 29\"><img decoding=\"async\" width=\"200\" height=\"114\" alt=\"Mobilheim Nest 29\" src=\"data:image\/svg+xml,%3Csvg%20xmlns%3D%27http%3A%2F%2Fwww.w3.org%2F2000%2Fsvg%27%20width%3D%27200%27%20height%3D%27114%27%20viewBox%3D%270%200%20200%20114%27%3E%3Crect%20width%3D%27200%27%20height%3D%27114%27%20fill-opacity%3D%220%22%2F%3E%3C%2Fsvg%3E\" data-orig-src=\"https:\/\/www.campinglesplatanesardeche.com\/wp-content\/uploads\/plan-nest-29-mini.jpg\" class=\"lazyload img-responsive wp-image-2154\"\/><\/a><\/span><\/div><div class=\"fusion-text fusion-text-9 descr\"><p>2 Schlafzimmer f\u00fcr maximal 4 Personen<\/p>\n<\/div><div class=\"fusion-progressbar bar-personne\" style=\"--awb-textcolor:#888888;--awb-height:30px;--awb-filledcolor:#8dd400;--awb-unfilledcolor:#d8d8d8;--awb-maximum-value-wrapper-width:67%;\"><div class=\"progress-title awb-above-bar awb-align-start\"><span class=\"fusion-progressbar-text\" id=\"awb-progressbar-label-18\">4 Personen<\/span><\/div><div class=\"fusion-progressbar-bar progress-bar\"><div class=\"progress progress-bar-content not-animated\" role=\"progressbar\" aria-labelledby=\"awb-progressbar-label-18\" aria-valuemin=\"0\" aria-valuemax=\"100\" aria-valuenow=\"33\" data-filling-speed=\"600\"><\/div><span class=\"awb-pb-max-value-wrap awb-on-bar\"><span class=\"awb-pb-max-value-text\"><\/span><\/span><\/div><\/div><div class=\"fusion-progressbar bar-chambre\" style=\"--awb-textcolor:#888888;--awb-height:30px;--awb-filledcolor:#8dd400;--awb-unfilledcolor:#d8d8d8;--awb-maximum-value-wrapper-width:50%;\"><div class=\"progress-title awb-above-bar awb-align-start\"><span class=\"fusion-progressbar-text\" id=\"awb-progressbar-label-19\">2 Schlafzimmer<\/span><\/div><div class=\"fusion-progressbar-bar progress-bar\"><div class=\"progress progress-bar-content not-animated\" role=\"progressbar\" aria-labelledby=\"awb-progressbar-label-19\" aria-valuemin=\"0\" aria-valuemax=\"100\" aria-valuenow=\"50\" data-filling-speed=\"600\"><\/div><span class=\"awb-pb-max-value-wrap awb-on-bar\"><span class=\"awb-pb-max-value-text\"><\/span><\/span><\/div><\/div><div class=\"fusion-progressbar bar-surface\" style=\"--awb-textcolor:#888888;--awb-height:30px;--awb-filledcolor:#8dd400;--awb-unfilledcolor:#d8d8d8;--awb-maximum-value-wrapper-width:34%;\"><div class=\"progress-title awb-above-bar awb-align-start\"><span class=\"fusion-progressbar-text\" id=\"awb-progressbar-label-20\">30 m\u00b2<\/span><\/div><div class=\"fusion-progressbar-bar progress-bar\"><div class=\"progress progress-bar-content not-animated\" role=\"progressbar\" aria-labelledby=\"awb-progressbar-label-20\" aria-valuemin=\"0\" aria-valuemax=\"100\" aria-valuenow=\"66\" data-filling-speed=\"600\"><\/div><span class=\"awb-pb-max-value-wrap awb-on-bar\"><span class=\"awb-pb-max-value-text\"><\/span><\/span><\/div><\/div><\/div><\/div>\n\t\t\t\t\t\t\t\t\t<a class=\"btn-carousel fusion-button button-flat fusion-button-default-size button-default fusion-button-default fusion-button-default-span fusion-button-default-type\" href=\"https:\/\/www.campinglesplatanesardeche.com\/de\/mobilheime\/nest-29-2\/\" title=\"Nest 29-2\"><span class=\"btn fusion-button-text\">Seite ansehen<\/span><\/a>\n\t\t\t\t\t\t\t\t<\/span>\n\t\t\t\t\t\t\t<\/div>\n\t\t\t\t\t\t<\/div>\n                                                <div class=\"item\">\n\t\t\t\t\t\t\t<div class=\"content\" id=\"post2-1633\"> \n\t\t\t\t\t\t\t\t<span class=\"item-a-inner\">\n\t\t\t\t\t\t\t\t\t<div class=\"fusion-layout-column fusion_builder_column fusion-builder-column-11 fusion_builder_column_1_4 1_4 fusion-flex-column bloc-mh\" style=\"--awb-bg-size:cover;--awb-width-large:25%;--awb-flex-grow:0;--awb-flex-shrink:0;--awb-margin-top-large:0px;--awb-spacing-right-large:0px;--awb-margin-bottom-large:20px;--awb-spacing-left-large:7.68%;--awb-width-medium:100%;--awb-flex-grow-medium:0;--awb-flex-shrink-medium:0;--awb-spacing-right-medium:1.92%;--awb-spacing-left-medium:1.92%;--awb-width-small:100%;--awb-flex-grow-small:0;--awb-flex-shrink-small:0;--awb-spacing-right-small:1.92%;--awb-spacing-left-small:1.92%;\"><div class=\"fusion-column-wrapper fusion-flex-justify-content-flex-start fusion-content-layout-column\"><div class=\"fusion-title title fusion-title-12 fusion-sep-none fusion-title-center fusion-title-text fusion-title-size-three\"><h3 class=\"fusion-title-heading title-heading-center\" style=\"margin:0;\">Savanah 5p<\/h3><\/div><div class=\"fusion-image-element \" style=\"text-align:center;--awb-caption-title-font-family:var(--h2_typography-font-family);--awb-caption-title-font-weight:var(--h2_typography-font-weight);--awb-caption-title-font-style:var(--h2_typography-font-style);--awb-caption-title-size:var(--h2_typography-font-size);--awb-caption-title-transform:var(--h2_typography-text-transform);--awb-caption-title-line-height:var(--h2_typography-line-height);--awb-caption-title-letter-spacing:var(--h2_typography-letter-spacing);\"><span class=\" fusion-imageframe imageframe-none imageframe-15 hover-type-none\"><img decoding=\"async\" width=\"390\" height=\"162\" alt=\"Mobilheim Savanah\" title=\"Mobilheim Savanah\" src=\"https:\/\/www.campinglesplatanesardeche.com\/wp-content\/uploads\/mh-savanah.jpg\" data-orig-src=\"https:\/\/www.campinglesplatanesardeche.com\/wp-content\/uploads\/mh-savanah.jpg\" class=\"lazyload img-responsive wp-image-784\" srcset=\"data:image\/svg+xml,%3Csvg%20xmlns%3D%27http%3A%2F%2Fwww.w3.org%2F2000%2Fsvg%27%20width%3D%27390%27%20height%3D%27162%27%20viewBox%3D%270%200%20390%20162%27%3E%3Crect%20width%3D%27390%27%20height%3D%27162%27%20fill-opacity%3D%220%22%2F%3E%3C%2Fsvg%3E\" data-srcset=\"https:\/\/www.campinglesplatanesardeche.com\/wp-content\/uploads\/mh-savanah-200x83.jpg 200w, https:\/\/www.campinglesplatanesardeche.com\/wp-content\/uploads\/mh-savanah.jpg 390w\" data-sizes=\"auto\" data-orig-sizes=\"(max-width: 1024px) 100vw, (max-width: 640px) 100vw, 390px\" \/><\/span><\/div><div class=\"fusion-image-element \" style=\"text-align:center;--awb-caption-title-font-family:var(--h2_typography-font-family);--awb-caption-title-font-weight:var(--h2_typography-font-weight);--awb-caption-title-font-style:var(--h2_typography-font-style);--awb-caption-title-size:var(--h2_typography-font-size);--awb-caption-title-transform:var(--h2_typography-text-transform);--awb-caption-title-line-height:var(--h2_typography-line-height);--awb-caption-title-letter-spacing:var(--h2_typography-letter-spacing);\"><span class=\" fusion-imageframe imageframe-none imageframe-16 hover-type-none plan-mh\"><a href=\"https:\/\/www.campinglesplatanesardeche.com\/wp-content\/uploads\/plan-savanha-2.jpg\" class=\"fusion-lightbox\" data-rel=\"iLightbox[a9b524b6c129c4c0c1e]\" data-title=\"Mobilheim Savanah 4\/5 p.\" title=\"Mobilheim Savanah 4\/5 p.\"><img decoding=\"async\" width=\"321\" height=\"173\" alt=\"Mobilheim Savanah 4\/5 p.\" src=\"https:\/\/www.campinglesplatanesardeche.com\/wp-content\/uploads\/plan-savanha-2.jpg\" data-orig-src=\"https:\/\/www.campinglesplatanesardeche.com\/wp-content\/uploads\/plan-savanha-2.jpg\" class=\"lazyload img-responsive wp-image-800\" srcset=\"data:image\/svg+xml,%3Csvg%20xmlns%3D%27http%3A%2F%2Fwww.w3.org%2F2000%2Fsvg%27%20width%3D%27321%27%20height%3D%27173%27%20viewBox%3D%270%200%20321%20173%27%3E%3Crect%20width%3D%27321%27%20height%3D%27173%27%20fill-opacity%3D%220%22%2F%3E%3C%2Fsvg%3E\" data-srcset=\"https:\/\/www.campinglesplatanesardeche.com\/wp-content\/uploads\/plan-savanha-2-200x108.jpg 200w, https:\/\/www.campinglesplatanesardeche.com\/wp-content\/uploads\/plan-savanha-2.jpg 321w\" data-sizes=\"auto\" data-orig-sizes=\"(max-width: 1024px) 100vw, (max-width: 640px) 100vw, 321px\" \/><\/a><\/span><\/div><div class=\"fusion-text fusion-text-10 descr\"><p>2 Schlafzimmer f\u00fcr maximal 5 Personen<\/p>\n<\/div><div class=\"fusion-progressbar bar-personne\" style=\"--awb-textcolor:#888888;--awb-height:30px;--awb-filledcolor:#8dd400;--awb-unfilledcolor:#d8d8d8;--awb-maximum-value-wrapper-width:34%;\"><div class=\"progress-title awb-above-bar awb-align-start\"><span class=\"fusion-progressbar-text\" id=\"awb-progressbar-label-21\">5 Personen<\/span><\/div><div class=\"fusion-progressbar-bar progress-bar\"><div class=\"progress progress-bar-content not-animated\" role=\"progressbar\" aria-labelledby=\"awb-progressbar-label-21\" aria-valuemin=\"0\" aria-valuemax=\"100\" aria-valuenow=\"66\" data-filling-speed=\"600\"><\/div><span class=\"awb-pb-max-value-wrap awb-on-bar\"><span class=\"awb-pb-max-value-text\"><\/span><\/span><\/div><\/div><div class=\"fusion-progressbar bar-chambre\" style=\"--awb-textcolor:#888888;--awb-height:30px;--awb-filledcolor:#8dd400;--awb-unfilledcolor:#d8d8d8;--awb-maximum-value-wrapper-width:50%;\"><div class=\"progress-title awb-above-bar awb-align-start\"><span class=\"fusion-progressbar-text\" id=\"awb-progressbar-label-22\">2 Schlafzimmer<\/span><\/div><div class=\"fusion-progressbar-bar progress-bar\"><div class=\"progress progress-bar-content not-animated\" role=\"progressbar\" aria-labelledby=\"awb-progressbar-label-22\" aria-valuemin=\"0\" aria-valuemax=\"100\" aria-valuenow=\"50\" data-filling-speed=\"600\"><\/div><span class=\"awb-pb-max-value-wrap awb-on-bar\"><span class=\"awb-pb-max-value-text\"><\/span><\/span><\/div><\/div><div class=\"fusion-progressbar bar-surface\" style=\"--awb-textcolor:#888888;--awb-height:30px;--awb-filledcolor:#8dd400;--awb-unfilledcolor:#d8d8d8;--awb-maximum-value-wrapper-width:34%;\"><div class=\"progress-title awb-above-bar awb-align-start\"><span class=\"fusion-progressbar-text\" id=\"awb-progressbar-label-23\">30 m\u00b2<\/span><\/div><div class=\"fusion-progressbar-bar progress-bar\"><div class=\"progress progress-bar-content not-animated\" role=\"progressbar\" aria-labelledby=\"awb-progressbar-label-23\" aria-valuemin=\"0\" aria-valuemax=\"100\" aria-valuenow=\"66\" data-filling-speed=\"600\"><\/div><span class=\"awb-pb-max-value-wrap awb-on-bar\"><span class=\"awb-pb-max-value-text\"><\/span><\/span><\/div><\/div><\/div><\/div>\n\t\t\t\t\t\t\t\t\t<a class=\"btn-carousel fusion-button button-flat fusion-button-default-size button-default fusion-button-default fusion-button-default-span fusion-button-default-type\" href=\"https:\/\/www.campinglesplatanesardeche.com\/de\/mobilheime\/savanah-5p\/\" title=\"Savanah 5p\"><span class=\"btn fusion-button-text\">Seite ansehen<\/span><\/a>\n\t\t\t\t\t\t\t\t<\/span>\n\t\t\t\t\t\t\t<\/div>\n\t\t\t\t\t\t<\/div>\n                                                <div class=\"item\">\n\t\t\t\t\t\t\t<div class=\"content\" id=\"post2-1580\"> \n\t\t\t\t\t\t\t\t<span class=\"item-a-inner\">\n\t\t\t\t\t\t\t\t\t<div class=\"fusion-layout-column fusion_builder_column fusion-builder-column-12 fusion_builder_column_1_4 1_4 fusion-flex-column bloc-mh match-mh\" style=\"--awb-bg-size:cover;--awb-width-large:25%;--awb-flex-grow:0;--awb-flex-shrink:0;--awb-margin-top-large:0px;--awb-spacing-right-large:0px;--awb-margin-bottom-large:20px;--awb-spacing-left-large:7.68%;--awb-width-medium:100%;--awb-flex-grow-medium:0;--awb-flex-shrink-medium:0;--awb-spacing-right-medium:1.92%;--awb-spacing-left-medium:1.92%;--awb-width-small:100%;--awb-flex-grow-small:0;--awb-flex-shrink-small:0;--awb-spacing-right-small:1.92%;--awb-spacing-left-small:1.92%;\"><div class=\"fusion-column-wrapper fusion-flex-justify-content-flex-start fusion-content-layout-column\"><div class=\"fusion-title title fusion-title-13 fusion-sep-none fusion-title-center fusion-title-text fusion-title-size-three\"><h3 class=\"fusion-title-heading title-heading-center\" style=\"margin:0;\">Nest &#8211; 335<\/h3><\/div><div class=\"fusion-image-element \" style=\"text-align:center;--awb-caption-title-font-family:var(--h2_typography-font-family);--awb-caption-title-font-weight:var(--h2_typography-font-weight);--awb-caption-title-font-style:var(--h2_typography-font-style);--awb-caption-title-size:var(--h2_typography-font-size);--awb-caption-title-transform:var(--h2_typography-text-transform);--awb-caption-title-line-height:var(--h2_typography-line-height);--awb-caption-title-letter-spacing:var(--h2_typography-letter-spacing);\"><span class=\" fusion-imageframe imageframe-none imageframe-17 hover-type-none\"><img decoding=\"async\" width=\"390\" height=\"162\" alt=\"Mobil-home Nest-335\" title=\"Mobil-home Nest-335\" src=\"https:\/\/www.campinglesplatanesardeche.com\/wp-content\/uploads\/mh-nest-335.jpg\" data-orig-src=\"https:\/\/www.campinglesplatanesardeche.com\/wp-content\/uploads\/mh-nest-335.jpg\" class=\"lazyload img-responsive wp-image-2074\" srcset=\"data:image\/svg+xml,%3Csvg%20xmlns%3D%27http%3A%2F%2Fwww.w3.org%2F2000%2Fsvg%27%20width%3D%27390%27%20height%3D%27162%27%20viewBox%3D%270%200%20390%20162%27%3E%3Crect%20width%3D%27390%27%20height%3D%27162%27%20fill-opacity%3D%220%22%2F%3E%3C%2Fsvg%3E\" data-srcset=\"https:\/\/www.campinglesplatanesardeche.com\/wp-content\/uploads\/mh-nest-335-200x83.jpg 200w, https:\/\/www.campinglesplatanesardeche.com\/wp-content\/uploads\/mh-nest-335.jpg 390w\" data-sizes=\"auto\" data-orig-sizes=\"(max-width: 1024px) 100vw, (max-width: 640px) 100vw, 390px\" \/><\/span><\/div><div class=\"fusion-image-element \" style=\"text-align:center;--awb-caption-title-font-family:var(--h2_typography-font-family);--awb-caption-title-font-weight:var(--h2_typography-font-weight);--awb-caption-title-font-style:var(--h2_typography-font-style);--awb-caption-title-size:var(--h2_typography-font-size);--awb-caption-title-transform:var(--h2_typography-text-transform);--awb-caption-title-line-height:var(--h2_typography-line-height);--awb-caption-title-letter-spacing:var(--h2_typography-letter-spacing);\"><span class=\" fusion-imageframe imageframe-none imageframe-18 hover-type-none plan-mh\"><a href=\"https:\/\/www.campinglesplatanesardeche.com\/wp-content\/uploads\/mh-nest-335-plan.jpg\" class=\"fusion-lightbox\" data-rel=\"iLightbox[2a19044914cb6cabca9]\" data-title=\"Mobil-home Nest-335\" title=\"Mobil-home Nest-335\"><img decoding=\"async\" width=\"200\" height=\"114\" alt=\"Mobil-home Nest-335\" src=\"https:\/\/www.campinglesplatanesardeche.com\/wp-content\/uploads\/mh-nest-335-plan.jpg\" data-orig-src=\"https:\/\/www.campinglesplatanesardeche.com\/wp-content\/uploads\/mh-nest-335-plan-200x114.jpg\" class=\"lazyload img-responsive wp-image-2082\" srcset=\"data:image\/svg+xml,%3Csvg%20xmlns%3D%27http%3A%2F%2Fwww.w3.org%2F2000%2Fsvg%27%20width%3D%271200%27%20height%3D%27685%27%20viewBox%3D%270%200%201200%20685%27%3E%3Crect%20width%3D%271200%27%20height%3D%27685%27%20fill-opacity%3D%220%22%2F%3E%3C%2Fsvg%3E\" data-srcset=\"https:\/\/www.campinglesplatanesardeche.com\/wp-content\/uploads\/mh-nest-335-plan-200x114.jpg 200w, https:\/\/www.campinglesplatanesardeche.com\/wp-content\/uploads\/mh-nest-335-plan-400x228.jpg 400w, https:\/\/www.campinglesplatanesardeche.com\/wp-content\/uploads\/mh-nest-335-plan-600x343.jpg 600w, https:\/\/www.campinglesplatanesardeche.com\/wp-content\/uploads\/mh-nest-335-plan-800x457.jpg 800w, https:\/\/www.campinglesplatanesardeche.com\/wp-content\/uploads\/mh-nest-335-plan.jpg 1200w\" data-sizes=\"auto\" data-orig-sizes=\"(max-width: 1024px) 100vw, (max-width: 640px) 100vw, 400px\" \/><\/a><\/span><\/div><div class=\"fusion-text fusion-text-11 descr\"><p>3 Schlafzimmer f\u00fcr maximal 6 Personen<\/p>\n<\/div><div class=\"fusion-progressbar bar-personne\" style=\"--awb-textcolor:#888888;--awb-height:30px;--awb-filledcolor:#8dd400;--awb-unfilledcolor:#d8d8d8;--awb-maximum-value-wrapper-width:0%;\"><div class=\"progress-title awb-above-bar awb-align-start\"><span class=\"fusion-progressbar-text\" id=\"awb-progressbar-label-24\">6 Personen<\/span><\/div><div class=\"fusion-progressbar-bar progress-bar\"><div class=\"progress progress-bar-content not-animated\" role=\"progressbar\" aria-labelledby=\"awb-progressbar-label-24\" aria-valuemin=\"0\" aria-valuemax=\"100\" aria-valuenow=\"100\" data-filling-speed=\"600\"><\/div><span class=\"awb-pb-max-value-wrap awb-on-bar\"><span class=\"awb-pb-max-value-text\"><\/span><\/span><\/div><\/div><div class=\"fusion-progressbar bar-chambre\" style=\"--awb-textcolor:#888888;--awb-height:30px;--awb-filledcolor:#8dd400;--awb-unfilledcolor:#d8d8d8;--awb-maximum-value-wrapper-width:0%;\"><div class=\"progress-title awb-above-bar awb-align-start\"><span class=\"fusion-progressbar-text\" id=\"awb-progressbar-label-25\">3 Schlafzimmer<\/span><\/div><div class=\"fusion-progressbar-bar progress-bar\"><div class=\"progress progress-bar-content not-animated\" role=\"progressbar\" aria-labelledby=\"awb-progressbar-label-25\" aria-valuemin=\"0\" aria-valuemax=\"100\" aria-valuenow=\"100\" data-filling-speed=\"600\"><\/div><span class=\"awb-pb-max-value-wrap awb-on-bar\"><span class=\"awb-pb-max-value-text\"><\/span><\/span><\/div><\/div><div class=\"fusion-progressbar bar-surface\" style=\"--awb-textcolor:#888888;--awb-height:30px;--awb-filledcolor:#8dd400;--awb-unfilledcolor:#d8d8d8;--awb-maximum-value-wrapper-width:0%;\"><div class=\"progress-title awb-above-bar awb-align-start\"><span class=\"fusion-progressbar-text\" id=\"awb-progressbar-label-26\">35 m\u00b2<\/span><\/div><div class=\"fusion-progressbar-bar progress-bar\"><div class=\"progress progress-bar-content not-animated\" role=\"progressbar\" aria-labelledby=\"awb-progressbar-label-26\" aria-valuemin=\"0\" aria-valuemax=\"100\" aria-valuenow=\"100\" data-filling-speed=\"600\"><\/div><span class=\"awb-pb-max-value-wrap awb-on-bar\"><span class=\"awb-pb-max-value-text\"><\/span><\/span><\/div><\/div><\/div><\/div>\n\t\t\t\t\t\t\t\t\t<a class=\"btn-carousel fusion-button button-flat fusion-button-default-size button-default fusion-button-default fusion-button-default-span fusion-button-default-type\" href=\"https:\/\/www.campinglesplatanesardeche.com\/de\/mobilheime\/nest-335\/\" title=\"Nest &#8211; 335\"><span class=\"btn fusion-button-text\">Seite ansehen<\/span><\/a>\n\t\t\t\t\t\t\t\t<\/span>\n\t\t\t\t\t\t\t<\/div>\n\t\t\t\t\t\t<\/div>\n                                    <\/div>\n        <\/div>\n        <script type=\"text\/javascript\">\n\t\tdocument.addEventListener(\"DOMContentLoaded\", () => {\n\t\t\tslidercarouselmh = tns({\n\t\t\t\tcontainer: '#carouselmh.carousel-container',\n\t\t\t\titems: 1,\n\t\t\t\tgutter: 5,\n\t\t\t\tslideBy: 1,\n\t\t\t\tloop: true,\n\t\t\t\tcontrols: false,\n\t\t\t\tmouseDrag: true, \n\t\t\t\tnavPosition: 'bottom',\n\t\t\t\tswipeAngle: false,\n\t\t\t\tstartIndex: 0,\n\t\t\t\tresponsive: {\n\t\t\t\t  700: {\n\t\t\t\t\tgutter: 10,\n\t\t\t\t\titems:  2 \/* 2.2 *\/\n\t\t\t\t  },\n\t\t\t\t  1400: {\n\t\t\t\t\tgutter: 10,\n\t\t\t\t\titems:  2 \/* 3.2 *\/\n\t\t\t\t  }\t\t\t\t  \n\t\t\t\t}\t\t\t\t\n\t\t\t});\n\t\t});\n\t\t<\/script>\n\t\t<div class=\"fusion-text fusion-text-12\" style=\"--awb-content-alignment:center;--awb-margin-right:50px;--awb-margin-left:50px;--awb-margin-right-medium:30px;--awb-margin-left-medium:30px;\"><p>Die Mobilheime befinden sich etwa hundert Meter von der Rezeption und den n\u00e4chstgelegenen Campingstellpl\u00e4tzen entfernt, um mehr Ruhe und Erholung zu gew\u00e4hrleisten.<\/p>\n<\/div><\/div><\/div><\/div><\/div><div class=\"fusion-fullwidth fullwidth-box fusion-builder-row-3 fusion-flex-container has-pattern-background has-mask-background hundred-percent-fullwidth non-hundred-percent-height-scrolling\" style=\"--awb-border-radius-top-left:0px;--awb-border-radius-top-right:0px;--awb-border-radius-bottom-right:0px;--awb-border-radius-bottom-left:0px;--awb-padding-top:0px;--awb-padding-right:0px;--awb-padding-bottom:0px;--awb-padding-left:0px;--awb-margin-top:50px;--awb-margin-bottom:50px;--awb-flex-wrap:wrap;\" ><div class=\"fusion-builder-row fusion-row fusion-flex-align-items-center fusion-flex-justify-content-center fusion-flex-content-wrap\" style=\"width:104% !important;max-width:104% !important;margin-left: calc(-4% \/ 2 );margin-right: calc(-4% \/ 2 );\"><div class=\"fusion-layout-column fusion_builder_column fusion-builder-column-13 fusion_builder_column_3_5 3_5 fusion-flex-column fusion-flex-align-self-stretch fusion-column-inner-bg-wrapper bloc bloc-restaurant\" style=\"--awb-padding-bottom:0px;--awb-inner-bg-size:cover;--awb-width-large:60%;--awb-flex-grow:0;--awb-flex-shrink:0;--awb-margin-top-large:0px;--awb-spacing-right-large:3.2%;--awb-margin-bottom-large:0px;--awb-spacing-left-large:32.5px;--awb-width-medium:100%;--awb-order-medium:0;--awb-flex-grow-medium:0;--awb-flex-shrink-medium:0;--awb-spacing-right-medium:1.92%;--awb-spacing-left-medium:1.92%;--awb-width-small:100%;--awb-order-small:0;--awb-flex-grow-small:0;--awb-flex-shrink-small:0;--awb-spacing-right-small:1.92%;--awb-spacing-left-small:1.92%;\" data-scroll-devices=\"small-visibility,medium-visibility,large-visibility\"><span class=\"fusion-column-inner-bg hover-type-none\"><a class=\"fusion-column-anchor\" href=\"\/restaurant\/\"><span class=\"fusion-column-inner-bg-image\"><\/span><\/a><\/span><div class=\"fusion-column-wrapper fusion-column-has-shadow fusion-flex-justify-content-flex-start fusion-content-layout-column\"><div class=\"fusion-image-element \" style=\"text-align:left;--awb-mask-url: url(https:\/\/www.campinglesplatanesardeche.com\/wp-content\/uploads\/masque-photo-8.svg);--awb-mask-size: ;--awb-mask-position: top right;--awb-caption-title-font-family:var(--h2_typography-font-family);--awb-caption-title-font-weight:var(--h2_typography-font-weight);--awb-caption-title-font-style:var(--h2_typography-font-style);--awb-caption-title-size:var(--h2_typography-font-size);--awb-caption-title-transform:var(--h2_typography-text-transform);--awb-caption-title-line-height:var(--h2_typography-line-height);--awb-caption-title-letter-spacing:var(--h2_typography-letter-spacing);\"><span class=\" fusion-imageframe imageframe-none imageframe-19 hover-type-none has-mask\"><img decoding=\"async\" width=\"1200\" height=\"795\" alt=\"Famili\u00e4re Atmosph\u00e4re im Campingrestaurant\" title=\"Famili\u00e4re Atmosph\u00e4re im Campingrestaurant\" src=\"https:\/\/www.campinglesplatanesardeche.com\/wp-content\/uploads\/restaurant-03.jpg\" data-orig-src=\"https:\/\/www.campinglesplatanesardeche.com\/wp-content\/uploads\/restaurant-03.jpg\" class=\"lazyload img-responsive wp-image-890\" srcset=\"data:image\/svg+xml,%3Csvg%20xmlns%3D%27http%3A%2F%2Fwww.w3.org%2F2000%2Fsvg%27%20width%3D%271200%27%20height%3D%27795%27%20viewBox%3D%270%200%201200%20795%27%3E%3Crect%20width%3D%271200%27%20height%3D%27795%27%20fill-opacity%3D%220%22%2F%3E%3C%2Fsvg%3E\" data-srcset=\"https:\/\/www.campinglesplatanesardeche.com\/wp-content\/uploads\/restaurant-03-200x133.jpg 200w, https:\/\/www.campinglesplatanesardeche.com\/wp-content\/uploads\/restaurant-03-400x265.jpg 400w, https:\/\/www.campinglesplatanesardeche.com\/wp-content\/uploads\/restaurant-03-600x398.jpg 600w, https:\/\/www.campinglesplatanesardeche.com\/wp-content\/uploads\/restaurant-03-800x530.jpg 800w, https:\/\/www.campinglesplatanesardeche.com\/wp-content\/uploads\/restaurant-03.jpg 1200w\" data-sizes=\"auto\" data-orig-sizes=\"(max-width: 1024px) 100vw, (max-width: 640px) 100vw, 800px\" \/><\/span><\/div><\/div><\/div><div class=\"fusion-layout-column fusion_builder_column fusion-builder-column-14 fusion_builder_column_2_5 2_5 fusion-flex-column fusion-flex-align-self-stretch\" style=\"--awb-padding-top:10px;--awb-padding-right:100px;--awb-padding-bottom:10px;--awb-padding-left:50px;--awb-padding-right-medium:30px;--awb-padding-left-medium:30px;--awb-padding-right-small:0px;--awb-padding-left-small:0px;--awb-bg-size:cover;--awb-width-large:40%;--awb-flex-grow:0;--awb-flex-shrink:0;--awb-margin-top-large:0px;--awb-spacing-right-large:4.8%;--awb-margin-bottom-large:20px;--awb-spacing-left-large:4.8%;--awb-width-medium:100%;--awb-order-medium:0;--awb-flex-grow-medium:0;--awb-flex-shrink-medium:0;--awb-spacing-right-medium:1.92%;--awb-spacing-left-medium:1.92%;--awb-width-small:100%;--awb-order-small:0;--awb-flex-grow-small:0;--awb-flex-shrink-small:0;--awb-spacing-right-small:1.92%;--awb-spacing-left-small:1.92%;\" data-scroll-devices=\"small-visibility,medium-visibility,large-visibility\"><div class=\"fusion-column-wrapper fusion-column-has-shadow fusion-flex-justify-content-center fusion-content-layout-column\"><div class=\"fusion-title title fusion-title-14 fusion-sep-none fusion-title-center fusion-title-text fusion-title-size-two color-violet\"><h2 class=\"fusion-title-heading title-heading-center\" style=\"margin:0;\">Das <strong>Restaurant<\/strong><\/h2><\/div><div class=\"fusion-text fusion-text-13\" style=\"--awb-content-alignment:center;\"><p>Die <strong>Bar\/Restaurant<\/strong> des Campingplatzes Les Platanes l\u00e4dt Sie ein, k\u00f6stliche Fleisch- und Fischgerichte, Salate und Tagesgerichte in einer freundlichen Atmosph\u00e4re zu genie\u00dfen \u2013 nicht zu vergessen die Pizzen und Themenabende (im Juli und August).<\/p>\n<\/div><div style=\"text-align:center;\"><a class=\"fusion-button button-flat fusion-button-default-size button-default fusion-button-default button-1 fusion-button-default-span fusion-button-default-type\" style=\"--button_margin-top:30px;\" target=\"_self\" href=\"\/de\/restaurant\/\"><span class=\"fusion-button-text awb-button__text awb-button__text--default\">Mehr Infos<\/span><\/a><\/div><\/div><\/div><\/div><\/div><div class=\"fusion-fullwidth fullwidth-box fusion-builder-row-4 fusion-parallax-fixed hundred-percent-fullwidth non-hundred-percent-height-scrolling lazyload superfull content-gorges\" style=\"--awb-border-radius-top-left:0px;--awb-border-radius-top-right:0px;--awb-border-radius-bottom-right:0px;--awb-border-radius-bottom-left:0px;--awb-padding-top:0px;--awb-padding-bottom:420px;--awb-background-size:cover;--awb-flex-wrap:wrap;background-attachment:fixed;\" data-bg=\"https:\/\/www.campinglesplatanesardeche.com\/wp-content\/uploads\/les-gorges-ardeche-accueil.jpg\" ><div class=\"fusion-builder-row fusion-row\"><div class=\"fusion-layout-column fusion_builder_column fusion-builder-column-15 fusion_builder_column_1_1 1_1 fusion-one-full fusion-column-first fusion-column-last\" style=\"--awb-bg-size:cover;\"><div class=\"fusion-column-wrapper fusion-flex-column-wrapper-legacy\"><div class=\"fusion-image-element fusion-image-align-center in-legacy-container\" style=\"text-align:center;--awb-caption-title-font-family:var(--h2_typography-font-family);--awb-caption-title-font-weight:var(--h2_typography-font-weight);--awb-caption-title-font-style:var(--h2_typography-font-style);--awb-caption-title-size:var(--h2_typography-font-size);--awb-caption-title-transform:var(--h2_typography-text-transform);--awb-caption-title-line-height:var(--h2_typography-line-height);--awb-caption-title-letter-spacing:var(--h2_typography-letter-spacing);\"><div class=\"imageframe-align-center\"><span class=\" fusion-imageframe imageframe-none imageframe-20 hover-type-none lardeche\"><img decoding=\"async\" width=\"2086\" height=\"1090\" alt=\"Der Ard\u00e8che\" title=\"Der Ard\u00e8che\" src=\"https:\/\/www.campinglesplatanesardeche.com\/wp-content\/uploads\/l-ardeche-accueil.png\" data-orig-src=\"https:\/\/www.campinglesplatanesardeche.com\/wp-content\/uploads\/l-ardeche-accueil.png\" class=\"lazyload img-responsive wp-image-752\" srcset=\"data:image\/svg+xml,%3Csvg%20xmlns%3D%27http%3A%2F%2Fwww.w3.org%2F2000%2Fsvg%27%20width%3D%272086%27%20height%3D%271090%27%20viewBox%3D%270%200%202086%201090%27%3E%3Crect%20width%3D%272086%27%20height%3D%271090%27%20fill-opacity%3D%220%22%2F%3E%3C%2Fsvg%3E\" data-srcset=\"https:\/\/www.campinglesplatanesardeche.com\/wp-content\/uploads\/l-ardeche-accueil-200x105.png 200w, https:\/\/www.campinglesplatanesardeche.com\/wp-content\/uploads\/l-ardeche-accueil-400x209.png 400w, https:\/\/www.campinglesplatanesardeche.com\/wp-content\/uploads\/l-ardeche-accueil-600x314.png 600w, https:\/\/www.campinglesplatanesardeche.com\/wp-content\/uploads\/l-ardeche-accueil-800x418.png 800w, https:\/\/www.campinglesplatanesardeche.com\/wp-content\/uploads\/l-ardeche-accueil-1200x627.png 1200w, https:\/\/www.campinglesplatanesardeche.com\/wp-content\/uploads\/l-ardeche-accueil.png 2086w\" data-sizes=\"auto\" data-orig-sizes=\"(max-width: 900px) 100vw, 2086px\" \/><\/span><\/div><\/div><div class=\"txt-gorges\">\n<div>\n<div class=\"fusion-title title fusion-sep-none fusion-title-size-two fusion-border-below-title\" style=\"margin-top:0px;margin-bottom:31px;\"><h2 class=\"title-heading-left\"><strong>Schluchten<\/strong> der Ard\u00e8che<\/h2><\/div>\n<div class=\"fusion-text\"><p>Auf einer Strecke von etwa drei\u00dfig Kilometern zwischen Vallon Pont d'Arc und Saint Martin d'Ard\u00e8che k\u00f6nnen Sie die Gorges de l'Ard\u00e8che mit dem Kanu, bei einer Wanderung aber auch \u00fcber den Stra\u00dfenweg zur\u00fccklegen. Eine intakte Natur und unber\u00fchrte Landschaften werden wunderbare Erinnerungen de Ard\u00e8che zur\u00fccklassen.<\/p>\n<\/div>\n<\/div>\n<\/div><div class=\"fusion-clearfix\"><\/div><\/div><\/div><\/div><\/div><div class=\"fusion-fullwidth fullwidth-box fusion-builder-row-5 fusion-flex-container has-pattern-background has-mask-background nonhundred-percent-fullwidth non-hundred-percent-height-scrolling\" style=\"--awb-border-radius-top-left:0px;--awb-border-radius-top-right:0px;--awb-border-radius-bottom-right:0px;--awb-border-radius-bottom-left:0px;--awb-padding-top:50px;--awb-padding-bottom:50px;--awb-flex-wrap:wrap;\" ><div class=\"fusion-builder-row fusion-row fusion-flex-align-items-flex-start fusion-flex-content-wrap\" style=\"max-width:1456px;margin-left: calc(-4% \/ 2 );margin-right: calc(-4% \/ 2 );\"><div class=\"fusion-layout-column fusion_builder_column fusion-builder-column-16 fusion_builder_column_3_4 3_4 fusion-flex-column\" style=\"--awb-bg-size:cover;--awb-width-large:75%;--awb-flex-grow:0;--awb-flex-shrink:0;--awb-margin-top-large:0px;--awb-spacing-right-large:2.56%;--awb-margin-bottom-large:20px;--awb-spacing-left-large:2.56%;--awb-width-medium:100%;--awb-order-medium:0;--awb-flex-grow-medium:0;--awb-flex-shrink-medium:0;--awb-spacing-right-medium:1.92%;--awb-spacing-left-medium:1.92%;--awb-width-small:100%;--awb-order-small:0;--awb-flex-grow-small:0;--awb-flex-shrink-small:0;--awb-spacing-right-small:1.92%;--awb-spacing-left-small:1.92%;\" data-scroll-devices=\"small-visibility,medium-visibility,large-visibility\"><div class=\"fusion-column-wrapper fusion-column-has-shadow fusion-flex-justify-content-flex-start fusion-content-layout-column\"><div class=\"fusion-title title fusion-title-15 fusion-sep-none fusion-title-text fusion-title-size-two\" style=\"--awb-margin-top:30px;\"><h2 class=\"fusion-title-heading title-heading-left\" style=\"margin:0;\"><strong>Campingplatz<\/strong> Ard\u00e8che<\/h2><\/div><div class=\"fusion-text fusion-text-14\"><p>Der Campingplatz hat zwei Ordnungen f\u00fcr die Klassifizierung als 4-Sterne-Campingpl\u00e4tze:<br \/>\n&#8211; Camping Les Platanes 1 mit 4 Sternen (C07-018579-004) f\u00fcr die 134 Stellpl\u00e4tze f\u00fcr Zelte, Wohnwagen oder Wohnmobile.<br \/>\n&#8211; Camping Les Platanes 2 mit 4-Sterne-Klassifizierung (C07-041915-004) f\u00fcr die 28 Stellpl\u00e4tze, die f\u00fcr die Aufnahme unserer Mietobjekte (Mobilheime) bestimmt sind.<\/p>\n<p><strong>Campingplatz in der S\u00fcdard\u00e8che mit Pool<\/strong>, besucht unseren <a href=\"https:\/\/www.campinglesplatanesardeche.com\/de\/campingplatz\/\">Campingplatz<\/a>, entdeckt unsere Preise und Mietangebote an <a href=\"https:\/\/www.campinglesplatanesardeche.com\/de\/mobilheime\/\">Mobilheimen<\/a>.<br \/>\nKontaktiert uns f\u00fcr weitere Anliegen gerne per <a href=\"https:\/\/www.campinglesplatanesardeche.com\/de\/kontakt-anfahrt\/\">Formular<\/a> oder per Telefon unter <strong>+33 4753 95231<\/strong>.<\/p>\n<\/div><\/div><\/div><\/div><\/div><\/p>\n","protected":false},"excerpt":{"rendered":"","protected":false},"author":1,"featured_media":0,"parent":0,"menu_order":0,"comment_status":"closed","ping_status":"closed","template":"100-width.php","meta":{"footnotes":""},"class_list":["post-742","page","type-page","status-publish","hentry"],"_links":{"self":[{"href":"https:\/\/www.campinglesplatanesardeche.com\/de\/wp-json\/wp\/v2\/pages\/742","targetHints":{"allow":["GET"]}}],"collection":[{"href":"https:\/\/www.campinglesplatanesardeche.com\/de\/wp-json\/wp\/v2\/pages"}],"about":[{"href":"https:\/\/www.campinglesplatanesardeche.com\/de\/wp-json\/wp\/v2\/types\/page"}],"author":[{"embeddable":true,"href":"https:\/\/www.campinglesplatanesardeche.com\/de\/wp-json\/wp\/v2\/users\/1"}],"replies":[{"embeddable":true,"href":"https:\/\/www.campinglesplatanesardeche.com\/de\/wp-json\/wp\/v2\/comments?post=742"}],"version-history":[{"count":19,"href":"https:\/\/www.campinglesplatanesardeche.com\/de\/wp-json\/wp\/v2\/pages\/742\/revisions"}],"predecessor-version":[{"id":2767,"href":"https:\/\/www.campinglesplatanesardeche.com\/de\/wp-json\/wp\/v2\/pages\/742\/revisions\/2767"}],"wp:attachment":[{"href":"https:\/\/www.campinglesplatanesardeche.com\/de\/wp-json\/wp\/v2\/media?parent=742"}],"curies":[{"name":"wp","href":"https:\/\/api.w.org\/{rel}","templated":true}]}}